{"id":7364,"date":"2026-03-09T14:08:43","date_gmt":"2026-03-09T17:08:43","guid":{"rendered":"https:\/\/www.itirapina.sp.gov.br\/portal\/?page_id=7364"},"modified":"2026-03-10T15:42:02","modified_gmt":"2026-03-10T18:42:02","slug":"principal","status":"publish","type":"page","link":"https:\/\/www.itirapina.sp.gov.br\/portal\/","title":{"rendered":"Principal"},"content":{"rendered":"\t\t<div data-elementor-type=\"wp-page\" data-elementor-id=\"7364\" class=\"elementor elementor-7364\">\n\t\t\t\t\t\t<section class=\"elementor-section elementor-top-section elementor-element elementor-element-1da258a5 elementor-section-full_width elementor-section-height-default elementor-section-height-default wpr-particle-no wpr-jarallax-no wpr-parallax-no wpr-sticky-section-no wpr-equal-height-no\" data-id=\"1da258a5\" data-element_type=\"section\" data-e-type=\"section\">\n\t\t\t\t\t\t<div class=\"elementor-container elementor-column-gap-no\">\n\t\t\t\t\t<div class=\"elementor-column elementor-col-100 elementor-top-column elementor-element elementor-element-11a2580e\" data-id=\"11a2580e\" data-element_type=\"column\" data-e-type=\"column\" data-settings=\"{&quot;background_background&quot;:&quot;classic&quot;}\">\n\t\t\t<div class=\"elementor-widget-wrap elementor-element-populated\">\n\t\t\t\t\t\t<div class=\"elementor-element elementor-element-25044abd wpr-grid-slider-nav-position-custom elementor-widget elementor-widget-wpr-magazine-grid\" data-id=\"25044abd\" data-element_type=\"widget\" data-e-type=\"widget\" data-settings=\"{&quot;slider_autoplay&quot;:&quot;yes&quot;,&quot;slider_autoplay_duration&quot;:5,&quot;slider_loop&quot;:&quot;yes&quot;}\" data-widget_type=\"wpr-magazine-grid.default\">\n\t\t\t\t<div class=\"elementor-widget-container\">\n\t\t\t\t\t<div class=\"wpr-magazine-grid-wrap\" dir=\"ltr\" data-slick=\"{&quot;rtl&quot;:false,&quot;slidesToShow&quot;:1,&quot;infinite&quot;:true,&quot;speed&quot;:700,&quot;arrows&quot;:true,&quot;autoplay&quot;:true,&quot;autoplaySpeed&quot;:5000,&quot;pauseOnHover&quot;:&quot;yes&quot;,&quot;prevArrow&quot;:&quot;#wpr-grid-slider-prev-25044abd&quot;,&quot;nextArrow&quot;:&quot;#wpr-grid-slider-next-25044abd&quot;}\" data-slide-effect=\"slide\"><div class=\"wpr-magazine-slide\"><section class=\"wpr-magazine-grid wpr-mgzn-grid-1-1-3 wpr-mgzn-grid-rows-1\"><article class=\"wpr-mgzn-grid-item elementor-clearfix post-7493 post type-post status-publish format-standard has-post-thumbnail hentry category-comunicado\"><div class=\"wpr-grid-item-inner\"><div class=\"wpr-grid-media-wrap\" data-overlay-link=\"yes\"><div class=\"wpr-grid-image-wrap\" data-src=\"https:\/\/www.itirapina.sp.gov.br\/portal\/wp-content\/uploads\/2026\/02\/audi.png\" style=\"background-image: url(https:\/\/www.itirapina.sp.gov.br\/portal\/wp-content\/uploads\/2026\/02\/audi.png)\"><\/div><div class=\"wpr-grid-media-hover wpr-animation-wrap\"><div class=\"wpr-grid-media-hover-bg  wpr-overlay-fade-in wpr-anim-size-medium wpr-anim-timing-ease-default wpr-anim-transparency\" data-url=\"https:\/\/www.itirapina.sp.gov.br\/portal\/2026\/04\/16\/prefeitura-convida-populacao-para-audiencia-publica-da-ldo-2027\/\"><\/div><div class=\"wpr-grid-media-hover-bottom elementor-clearfix\"><span class=\"wpr-grid-item-title elementor-repeater-item-4a28db7 wpr-grid-item-display-block wpr-grid-item-align-left wpr-pointer-none wpr-pointer-line-fx wpr-pointer-fx-slide\"><div class=\"inner-block\"><a  target=\"_self\"  href=\"https:\/\/www.itirapina.sp.gov.br\/portal\/2026\/04\/16\/prefeitura-convida-populacao-para-audiencia-publica-da-ldo-2027\/\">Prefeitura convida popula\u00e7\u00e3o para Audi\u00eancia P\u00fablica da LDO 2027<\/a><\/div><\/span><\/div><div class=\"wpr-cv-container\"><div class=\"wpr-cv-outer\"><div class=\"wpr-cv-inner\"><div class=\"wpr-grid-media-hover-middle elementor-clearfix\"><div class=\"wpr-grid-item-separator elementor-repeater-item-9b046e7 wpr-grid-item-display-custom wpr-grid-item-align-left wpr-grid-sep-style-1\"><div class=\"inner-block\"><span><\/span><\/div><\/div><\/div><\/div><\/div><\/div><\/div><\/div><\/div><\/article><article class=\"wpr-mgzn-grid-item elementor-clearfix post-7419 post type-post status-publish format-standard has-post-thumbnail hentry category-social\"><div class=\"wpr-grid-item-inner\"><div class=\"wpr-grid-media-wrap\" data-overlay-link=\"yes\"><div class=\"wpr-grid-image-wrap\" data-src=\"https:\/\/www.itirapina.sp.gov.br\/portal\/wp-content\/uploads\/2026\/03\/2026-03-20-solidariedade.jpeg\" style=\"background-image: url(https:\/\/www.itirapina.sp.gov.br\/portal\/wp-content\/uploads\/2026\/03\/2026-03-20-solidariedade.jpeg)\"><\/div><div class=\"wpr-grid-media-hover wpr-animation-wrap\"><div class=\"wpr-grid-media-hover-bg  wpr-overlay-fade-in wpr-anim-size-medium wpr-anim-timing-ease-default wpr-anim-transparency\" data-url=\"https:\/\/www.itirapina.sp.gov.br\/portal\/2026\/03\/20\/itirapina-da-o-primeiro-passo-na-solidariedade-pelo-imposto-de-renda\/\"><\/div><div class=\"wpr-grid-media-hover-bottom elementor-clearfix\"><span class=\"wpr-grid-item-title elementor-repeater-item-4a28db7 wpr-grid-item-display-block wpr-grid-item-align-left wpr-pointer-none wpr-pointer-line-fx wpr-pointer-fx-slide\"><div class=\"inner-block\"><a  target=\"_self\"  href=\"https:\/\/www.itirapina.sp.gov.br\/portal\/2026\/03\/20\/itirapina-da-o-primeiro-passo-na-solidariedade-pelo-imposto-de-renda\/\">Itirapina d\u00e1 o primeiro passo na solidariedade pelo Imposto de Renda<\/a><\/div><\/span><\/div><div class=\"wpr-cv-container\"><div class=\"wpr-cv-outer\"><div class=\"wpr-cv-inner\"><div class=\"wpr-grid-media-hover-middle elementor-clearfix\"><div class=\"wpr-grid-item-separator elementor-repeater-item-9b046e7 wpr-grid-item-display-custom wpr-grid-item-align-left wpr-grid-sep-style-1\"><div class=\"inner-block\"><span><\/span><\/div><\/div><\/div><\/div><\/div><\/div><\/div><\/div><\/div><\/article><article class=\"wpr-mgzn-grid-item elementor-clearfix post-7379 post type-post status-publish format-standard has-post-thumbnail hentry category-divulgacao tag-orcamento-participativo\"><div class=\"wpr-grid-item-inner\"><div class=\"wpr-grid-media-wrap\" data-overlay-link=\"yes\"><div class=\"wpr-grid-image-wrap\" data-src=\"https:\/\/www.itirapina.sp.gov.br\/portal\/wp-content\/uploads\/2025\/12\/loa.jpg\" style=\"background-image: url(https:\/\/www.itirapina.sp.gov.br\/portal\/wp-content\/uploads\/2025\/12\/loa.jpg)\"><\/div><div class=\"wpr-grid-media-hover wpr-animation-wrap\"><div class=\"wpr-grid-media-hover-bg  wpr-overlay-fade-in wpr-anim-size-medium wpr-anim-timing-ease-default wpr-anim-transparency\" data-url=\"https:\/\/www.itirapina.sp.gov.br\/portal\/2026\/03\/10\/orcamento-participativo-2027\/\"><\/div><div class=\"wpr-grid-media-hover-bottom elementor-clearfix\"><span class=\"wpr-grid-item-title elementor-repeater-item-4a28db7 wpr-grid-item-display-block wpr-grid-item-align-left wpr-pointer-none wpr-pointer-line-fx wpr-pointer-fx-slide\"><div class=\"inner-block\"><a  target=\"_self\"  href=\"https:\/\/www.itirapina.sp.gov.br\/portal\/2026\/03\/10\/orcamento-participativo-2027\/\">Or\u00e7amento Participativo 2027: Vota\u00e7\u00e3o aberta at\u00e9 30 de mar\u00e7o. Participe!<\/a><\/div><\/span><\/div><div class=\"wpr-cv-container\"><div class=\"wpr-cv-outer\"><div class=\"wpr-cv-inner\"><div class=\"wpr-grid-media-hover-middle elementor-clearfix\"><div class=\"wpr-grid-item-separator elementor-repeater-item-9b046e7 wpr-grid-item-display-custom wpr-grid-item-align-left wpr-grid-sep-style-1\"><div class=\"inner-block\"><span><\/span><\/div><\/div><\/div><\/div><\/div><\/div><\/div><\/div><\/div><\/article><article class=\"wpr-mgzn-grid-item elementor-clearfix post-7312 post type-post status-publish format-standard has-post-thumbnail hentry category-divulgacao category-servicospublicos\"><div class=\"wpr-grid-item-inner\"><div class=\"wpr-grid-media-wrap\" data-overlay-link=\"yes\"><div class=\"wpr-grid-image-wrap\" data-src=\"https:\/\/www.itirapina.sp.gov.br\/portal\/wp-content\/uploads\/2026\/03\/2026-03-04-iluminacao.png\" style=\"background-image: url(https:\/\/www.itirapina.sp.gov.br\/portal\/wp-content\/uploads\/2026\/03\/2026-03-04-iluminacao.png)\"><\/div><div class=\"wpr-grid-media-hover wpr-animation-wrap\"><div class=\"wpr-grid-media-hover-bg  wpr-overlay-fade-in wpr-anim-size-medium wpr-anim-timing-ease-default wpr-anim-transparency\" data-url=\"https:\/\/www.itirapina.sp.gov.br\/portal\/2026\/03\/04\/canal-para-registro-de-ocorrencias-de-iluminacao-publica-esta-disponivel-no-portal\/\"><\/div><div class=\"wpr-grid-media-hover-bottom elementor-clearfix\"><span class=\"wpr-grid-item-title elementor-repeater-item-4a28db7 wpr-grid-item-display-block wpr-grid-item-align-left wpr-pointer-none wpr-pointer-line-fx wpr-pointer-fx-slide\"><div class=\"inner-block\"><a  target=\"_self\"  href=\"https:\/\/www.itirapina.sp.gov.br\/portal\/2026\/03\/04\/canal-para-registro-de-ocorrencias-de-iluminacao-publica-esta-disponivel-no-portal\/\">Canal para registro de ocorr\u00eancias de ilumina\u00e7\u00e3o p\u00fablica est\u00e1 dispon\u00edvel no portal<\/a><\/div><\/span><\/div><div class=\"wpr-cv-container\"><div class=\"wpr-cv-outer\"><div class=\"wpr-cv-inner\"><div class=\"wpr-grid-media-hover-middle elementor-clearfix\"><div class=\"wpr-grid-item-separator elementor-repeater-item-9b046e7 wpr-grid-item-display-custom wpr-grid-item-align-left wpr-grid-sep-style-1\"><div class=\"inner-block\"><span><\/span><\/div><\/div><\/div><\/div><\/div><\/div><\/div><\/div><\/div><\/article><article class=\"wpr-mgzn-grid-item elementor-clearfix post-7219 post type-post status-publish format-standard has-post-thumbnail hentry category-projetos-e-obras\"><div class=\"wpr-grid-item-inner\"><div class=\"wpr-grid-media-wrap\" data-overlay-link=\"yes\"><div class=\"wpr-grid-image-wrap\" data-src=\"https:\/\/www.itirapina.sp.gov.br\/portal\/wp-content\/uploads\/2026\/02\/2026-02-23-hab.jpeg\" style=\"background-image: url(https:\/\/www.itirapina.sp.gov.br\/portal\/wp-content\/uploads\/2026\/02\/2026-02-23-hab.jpeg)\"><\/div><div class=\"wpr-grid-media-hover wpr-animation-wrap\"><div class=\"wpr-grid-media-hover-bg  wpr-overlay-fade-in wpr-anim-size-medium wpr-anim-timing-ease-default wpr-anim-transparency\" data-url=\"https:\/\/www.itirapina.sp.gov.br\/portal\/2026\/02\/23\/prefeitura-municipal-de-itirapina-garante-45-novas-moradias-com-recursos-federais\/\"><\/div><div class=\"wpr-grid-media-hover-bottom elementor-clearfix\"><span class=\"wpr-grid-item-title elementor-repeater-item-4a28db7 wpr-grid-item-display-block wpr-grid-item-align-left wpr-pointer-none wpr-pointer-line-fx wpr-pointer-fx-slide\"><div class=\"inner-block\"><a  target=\"_self\"  href=\"https:\/\/www.itirapina.sp.gov.br\/portal\/2026\/02\/23\/prefeitura-municipal-de-itirapina-garante-45-novas-moradias-com-recursos-federais\/\">Prefeitura Municipal de Itirapina garante 45 novas moradias com recursos federais<\/a><\/div><\/span><\/div><div class=\"wpr-cv-container\"><div class=\"wpr-cv-outer\"><div class=\"wpr-cv-inner\"><div class=\"wpr-grid-media-hover-middle elementor-clearfix\"><div class=\"wpr-grid-item-separator elementor-repeater-item-9b046e7 wpr-grid-item-display-custom wpr-grid-item-align-left wpr-grid-sep-style-1\"><div class=\"inner-block\"><span><\/span><\/div><\/div><\/div><\/div><\/div><\/div><\/div><\/div><\/div><\/article><\/section><\/div><div class=\"wpr-magazine-slide\"><section class=\"wpr-magazine-grid wpr-mgzn-grid-1-1-3 wpr-mgzn-grid-rows-1\"><article class=\"wpr-mgzn-grid-item elementor-clearfix post-7214 post type-post status-publish format-standard has-post-thumbnail hentry category-administracao category-divulgacao category-eventos category-noticia\"><div class=\"wpr-grid-item-inner\"><div class=\"wpr-grid-media-wrap\" data-overlay-link=\"yes\"><div class=\"wpr-grid-image-wrap\" data-src=\"https:\/\/www.itirapina.sp.gov.br\/portal\/wp-content\/uploads\/2026\/02\/audi.png\" style=\"background-image: url(https:\/\/www.itirapina.sp.gov.br\/portal\/wp-content\/uploads\/2026\/02\/audi.png)\"><\/div><div class=\"wpr-grid-media-hover wpr-animation-wrap\"><div class=\"wpr-grid-media-hover-bg  wpr-overlay-fade-in wpr-anim-size-medium wpr-anim-timing-ease-default wpr-anim-transparency\" data-url=\"https:\/\/www.itirapina.sp.gov.br\/portal\/2026\/02\/20\/audiencia-publica\/\"><\/div><div class=\"wpr-grid-media-hover-bottom elementor-clearfix\"><span class=\"wpr-grid-item-title elementor-repeater-item-4a28db7 wpr-grid-item-display-block wpr-grid-item-align-left wpr-pointer-none wpr-pointer-line-fx wpr-pointer-fx-slide\"><div class=\"inner-block\"><a  target=\"_self\"  href=\"https:\/\/www.itirapina.sp.gov.br\/portal\/2026\/02\/20\/audiencia-publica\/\">Audi\u00eancia p\u00fablica<\/a><\/div><\/span><\/div><div class=\"wpr-cv-container\"><div class=\"wpr-cv-outer\"><div class=\"wpr-cv-inner\"><div class=\"wpr-grid-media-hover-middle elementor-clearfix\"><div class=\"wpr-grid-item-separator elementor-repeater-item-9b046e7 wpr-grid-item-display-custom wpr-grid-item-align-left wpr-grid-sep-style-1\"><div class=\"inner-block\"><span><\/span><\/div><\/div><\/div><\/div><\/div><\/div><\/div><\/div><\/div><\/article><article class=\"wpr-mgzn-grid-item elementor-clearfix post-7147 post type-post status-publish format-standard has-post-thumbnail hentry category-comunicado category-turismo\"><div class=\"wpr-grid-item-inner\"><div class=\"wpr-grid-media-wrap\" data-overlay-link=\"yes\"><div class=\"wpr-grid-image-wrap\" data-src=\"https:\/\/www.itirapina.sp.gov.br\/portal\/wp-content\/uploads\/2026\/02\/2026-02-03-broa.jpeg\" style=\"background-image: url(https:\/\/www.itirapina.sp.gov.br\/portal\/wp-content\/uploads\/2026\/02\/2026-02-03-broa.jpeg)\"><\/div><div class=\"wpr-grid-media-hover wpr-animation-wrap\"><div class=\"wpr-grid-media-hover-bg  wpr-overlay-fade-in wpr-anim-size-medium wpr-anim-timing-ease-default wpr-anim-transparency\" data-url=\"https:\/\/www.itirapina.sp.gov.br\/portal\/2026\/02\/03\/prefeitura-municipal-de-itirapina-convoca-proprietarios-inquilinos-e-dependentes-para-o-cadastramento-veicular-no-broa\/\"><\/div><div class=\"wpr-grid-media-hover-bottom elementor-clearfix\"><span class=\"wpr-grid-item-title elementor-repeater-item-4a28db7 wpr-grid-item-display-block wpr-grid-item-align-left wpr-pointer-none wpr-pointer-line-fx wpr-pointer-fx-slide\"><div class=\"inner-block\"><a  target=\"_self\"  href=\"https:\/\/www.itirapina.sp.gov.br\/portal\/2026\/02\/03\/prefeitura-municipal-de-itirapina-convoca-proprietarios-inquilinos-e-dependentes-para-o-cadastramento-veicular-no-broa\/\">Prefeitura Municipal de Itirapina convoca propriet\u00e1rios, inquilinos e dependentes para o cadastramento veicular no Broa<\/a><\/div><\/span><\/div><div class=\"wpr-cv-container\"><div class=\"wpr-cv-outer\"><div class=\"wpr-cv-inner\"><div class=\"wpr-grid-media-hover-middle elementor-clearfix\"><div class=\"wpr-grid-item-separator elementor-repeater-item-9b046e7 wpr-grid-item-display-custom wpr-grid-item-align-left wpr-grid-sep-style-1\"><div class=\"inner-block\"><span><\/span><\/div><\/div><\/div><\/div><\/div><\/div><\/div><\/div><\/div><\/article><article class=\"wpr-mgzn-grid-item elementor-clearfix post-7137 post type-post status-publish format-standard has-post-thumbnail hentry category-noticia\"><div class=\"wpr-grid-item-inner\"><div class=\"wpr-grid-media-wrap\" data-overlay-link=\"yes\"><div class=\"wpr-grid-image-wrap\" data-src=\"https:\/\/www.itirapina.sp.gov.br\/portal\/wp-content\/uploads\/2026\/01\/2026-01-26-comunicado.jpeg\" style=\"background-image: url(https:\/\/www.itirapina.sp.gov.br\/portal\/wp-content\/uploads\/2026\/01\/2026-01-26-comunicado.jpeg)\"><\/div><div class=\"wpr-grid-media-hover wpr-animation-wrap\"><div class=\"wpr-grid-media-hover-bg  wpr-overlay-fade-in wpr-anim-size-medium wpr-anim-timing-ease-default wpr-anim-transparency\" data-url=\"https:\/\/www.itirapina.sp.gov.br\/portal\/2026\/01\/26\/comunicado-urgente\/\"><\/div><div class=\"wpr-grid-media-hover-bottom elementor-clearfix\"><span class=\"wpr-grid-item-title elementor-repeater-item-4a28db7 wpr-grid-item-display-block wpr-grid-item-align-left wpr-pointer-none wpr-pointer-line-fx wpr-pointer-fx-slide\"><div class=\"inner-block\"><a  target=\"_self\"  href=\"https:\/\/www.itirapina.sp.gov.br\/portal\/2026\/01\/26\/comunicado-urgente\/\">COMUNICADO URGENTE<\/a><\/div><\/span><\/div><div class=\"wpr-cv-container\"><div class=\"wpr-cv-outer\"><div class=\"wpr-cv-inner\"><div class=\"wpr-grid-media-hover-middle elementor-clearfix\"><div class=\"wpr-grid-item-separator elementor-repeater-item-9b046e7 wpr-grid-item-display-custom wpr-grid-item-align-left wpr-grid-sep-style-1\"><div class=\"inner-block\"><span><\/span><\/div><\/div><\/div><\/div><\/div><\/div><\/div><\/div><\/div><\/article><article class=\"wpr-mgzn-grid-item elementor-clearfix post-7126 post type-post status-publish format-standard has-post-thumbnail hentry category-divulgacao\"><div class=\"wpr-grid-item-inner\"><div class=\"wpr-grid-media-wrap\" data-overlay-link=\"yes\"><div class=\"wpr-grid-image-wrap\" data-src=\"https:\/\/www.itirapina.sp.gov.br\/portal\/wp-content\/uploads\/2026\/01\/2026-01-19-cer-1.jpeg\" style=\"background-image: url(https:\/\/www.itirapina.sp.gov.br\/portal\/wp-content\/uploads\/2026\/01\/2026-01-19-cer-1.jpeg)\"><\/div><div class=\"wpr-grid-media-hover wpr-animation-wrap\"><div class=\"wpr-grid-media-hover-bg  wpr-overlay-fade-in wpr-anim-size-medium wpr-anim-timing-ease-default wpr-anim-transparency\" data-url=\"https:\/\/www.itirapina.sp.gov.br\/portal\/2026\/01\/19\/prefeitura-municipal-de-itirapina-participa-da-cerimonia-do-premio-top-destinos-turisticos-sp-2025\/\"><\/div><div class=\"wpr-grid-media-hover-bottom elementor-clearfix\"><span class=\"wpr-grid-item-title elementor-repeater-item-4a28db7 wpr-grid-item-display-block wpr-grid-item-align-left wpr-pointer-none wpr-pointer-line-fx wpr-pointer-fx-slide\"><div class=\"inner-block\"><a  target=\"_self\"  href=\"https:\/\/www.itirapina.sp.gov.br\/portal\/2026\/01\/19\/prefeitura-municipal-de-itirapina-participa-da-cerimonia-do-premio-top-destinos-turisticos-sp-2025\/\">Prefeitura Municipal de Itirapina participa da cerim\u00f4nia do Pr\u00eamio Top Destinos Tur\u00edsticos SP 2025<\/a><\/div><\/span><\/div><div class=\"wpr-cv-container\"><div class=\"wpr-cv-outer\"><div class=\"wpr-cv-inner\"><div class=\"wpr-grid-media-hover-middle elementor-clearfix\"><div class=\"wpr-grid-item-separator elementor-repeater-item-9b046e7 wpr-grid-item-display-custom wpr-grid-item-align-left wpr-grid-sep-style-1\"><div class=\"inner-block\"><span><\/span><\/div><\/div><\/div><\/div><\/div><\/div><\/div><\/div><\/div><\/article><article class=\"wpr-mgzn-grid-item elementor-clearfix post-7067 post type-post status-publish format-standard has-post-thumbnail hentry category-noticia\"><div class=\"wpr-grid-item-inner\"><div class=\"wpr-grid-media-wrap\" data-overlay-link=\"yes\"><div class=\"wpr-grid-image-wrap\" data-src=\"https:\/\/www.itirapina.sp.gov.br\/portal\/wp-content\/uploads\/2025\/12\/loa.jpg\" style=\"background-image: url(https:\/\/www.itirapina.sp.gov.br\/portal\/wp-content\/uploads\/2025\/12\/loa.jpg)\"><\/div><div class=\"wpr-grid-media-hover wpr-animation-wrap\"><div class=\"wpr-grid-media-hover-bg  wpr-overlay-fade-in wpr-anim-size-medium wpr-anim-timing-ease-default wpr-anim-transparency\" data-url=\"https:\/\/www.itirapina.sp.gov.br\/portal\/2026\/01\/01\/a-prefeitura-municipal-de-itirapina-convida-toda-a-populacao-a-participar-da-construcao-da-loa-lei-orcamentaria-anual-de-2027\/\"><\/div><div class=\"wpr-grid-media-hover-bottom elementor-clearfix\"><span class=\"wpr-grid-item-title elementor-repeater-item-4a28db7 wpr-grid-item-display-block wpr-grid-item-align-left wpr-pointer-none wpr-pointer-line-fx wpr-pointer-fx-slide\"><div class=\"inner-block\"><a  target=\"_self\"  href=\"https:\/\/www.itirapina.sp.gov.br\/portal\/2026\/01\/01\/a-prefeitura-municipal-de-itirapina-convida-toda-a-populacao-a-participar-da-construcao-da-loa-lei-orcamentaria-anual-de-2027\/\">A Prefeitura Municipal de Itirapina convida toda a popula\u00e7\u00e3o a participar da constru\u00e7\u00e3o da LOA \u2013 Lei Or\u00e7ament\u00e1ria Anual de&hellip;<\/a><\/div><\/span><\/div><div class=\"wpr-cv-container\"><div class=\"wpr-cv-outer\"><div class=\"wpr-cv-inner\"><div class=\"wpr-grid-media-hover-middle elementor-clearfix\"><div class=\"wpr-grid-item-separator elementor-repeater-item-9b046e7 wpr-grid-item-display-custom wpr-grid-item-align-left wpr-grid-sep-style-1\"><div class=\"inner-block\"><span><\/span><\/div><\/div><\/div><\/div><\/div><\/div><\/div><\/div><\/div><\/article><\/section><\/div><div class=\"wpr-magazine-slide\"><section class=\"wpr-magazine-grid wpr-mgzn-grid-1-1-3 wpr-mgzn-grid-rows-1\"><article class=\"wpr-mgzn-grid-item elementor-clearfix post-7056 post type-post status-publish format-standard has-post-thumbnail hentry category-divulgacao category-educacao\"><div class=\"wpr-grid-item-inner\"><div class=\"wpr-grid-media-wrap\" data-overlay-link=\"yes\"><div class=\"wpr-grid-image-wrap\" data-src=\"https:\/\/www.itirapina.sp.gov.br\/portal\/wp-content\/uploads\/2025\/12\/2025-12-19-educ-1.jpeg\" style=\"background-image: url(https:\/\/www.itirapina.sp.gov.br\/portal\/wp-content\/uploads\/2025\/12\/2025-12-19-educ-1.jpeg)\"><\/div><div class=\"wpr-grid-media-hover wpr-animation-wrap\"><div class=\"wpr-grid-media-hover-bg  wpr-overlay-fade-in wpr-anim-size-medium wpr-anim-timing-ease-default wpr-anim-transparency\" data-url=\"https:\/\/www.itirapina.sp.gov.br\/portal\/2025\/12\/19\/itirapina-e-destaque-em-seminario-estadual-de-boas-praticas-de-matematica\/\"><\/div><div class=\"wpr-grid-media-hover-bottom elementor-clearfix\"><span class=\"wpr-grid-item-title elementor-repeater-item-4a28db7 wpr-grid-item-display-block wpr-grid-item-align-left wpr-pointer-none wpr-pointer-line-fx wpr-pointer-fx-slide\"><div class=\"inner-block\"><a  target=\"_self\"  href=\"https:\/\/www.itirapina.sp.gov.br\/portal\/2025\/12\/19\/itirapina-e-destaque-em-seminario-estadual-de-boas-praticas-de-matematica\/\">Itirapina \u00e9 destaque em semin\u00e1rio estadual de boas pr\u00e1ticas de matem\u00e1tica<\/a><\/div><\/span><\/div><div class=\"wpr-cv-container\"><div class=\"wpr-cv-outer\"><div class=\"wpr-cv-inner\"><div class=\"wpr-grid-media-hover-middle elementor-clearfix\"><div class=\"wpr-grid-item-separator elementor-repeater-item-9b046e7 wpr-grid-item-display-custom wpr-grid-item-align-left wpr-grid-sep-style-1\"><div class=\"inner-block\"><span><\/span><\/div><\/div><\/div><\/div><\/div><\/div><\/div><\/div><\/div><\/article><article class=\"wpr-mgzn-grid-item elementor-clearfix post-7050 post type-post status-publish format-standard has-post-thumbnail hentry category-defesacivil category-divulgacao category-fiscalizacao\"><div class=\"wpr-grid-item-inner\"><div class=\"wpr-grid-media-wrap\" data-overlay-link=\"yes\"><div class=\"wpr-grid-image-wrap\" data-src=\"https:\/\/www.itirapina.sp.gov.br\/portal\/wp-content\/uploads\/2025\/12\/2025-12-19-broa.jpeg\" style=\"background-image: url(https:\/\/www.itirapina.sp.gov.br\/portal\/wp-content\/uploads\/2025\/12\/2025-12-19-broa.jpeg)\"><\/div><div class=\"wpr-grid-media-hover wpr-animation-wrap\"><div class=\"wpr-grid-media-hover-bg  wpr-overlay-fade-in wpr-anim-size-medium wpr-anim-timing-ease-default wpr-anim-transparency\" data-url=\"https:\/\/www.itirapina.sp.gov.br\/portal\/2025\/12\/19\/acoes-integradas-no-balneario-santo-antonio-no-fim-de-ano\/\"><\/div><div class=\"wpr-grid-media-hover-bottom elementor-clearfix\"><span class=\"wpr-grid-item-title elementor-repeater-item-4a28db7 wpr-grid-item-display-block wpr-grid-item-align-left wpr-pointer-none wpr-pointer-line-fx wpr-pointer-fx-slide\"><div class=\"inner-block\"><a  target=\"_self\"  href=\"https:\/\/www.itirapina.sp.gov.br\/portal\/2025\/12\/19\/acoes-integradas-no-balneario-santo-antonio-no-fim-de-ano\/\">A\u00e7\u00f5es integradas no Balne\u00e1rio Santo Ant\u00f4nio no fim de ano<\/a><\/div><\/span><\/div><div class=\"wpr-cv-container\"><div class=\"wpr-cv-outer\"><div class=\"wpr-cv-inner\"><div class=\"wpr-grid-media-hover-middle elementor-clearfix\"><div class=\"wpr-grid-item-separator elementor-repeater-item-9b046e7 wpr-grid-item-display-custom wpr-grid-item-align-left wpr-grid-sep-style-1\"><div class=\"inner-block\"><span><\/span><\/div><\/div><\/div><\/div><\/div><\/div><\/div><\/div><\/div><\/article><article class=\"wpr-mgzn-grid-item elementor-clearfix post-7049 post type-post status-publish format-standard has-post-thumbnail hentry category-divulgacao\"><div class=\"wpr-grid-item-inner\"><div class=\"wpr-grid-media-wrap\" data-overlay-link=\"yes\"><div class=\"wpr-grid-image-wrap\" data-src=\"https:\/\/www.itirapina.sp.gov.br\/portal\/wp-content\/uploads\/2025\/12\/2025-12-19-agro-1.jpeg\" style=\"background-image: url(https:\/\/www.itirapina.sp.gov.br\/portal\/wp-content\/uploads\/2025\/12\/2025-12-19-agro-1.jpeg)\"><\/div><div class=\"wpr-grid-media-hover wpr-animation-wrap\"><div class=\"wpr-grid-media-hover-bg  wpr-overlay-fade-in wpr-anim-size-medium wpr-anim-timing-ease-default wpr-anim-transparency\" data-url=\"https:\/\/www.itirapina.sp.gov.br\/portal\/2025\/12\/19\/itirapina-conquista-certificacao-no-programa-municipio-agro\/\"><\/div><div class=\"wpr-grid-media-hover-bottom elementor-clearfix\"><span class=\"wpr-grid-item-title elementor-repeater-item-4a28db7 wpr-grid-item-display-block wpr-grid-item-align-left wpr-pointer-none wpr-pointer-line-fx wpr-pointer-fx-slide\"><div class=\"inner-block\"><a  target=\"_self\"  href=\"https:\/\/www.itirapina.sp.gov.br\/portal\/2025\/12\/19\/itirapina-conquista-certificacao-no-programa-municipio-agro\/\">Itirapina conquista certifica\u00e7\u00e3o no Programa Munic\u00edpio Agro<\/a><\/div><\/span><\/div><div class=\"wpr-cv-container\"><div class=\"wpr-cv-outer\"><div class=\"wpr-cv-inner\"><div class=\"wpr-grid-media-hover-middle elementor-clearfix\"><div class=\"wpr-grid-item-separator elementor-repeater-item-9b046e7 wpr-grid-item-display-custom wpr-grid-item-align-left wpr-grid-sep-style-1\"><div class=\"inner-block\"><span><\/span><\/div><\/div><\/div><\/div><\/div><\/div><\/div><\/div><\/div><\/article><article class=\"wpr-mgzn-grid-item elementor-clearfix post-7041 post type-post status-publish format-standard has-post-thumbnail hentry category-divulgacao\"><div class=\"wpr-grid-item-inner\"><div class=\"wpr-grid-media-wrap\" data-overlay-link=\"yes\"><div class=\"wpr-grid-image-wrap\" data-src=\"https:\/\/www.itirapina.sp.gov.br\/portal\/wp-content\/uploads\/2025\/12\/2025-12-18-ceps.jpg\" style=\"background-image: url(https:\/\/www.itirapina.sp.gov.br\/portal\/wp-content\/uploads\/2025\/12\/2025-12-18-ceps.jpg)\"><\/div><div class=\"wpr-grid-media-hover wpr-animation-wrap\"><div class=\"wpr-grid-media-hover-bg  wpr-overlay-fade-in wpr-anim-size-medium wpr-anim-timing-ease-default wpr-anim-transparency\" data-url=\"https:\/\/www.itirapina.sp.gov.br\/portal\/2025\/12\/18\/enderecos-e-ceps-de-itirapina-agora-disponiveis-no-portal\/\"><\/div><div class=\"wpr-grid-media-hover-bottom elementor-clearfix\"><span class=\"wpr-grid-item-title elementor-repeater-item-4a28db7 wpr-grid-item-display-block wpr-grid-item-align-left wpr-pointer-none wpr-pointer-line-fx wpr-pointer-fx-slide\"><div class=\"inner-block\"><a  target=\"_self\"  href=\"https:\/\/www.itirapina.sp.gov.br\/portal\/2025\/12\/18\/enderecos-e-ceps-de-itirapina-agora-disponiveis-no-portal\/\">Endere\u00e7os e CEPs de Itirapina agora dispon\u00edveis no portal<\/a><\/div><\/span><\/div><div class=\"wpr-cv-container\"><div class=\"wpr-cv-outer\"><div class=\"wpr-cv-inner\"><div class=\"wpr-grid-media-hover-middle elementor-clearfix\"><div class=\"wpr-grid-item-separator elementor-repeater-item-9b046e7 wpr-grid-item-display-custom wpr-grid-item-align-left wpr-grid-sep-style-1\"><div class=\"inner-block\"><span><\/span><\/div><\/div><\/div><\/div><\/div><\/div><\/div><\/div><\/div><\/article><article class=\"wpr-mgzn-grid-item elementor-clearfix post-7014 post type-post status-publish format-standard has-post-thumbnail hentry category-divulgacao tag-controladoria tag-gabinete\"><div class=\"wpr-grid-item-inner\"><div class=\"wpr-grid-media-wrap\" data-overlay-link=\"yes\"><div class=\"wpr-grid-image-wrap\" data-src=\"https:\/\/www.itirapina.sp.gov.br\/portal\/wp-content\/uploads\/2025\/12\/coneci-sp.jpeg\" style=\"background-image: url(https:\/\/www.itirapina.sp.gov.br\/portal\/wp-content\/uploads\/2025\/12\/coneci-sp.jpeg)\"><\/div><div class=\"wpr-grid-media-hover wpr-animation-wrap\"><div class=\"wpr-grid-media-hover-bg  wpr-overlay-fade-in wpr-anim-size-medium wpr-anim-timing-ease-default wpr-anim-transparency\" data-url=\"https:\/\/www.itirapina.sp.gov.br\/portal\/2025\/12\/11\/itirapina-participa-do-lancamento-do-coneci-sp-em-sao-paulo\/\"><\/div><div class=\"wpr-grid-media-hover-bottom elementor-clearfix\"><span class=\"wpr-grid-item-title elementor-repeater-item-4a28db7 wpr-grid-item-display-block wpr-grid-item-align-left wpr-pointer-none wpr-pointer-line-fx wpr-pointer-fx-slide\"><div class=\"inner-block\"><a  target=\"_self\"  href=\"https:\/\/www.itirapina.sp.gov.br\/portal\/2025\/12\/11\/itirapina-participa-do-lancamento-do-coneci-sp-em-sao-paulo\/\">ITIRAPINA PARTICIPA DO LAN\u00c7AMENTO DO CONECI-SP EM S\u00c3O PAULO<\/a><\/div><\/span><\/div><div class=\"wpr-cv-container\"><div class=\"wpr-cv-outer\"><div class=\"wpr-cv-inner\"><div class=\"wpr-grid-media-hover-middle elementor-clearfix\"><div class=\"wpr-grid-item-separator elementor-repeater-item-9b046e7 wpr-grid-item-display-custom wpr-grid-item-align-left wpr-grid-sep-style-1\"><div class=\"inner-block\"><span><\/span><\/div><\/div><\/div><\/div><\/div><\/div><\/div><\/div><\/div><\/article><\/section><\/div><\/div><div class=\"wpr-grid-slider-arrow-container\"><div class=\"wpr-grid-slider-prev-arrow wpr-grid-slider-arrow\" id=\"wpr-grid-slider-prev-25044abd\"><svg version=\"1.1\" xmlns=\"http:\/\/www.w3.org\/2000\/svg\" xmlns:xlink=\"http:\/\/www.w3.org\/1999\/xlink\" x=\"0px\" y=\"0px\" viewBox=\"0 0 283.4 512\" style=\"enable-background:new 0 0 283.4 512;\" xml:space=\"preserve\"><g><polygon class=\"st0\" points=\"54.5,256.3 283.4,485.1 256.1,512.5 0,256.3 0,256.3 27.2,229 256.1,0 283.4,27.4 \"\/><\/g><\/svg><\/div><div class=\"wpr-grid-slider-next-arrow wpr-grid-slider-arrow\" id=\"wpr-grid-slider-next-25044abd\"><svg version=\"1.1\" xmlns=\"http:\/\/www.w3.org\/2000\/svg\" xmlns:xlink=\"http:\/\/www.w3.org\/1999\/xlink\" x=\"0px\" y=\"0px\" viewBox=\"0 0 283.4 512\" style=\"enable-background:new 0 0 283.4 512;\" xml:space=\"preserve\"><g><polygon class=\"st0\" points=\"54.5,256.3 283.4,485.1 256.1,512.5 0,256.3 0,256.3 27.2,229 256.1,0 283.4,27.4 \"\/><\/g><\/svg><\/div><\/div>\t\t\t\t<\/div>\n\t\t\t\t<\/div>\n\t\t\t\t<div class=\"elementor-element elementor-element-4df8846c elementor-widget elementor-widget-heading\" data-id=\"4df8846c\" data-element_type=\"widget\" data-e-type=\"widget\" data-widget_type=\"heading.default\">\n\t\t\t\t<div class=\"elementor-widget-container\">\n\t\t\t\t\t<h2 class=\"elementor-heading-title elementor-size-default\">ACESSO R\u00c1PIDO:<\/h2>\t\t\t\t<\/div>\n\t\t\t\t<\/div>\n\t\t\t\t<section class=\"elementor-section elementor-inner-section elementor-element elementor-element-21a388d4 elementor-section-boxed elementor-section-height-default elementor-section-height-default wpr-particle-no wpr-jarallax-no wpr-parallax-no wpr-sticky-section-no wpr-equal-height-no\" data-id=\"21a388d4\" data-element_type=\"section\" data-e-type=\"section\">\n\t\t\t\t\t\t<div class=\"elementor-container elementor-column-gap-default\">\n\t\t\t\t\t<div class=\"elementor-column elementor-col-14 elementor-inner-column elementor-element elementor-element-64dcb88e\" data-id=\"64dcb88e\" data-element_type=\"column\" data-e-type=\"column\">\n\t\t\t<div class=\"elementor-widget-wrap elementor-element-populated\">\n\t\t\t\t\t\t<div class=\"elementor-element elementor-element-41e4375c elementor-widget elementor-widget-image\" data-id=\"41e4375c\" data-element_type=\"widget\" data-e-type=\"widget\" data-widget_type=\"image.default\">\n\t\t\t\t<div class=\"elementor-widget-container\">\n\t\t\t\t\t\t\t\t\t\t\t\t\t\t\t\t<a href=\"https:\/\/novoportal.conam.com.br\/rhitirapina\/login.php\" target=\"_blank\">\n\t\t\t\t\t\t\t<img decoding=\"async\" width=\"150\" height=\"150\" src=\"https:\/\/www.itirapina.sp.gov.br\/portal\/wp-content\/uploads\/2024\/09\/btn-holerite-150x150.png\" class=\"attachment-thumbnail size-thumbnail wp-image-4000\" alt=\"Holerite\" srcset=\"https:\/\/www.itirapina.sp.gov.br\/portal\/wp-content\/uploads\/2024\/09\/btn-holerite-150x150.png 150w, https:\/\/www.itirapina.sp.gov.br\/portal\/wp-content\/uploads\/2024\/09\/btn-holerite.png 193w\" sizes=\"(max-width: 150px) 100vw, 150px\" \/>\t\t\t\t\t\t\t\t<\/a>\n\t\t\t\t\t\t\t\t\t\t\t\t\t\t\t<\/div>\n\t\t\t\t<\/div>\n\t\t\t\t<div class=\"elementor-element elementor-element-7855e91a elementor-widget elementor-widget-heading\" data-id=\"7855e91a\" data-element_type=\"widget\" data-e-type=\"widget\" data-widget_type=\"heading.default\">\n\t\t\t\t<div class=\"elementor-widget-container\">\n\t\t\t\t\t<h3 class=\"elementor-heading-title elementor-size-default\"><a href=\"https:\/\/novoportal.conam.com.br\/rhitirapina\/login.php\" target=\"_blank\">Acesse o Holerite<\/a><\/h3>\t\t\t\t<\/div>\n\t\t\t\t<\/div>\n\t\t\t\t\t<\/div>\n\t\t<\/div>\n\t\t\t\t<div class=\"elementor-column elementor-col-14 elementor-inner-column elementor-element elementor-element-15fd1922\" data-id=\"15fd1922\" data-element_type=\"column\" data-e-type=\"column\">\n\t\t\t<div class=\"elementor-widget-wrap elementor-element-populated\">\n\t\t\t\t\t\t<div class=\"elementor-element elementor-element-751be6e8 elementor-widget elementor-widget-image\" data-id=\"751be6e8\" data-element_type=\"widget\" data-e-type=\"widget\" data-widget_type=\"image.default\">\n\t\t\t\t<div class=\"elementor-widget-container\">\n\t\t\t\t\t\t\t\t\t\t\t\t\t\t\t\t<a href=\"https:\/\/www.itirapina.sp.gov.br\/portal\/documentos\/06-2023-inexigibilidade\/\" target=\"_blank\">\n\t\t\t\t\t\t\t<img decoding=\"async\" width=\"150\" height=\"150\" src=\"https:\/\/www.itirapina.sp.gov.br\/portal\/wp-content\/uploads\/2024\/05\/btn-hands-c-150x150.png\" class=\"attachment-thumbnail size-thumbnail wp-image-3639\" alt=\"Seja Oficineiro MEI!\" srcset=\"https:\/\/www.itirapina.sp.gov.br\/portal\/wp-content\/uploads\/2024\/05\/btn-hands-c-150x150.png 150w, https:\/\/www.itirapina.sp.gov.br\/portal\/wp-content\/uploads\/2024\/05\/btn-hands-c.png 210w\" sizes=\"(max-width: 150px) 100vw, 150px\" \/>\t\t\t\t\t\t\t\t<\/a>\n\t\t\t\t\t\t\t\t\t\t\t\t\t\t\t<\/div>\n\t\t\t\t<\/div>\n\t\t\t\t<div class=\"elementor-element elementor-element-66fdb20e elementor-widget elementor-widget-heading\" data-id=\"66fdb20e\" data-element_type=\"widget\" data-e-type=\"widget\" data-widget_type=\"heading.default\">\n\t\t\t\t<div class=\"elementor-widget-container\">\n\t\t\t\t\t<h3 class=\"elementor-heading-title elementor-size-default\"><a href=\"https:\/\/www.itirapina.sp.gov.br\/portal\/documentos\/06-2023-inexigibilidade\/\" target=\"_blank\">Seja Oficineiro MEI<br>Saiba Mais!<\/a><\/h3>\t\t\t\t<\/div>\n\t\t\t\t<\/div>\n\t\t\t\t\t<\/div>\n\t\t<\/div>\n\t\t\t\t<div class=\"elementor-column elementor-col-14 elementor-inner-column elementor-element elementor-element-4533c1c8\" data-id=\"4533c1c8\" data-element_type=\"column\" data-e-type=\"column\">\n\t\t\t<div class=\"elementor-widget-wrap elementor-element-populated\">\n\t\t\t\t\t\t<div class=\"elementor-element elementor-element-362c8552 elementor-widget elementor-widget-image\" data-id=\"362c8552\" data-element_type=\"widget\" data-e-type=\"widget\" data-widget_type=\"image.default\">\n\t\t\t\t<div class=\"elementor-widget-container\">\n\t\t\t\t\t\t\t\t\t\t\t\t\t\t\t\t<a href=\"https:\/\/www.itirapina.sp.gov.br\/portal\/documentos\/chp001-cultura-2024-chamamento-publico\/\" target=\"_blank\">\n\t\t\t\t\t\t\t<img fetchpriority=\"high\" decoding=\"async\" width=\"471\" height=\"313\" src=\"https:\/\/www.itirapina.sp.gov.br\/portal\/wp-content\/uploads\/2024\/07\/btn-pnab.png\" class=\"attachment-full size-full wp-image-3860\" alt=\"PNAB - Pol\u00edtica Nacional Aldir Blanc\" srcset=\"https:\/\/www.itirapina.sp.gov.br\/portal\/wp-content\/uploads\/2024\/07\/btn-pnab.png 471w, https:\/\/www.itirapina.sp.gov.br\/portal\/wp-content\/uploads\/2024\/07\/btn-pnab-300x199.png 300w\" sizes=\"(max-width: 471px) 100vw, 471px\" \/>\t\t\t\t\t\t\t\t<\/a>\n\t\t\t\t\t\t\t\t\t\t\t\t\t\t\t<\/div>\n\t\t\t\t<\/div>\n\t\t\t\t<div class=\"elementor-element elementor-element-301cc36 elementor-widget elementor-widget-heading\" data-id=\"301cc36\" data-element_type=\"widget\" data-e-type=\"widget\" data-widget_type=\"heading.default\">\n\t\t\t\t<div class=\"elementor-widget-container\">\n\t\t\t\t\t<h3 class=\"elementor-heading-title elementor-size-default\"><a href=\"https:\/\/www.itirapina.sp.gov.br\/portal\/documentos\/chp001-cultura-2024-chamamento-publico\/\" target=\"_blank\">PNAB - Aldir Blank<br>Se inscreva aqui!<\/a><\/h3>\t\t\t\t<\/div>\n\t\t\t\t<\/div>\n\t\t\t\t\t<\/div>\n\t\t<\/div>\n\t\t\t\t<div class=\"elementor-column elementor-col-14 elementor-inner-column elementor-element elementor-element-636f3157\" data-id=\"636f3157\" data-element_type=\"column\" data-e-type=\"column\">\n\t\t\t<div class=\"elementor-widget-wrap elementor-element-populated\">\n\t\t\t\t\t\t<div class=\"elementor-element elementor-element-78595ec2 elementor-widget elementor-widget-image\" data-id=\"78595ec2\" data-element_type=\"widget\" data-e-type=\"widget\" data-widget_type=\"image.default\">\n\t\t\t\t<div class=\"elementor-widget-container\">\n\t\t\t\t\t\t\t\t\t\t\t\t\t\t\t\t<a href=\"https:\/\/portal.cidadao.conam.com.br\/itirapina\/conta_agua.php\" target=\"_blank\">\n\t\t\t\t\t\t\t<img loading=\"lazy\" decoding=\"async\" width=\"150\" height=\"150\" src=\"https:\/\/www.itirapina.sp.gov.br\/portal\/wp-content\/uploads\/2024\/05\/btn-dae-c-150x150.png\" class=\"attachment-thumbnail size-thumbnail wp-image-3637\" alt=\"Clique e acesse a p\u00e1gina do DAE\" srcset=\"https:\/\/www.itirapina.sp.gov.br\/portal\/wp-content\/uploads\/2024\/05\/btn-dae-c-150x150.png 150w, https:\/\/www.itirapina.sp.gov.br\/portal\/wp-content\/uploads\/2024\/05\/btn-dae-c.png 210w\" sizes=\"(max-width: 150px) 100vw, 150px\" \/>\t\t\t\t\t\t\t\t<\/a>\n\t\t\t\t\t\t\t\t\t\t\t\t\t\t\t<\/div>\n\t\t\t\t<\/div>\n\t\t\t\t<div class=\"elementor-element elementor-element-5174119a elementor-widget elementor-widget-heading\" data-id=\"5174119a\" data-element_type=\"widget\" data-e-type=\"widget\" data-widget_type=\"heading.default\">\n\t\t\t\t<div class=\"elementor-widget-container\">\n\t\t\t\t\t<h3 class=\"elementor-heading-title elementor-size-default\"><a href=\"https:\/\/portal.cidadao.conam.com.br\/itirapina\/conta_agua.php\" target=\"_blank\">Divis\u00e3o de \u00e1gua e esgoto - Segunda via da \u00e1gua<\/a><\/h3>\t\t\t\t<\/div>\n\t\t\t\t<\/div>\n\t\t\t\t\t<\/div>\n\t\t<\/div>\n\t\t\t\t<div class=\"elementor-column elementor-col-14 elementor-inner-column elementor-element elementor-element-6b91e57e\" data-id=\"6b91e57e\" data-element_type=\"column\" data-e-type=\"column\">\n\t\t\t<div class=\"elementor-widget-wrap elementor-element-populated\">\n\t\t\t\t\t\t<div class=\"elementor-element elementor-element-5cf095d0 elementor-widget elementor-widget-image\" data-id=\"5cf095d0\" data-element_type=\"widget\" data-e-type=\"widget\" data-widget_type=\"image.default\">\n\t\t\t\t<div class=\"elementor-widget-container\">\n\t\t\t\t\t\t\t\t\t\t\t\t\t\t\t\t<a href=\"https:\/\/leideacesso.etransparencia.com.br\/esic\/wp_login.aspx?3523602,1\" target=\"_blank\">\n\t\t\t\t\t\t\t<img loading=\"lazy\" decoding=\"async\" width=\"150\" height=\"150\" src=\"https:\/\/www.itirapina.sp.gov.br\/portal\/wp-content\/uploads\/2024\/05\/btn-info-c-150x150.png\" class=\"attachment-thumbnail size-thumbnail wp-image-3638\" alt=\"Acessar o E-SIC\" srcset=\"https:\/\/www.itirapina.sp.gov.br\/portal\/wp-content\/uploads\/2024\/05\/btn-info-c-150x150.png 150w, https:\/\/www.itirapina.sp.gov.br\/portal\/wp-content\/uploads\/2024\/05\/btn-info-c.png 210w\" sizes=\"(max-width: 150px) 100vw, 150px\" \/>\t\t\t\t\t\t\t\t<\/a>\n\t\t\t\t\t\t\t\t\t\t\t\t\t\t\t<\/div>\n\t\t\t\t<\/div>\n\t\t\t\t<div class=\"elementor-element elementor-element-616f7ba5 elementor-widget elementor-widget-heading\" data-id=\"616f7ba5\" data-element_type=\"widget\" data-e-type=\"widget\" data-widget_type=\"heading.default\">\n\t\t\t\t<div class=\"elementor-widget-container\">\n\t\t\t\t\t<h3 class=\"elementor-heading-title elementor-size-default\"><a href=\"https:\/\/leideacesso.etransparencia.com.br\/esic\/wp_login.aspx?3523602,1\" target=\"_blank\">E-SIC - Servi\u00e7o de Informa\u00e7\u00e3o ao Usu\u00e1rio\n<\/a><\/h3>\t\t\t\t<\/div>\n\t\t\t\t<\/div>\n\t\t\t\t\t<\/div>\n\t\t<\/div>\n\t\t\t\t<div class=\"elementor-column elementor-col-14 elementor-inner-column elementor-element elementor-element-1e46e0a5\" data-id=\"1e46e0a5\" data-element_type=\"column\" data-e-type=\"column\">\n\t\t\t<div class=\"elementor-widget-wrap elementor-element-populated\">\n\t\t\t\t\t\t<div class=\"elementor-element elementor-element-734eeba1 elementor-widget elementor-widget-image\" data-id=\"734eeba1\" data-element_type=\"widget\" data-e-type=\"widget\" data-widget_type=\"image.default\">\n\t\t\t\t<div class=\"elementor-widget-container\">\n\t\t\t\t\t\t\t\t\t\t\t\t\t\t\t\t<a href=\"https:\/\/www.itirapina.sp.gov.br\/portal\/turismo\/\" target=\"_blank\">\n\t\t\t\t\t\t\t<img loading=\"lazy\" decoding=\"async\" width=\"728\" height=\"418\" src=\"https:\/\/www.itirapina.sp.gov.br\/portal\/wp-content\/uploads\/2024\/04\/logo-turismo.png\" class=\"attachment-full size-full wp-image-3053\" alt=\"Itirapina Turismo\" srcset=\"https:\/\/www.itirapina.sp.gov.br\/portal\/wp-content\/uploads\/2024\/04\/logo-turismo.png 728w, https:\/\/www.itirapina.sp.gov.br\/portal\/wp-content\/uploads\/2024\/04\/logo-turismo-300x172.png 300w\" sizes=\"(max-width: 728px) 100vw, 728px\" \/>\t\t\t\t\t\t\t\t<\/a>\n\t\t\t\t\t\t\t\t\t\t\t\t\t\t\t<\/div>\n\t\t\t\t<\/div>\n\t\t\t\t<div class=\"elementor-element elementor-element-729e96e3 elementor-widget elementor-widget-heading\" data-id=\"729e96e3\" data-element_type=\"widget\" data-e-type=\"widget\" data-widget_type=\"heading.default\">\n\t\t\t\t<div class=\"elementor-widget-container\">\n\t\t\t\t\t<h3 class=\"elementor-heading-title elementor-size-default\"><a href=\"https:\/\/www.itirapina.sp.gov.br\/portal\/turismo\/\" target=\"_blank\">Portal Tur\u00edstico<\/a><\/h3>\t\t\t\t<\/div>\n\t\t\t\t<\/div>\n\t\t\t\t\t<\/div>\n\t\t<\/div>\n\t\t\t\t<div class=\"elementor-column elementor-col-14 elementor-inner-column elementor-element elementor-element-24a20d8d\" data-id=\"24a20d8d\" data-element_type=\"column\" data-e-type=\"column\">\n\t\t\t<div class=\"elementor-widget-wrap elementor-element-populated\">\n\t\t\t\t\t\t<div class=\"elementor-element elementor-element-7ae131a3 elementor-widget elementor-widget-image\" data-id=\"7ae131a3\" data-element_type=\"widget\" data-e-type=\"widget\" data-widget_type=\"image.default\">\n\t\t\t\t<div class=\"elementor-widget-container\">\n\t\t\t\t\t\t\t\t\t\t\t\t\t\t\t\t<a href=\"https:\/\/itirapina.digital.esp.br\/\" target=\"_blank\">\n\t\t\t\t\t\t\t<img loading=\"lazy\" decoding=\"async\" width=\"248\" height=\"248\" src=\"https:\/\/www.itirapina.sp.gov.br\/portal\/wp-content\/uploads\/2026\/03\/esportes_icon_248x248.png\" class=\"attachment-full size-full wp-image-7334\" alt=\"Secretaria de Esportes\" srcset=\"https:\/\/www.itirapina.sp.gov.br\/portal\/wp-content\/uploads\/2026\/03\/esportes_icon_248x248.png 248w, https:\/\/www.itirapina.sp.gov.br\/portal\/wp-content\/uploads\/2026\/03\/esportes_icon_248x248-150x150.png 150w\" sizes=\"(max-width: 248px) 100vw, 248px\" \/>\t\t\t\t\t\t\t\t<\/a>\n\t\t\t\t\t\t\t\t\t\t\t\t\t\t\t<\/div>\n\t\t\t\t<\/div>\n\t\t\t\t<div class=\"elementor-element elementor-element-5bf13102 elementor-widget elementor-widget-heading\" data-id=\"5bf13102\" data-element_type=\"widget\" data-e-type=\"widget\" data-widget_type=\"heading.default\">\n\t\t\t\t<div class=\"elementor-widget-container\">\n\t\t\t\t\t<h3 class=\"elementor-heading-title elementor-size-default\"><a href=\"https:\/\/itirapina.digital.esp.br\/\" target=\"_blank\">Secretaria de Esportes<\/a><\/h3>\t\t\t\t<\/div>\n\t\t\t\t<\/div>\n\t\t\t\t\t<\/div>\n\t\t<\/div>\n\t\t\t\t\t<\/div>\n\t\t<\/section>\n\t\t\t\t\t<\/div>\n\t\t<\/div>\n\t\t\t\t\t<\/div>\n\t\t<\/section>\n\t\t\t\t<section class=\"elementor-section elementor-top-section elementor-element elementor-element-50707377 elementor-section-full_width elementor-section-height-default elementor-section-height-default wpr-particle-no wpr-jarallax-no wpr-parallax-no wpr-sticky-section-no wpr-equal-height-no\" data-id=\"50707377\" data-element_type=\"section\" data-e-type=\"section\">\n\t\t\t\t\t\t<div class=\"elementor-container elementor-column-gap-default\">\n\t\t\t\t\t<div class=\"elementor-column elementor-col-100 elementor-top-column elementor-element elementor-element-51485f8\" data-id=\"51485f8\" data-element_type=\"column\" data-e-type=\"column\" data-settings=\"{&quot;background_background&quot;:&quot;classic&quot;}\">\n\t\t\t<div class=\"elementor-widget-wrap elementor-element-populated\">\n\t\t\t\t\t<div class=\"elementor-background-overlay\"><\/div>\n\t\t\t\t\t\t<div class=\"elementor-element elementor-element-1348d80b elementor-widget elementor-widget-heading\" data-id=\"1348d80b\" data-element_type=\"widget\" data-e-type=\"widget\" data-widget_type=\"heading.default\">\n\t\t\t\t<div class=\"elementor-widget-container\">\n\t\t\t\t\t<h2 class=\"elementor-heading-title elementor-size-default\">PUBLICA\u00c7\u00d5ES<\/h2>\t\t\t\t<\/div>\n\t\t\t\t<\/div>\n\t\t\t\t<section class=\"elementor-section elementor-inner-section elementor-element elementor-element-7186828a elementor-section-boxed elementor-section-height-default elementor-section-height-default wpr-particle-no wpr-jarallax-no wpr-parallax-no wpr-sticky-section-no wpr-equal-height-no\" data-id=\"7186828a\" data-element_type=\"section\" data-e-type=\"section\">\n\t\t\t\t\t\t<div class=\"elementor-container elementor-column-gap-default\">\n\t\t\t\t\t<div class=\"elementor-column elementor-col-50 elementor-inner-column elementor-element elementor-element-683837c\" data-id=\"683837c\" data-element_type=\"column\" data-e-type=\"column\">\n\t\t\t<div class=\"elementor-widget-wrap elementor-element-populated\">\n\t\t\t\t\t\t<div class=\"elementor-element elementor-element-1267afa7 elementor-widget elementor-widget-lsvr_document_list_widget\" data-id=\"1267afa7\" data-element_type=\"widget\" data-e-type=\"widget\" data-widget_type=\"lsvr_document_list_widget.default\">\n\t\t\t\t<div class=\"elementor-widget-container\">\n\t\t\t\t\t\n            <div class=\"widget shortcode-widget lsvr_document-list-widget lsvr_document-list-widget--shortcode\"><div class=\"widget__inner\"><h3 class=\"widget__title\">Licita\u00e7\u00e3o:<\/h3>\n<div class=\"widget__content\">\n\n\t\n\t\t<ul class=\"lsvr_document-list-widget__list\">\n\n    \t\t\n    \t\t\t<li class=\"lsvr_document-list-widget__item\">\n\n        \t\t\t<h4 class=\"lsvr_document-list-widget__item-title\">\n        \t\t\t\t<a href=\"https:\/\/www.itirapina.sp.gov.br\/portal\/documentos\/pe007-2026-pregao-eletronico-servicos-de-controle-sanitario\/\" class=\"lsvr_document-list-widget__item-title-link\">\n        \t\t\t\t\tPE007-2026 \u2013 Preg\u00e3o Eletr\u00f4nico \u2013\u00a0Servi\u00e7os de controle sanit\u00e1rio        \t\t\t\t<\/a>\n        \t\t\t<\/h4>\n\n        \t\t\t\n        \t\t\t\t<div class=\"lsvr_document-list-widget__item-info\">\n\n\t\t\t\t\t\t\t\n\t\t\t\t\t\t\t\t<p class=\"lsvr_document-list-widget__item-date\">\n\t\t\t\t\t\t\t\t\t30 de abril de 2026\t\t\t\t\t\t\t\t<\/p>\n\n\t\t\t\t\t\t\t\n\t\t\t\t\t\t\t\n\t\t\t\t\t\t\t\t<p class=\"lsvr_document-list-widget__item-count\">\n\t\t\t\t\t\t\t\t\t3 anexos\t\t\t\t\t\t\t\t<\/p>\n\n\t\t\t\t\t\t\t\n        \t\t\t\t<\/div>\n\n        \t\t\t\n    \t\t\t<\/li>\n\n    \t\t\n    \t\t\t<li class=\"lsvr_document-list-widget__item\">\n\n        \t\t\t<h4 class=\"lsvr_document-list-widget__item-title\">\n        \t\t\t\t<a href=\"https:\/\/www.itirapina.sp.gov.br\/portal\/documentos\/editais-de-credenciamento-2026\/\" class=\"lsvr_document-list-widget__item-title-link\">\n        \t\t\t\t\tCRED001-2026 &#8211; Credenciamento &#8211; Institui\u00e7\u00f5es Financeiras        \t\t\t\t<\/a>\n        \t\t\t<\/h4>\n\n        \t\t\t\n        \t\t\t\t<div class=\"lsvr_document-list-widget__item-info\">\n\n\t\t\t\t\t\t\t\n\t\t\t\t\t\t\t\t<p class=\"lsvr_document-list-widget__item-date\">\n\t\t\t\t\t\t\t\t\t15 de abril de 2026\t\t\t\t\t\t\t\t<\/p>\n\n\t\t\t\t\t\t\t\n\t\t\t\t\t\t\t\n\t\t\t\t\t\t\t\t<p class=\"lsvr_document-list-widget__item-count\">\n\t\t\t\t\t\t\t\t\t1 anexos\t\t\t\t\t\t\t\t<\/p>\n\n\t\t\t\t\t\t\t\n        \t\t\t\t<\/div>\n\n        \t\t\t\n    \t\t\t<\/li>\n\n    \t\t\n    \t\t\t<li class=\"lsvr_document-list-widget__item\">\n\n        \t\t\t<h4 class=\"lsvr_document-list-widget__item-title\">\n        \t\t\t\t<a href=\"https:\/\/www.itirapina.sp.gov.br\/portal\/documentos\/cp005-2026-concorrencia-publica-execucao-de-20-unidades-habitacionais\/\" class=\"lsvr_document-list-widget__item-title-link\">\n        \t\t\t\t\tCP005-2026 \u2013 Concorr\u00eancia P\u00fablica &#8211; Execu\u00e7\u00e3o de 20 unidades habitacionais        \t\t\t\t<\/a>\n        \t\t\t<\/h4>\n\n        \t\t\t\n        \t\t\t\t<div class=\"lsvr_document-list-widget__item-info\">\n\n\t\t\t\t\t\t\t\n\t\t\t\t\t\t\t\t<p class=\"lsvr_document-list-widget__item-date\">\n\t\t\t\t\t\t\t\t\t15 de abril de 2026\t\t\t\t\t\t\t\t<\/p>\n\n\t\t\t\t\t\t\t\n\t\t\t\t\t\t\t\n\t\t\t\t\t\t\t\t<p class=\"lsvr_document-list-widget__item-count\">\n\t\t\t\t\t\t\t\t\t2 anexos\t\t\t\t\t\t\t\t<\/p>\n\n\t\t\t\t\t\t\t\n        \t\t\t\t<\/div>\n\n        \t\t\t\n    \t\t\t<\/li>\n\n    \t\t\n    \t\t\t<li class=\"lsvr_document-list-widget__item\">\n\n        \t\t\t<h4 class=\"lsvr_document-list-widget__item-title\">\n        \t\t\t\t<a href=\"https:\/\/www.itirapina.sp.gov.br\/portal\/documentos\/pe018-2026-pregao-eletronico-materiais-de-higiene-e-limpeza\/\" class=\"lsvr_document-list-widget__item-title-link\">\n        \t\t\t\t\tPE018-2026 \u2013 Preg\u00e3o Eletr\u00f4nico \u2013 Materiais de higiene e limpeza        \t\t\t\t<\/a>\n        \t\t\t<\/h4>\n\n        \t\t\t\n        \t\t\t\t<div class=\"lsvr_document-list-widget__item-info\">\n\n\t\t\t\t\t\t\t\n\t\t\t\t\t\t\t\t<p class=\"lsvr_document-list-widget__item-date\">\n\t\t\t\t\t\t\t\t\t15 de abril de 2026\t\t\t\t\t\t\t\t<\/p>\n\n\t\t\t\t\t\t\t\n\t\t\t\t\t\t\t\n\t\t\t\t\t\t\t\t<p class=\"lsvr_document-list-widget__item-count\">\n\t\t\t\t\t\t\t\t\t1 anexos\t\t\t\t\t\t\t\t<\/p>\n\n\t\t\t\t\t\t\t\n        \t\t\t\t<\/div>\n\n        \t\t\t\n    \t\t\t<\/li>\n\n    \t\t\n    \t\t\t<li class=\"lsvr_document-list-widget__item\">\n\n        \t\t\t<h4 class=\"lsvr_document-list-widget__item-title\">\n        \t\t\t\t<a href=\"https:\/\/www.itirapina.sp.gov.br\/portal\/documentos\/pe019-2026-pregao-eletronico-servicos-de-coleta\/\" class=\"lsvr_document-list-widget__item-title-link\">\n        \t\t\t\t\tPE019-2026 \u2013 Preg\u00e3o Eletr\u00f4nico \u2013 Servi\u00e7os de coleta        \t\t\t\t<\/a>\n        \t\t\t<\/h4>\n\n        \t\t\t\n        \t\t\t\t<div class=\"lsvr_document-list-widget__item-info\">\n\n\t\t\t\t\t\t\t\n\t\t\t\t\t\t\t\t<p class=\"lsvr_document-list-widget__item-date\">\n\t\t\t\t\t\t\t\t\t15 de abril de 2026\t\t\t\t\t\t\t\t<\/p>\n\n\t\t\t\t\t\t\t\n\t\t\t\t\t\t\t\n\t\t\t\t\t\t\t\t<p class=\"lsvr_document-list-widget__item-count\">\n\t\t\t\t\t\t\t\t\t1 anexos\t\t\t\t\t\t\t\t<\/p>\n\n\t\t\t\t\t\t\t\n        \t\t\t\t<\/div>\n\n        \t\t\t\n    \t\t\t<\/li>\n\n    \t\t\n    \t\t\t<li class=\"lsvr_document-list-widget__item\">\n\n        \t\t\t<h4 class=\"lsvr_document-list-widget__item-title\">\n        \t\t\t\t<a href=\"https:\/\/www.itirapina.sp.gov.br\/portal\/documentos\/cp004-2026-concorrencia-publica-revitalizacao-da-rua-12\/\" class=\"lsvr_document-list-widget__item-title-link\">\n        \t\t\t\t\tCP004-2026 \u2013 Concorr\u00eancia P\u00fablica \u2013 Revitaliza\u00e7\u00e3o da rua 12        \t\t\t\t<\/a>\n        \t\t\t<\/h4>\n\n        \t\t\t\n        \t\t\t\t<div class=\"lsvr_document-list-widget__item-info\">\n\n\t\t\t\t\t\t\t\n\t\t\t\t\t\t\t\t<p class=\"lsvr_document-list-widget__item-date\">\n\t\t\t\t\t\t\t\t\t15 de abril de 2026\t\t\t\t\t\t\t\t<\/p>\n\n\t\t\t\t\t\t\t\n\t\t\t\t\t\t\t\n\t\t\t\t\t\t\t\t<p class=\"lsvr_document-list-widget__item-count\">\n\t\t\t\t\t\t\t\t\t1 anexos\t\t\t\t\t\t\t\t<\/p>\n\n\t\t\t\t\t\t\t\n        \t\t\t\t<\/div>\n\n        \t\t\t\n    \t\t\t<\/li>\n\n    \t\t\n\t\t<\/ul>\n\n\t\t\n\t\t\t<p class=\"widget__more\">\n\n\t\t\t\t\n\t\t\t\t\t<a href=\"https:\/\/www.itirapina.sp.gov.br\/portal\/doc-cat\/licitacao\/\" class=\"widget__more-link\">Mais documentos<\/a>\n\n\t\t\t\t\n\t\t\t<\/p>\n\n\t\t\n\t\n<\/div>\n\n<\/div><\/div>\n            \t\t\t\t<\/div>\n\t\t\t\t<\/div>\n\t\t\t\t\t<\/div>\n\t\t<\/div>\n\t\t\t\t<div class=\"elementor-column elementor-col-50 elementor-inner-column elementor-element elementor-element-169ecc33\" data-id=\"169ecc33\" data-element_type=\"column\" data-e-type=\"column\">\n\t\t\t<div class=\"elementor-widget-wrap elementor-element-populated\">\n\t\t\t\t\t\t<div class=\"elementor-element elementor-element-5a77ab63 elementor-widget elementor-widget-lsvr_document_list_widget\" data-id=\"5a77ab63\" data-element_type=\"widget\" data-e-type=\"widget\" data-widget_type=\"lsvr_document_list_widget.default\">\n\t\t\t\t<div class=\"elementor-widget-container\">\n\t\t\t\t\t\n            <div class=\"widget shortcode-widget lsvr_document-list-widget lsvr_document-list-widget--shortcode\"><div class=\"widget__inner\"><h3 class=\"widget__title\">Educa\u00e7\u00e3o:<\/h3>\n<div class=\"widget__content\">\n\n\t\n\t\t<ul class=\"lsvr_document-list-widget__list\">\n\n    \t\t\n    \t\t\t<li class=\"lsvr_document-list-widget__item\">\n\n        \t\t\t<h4 class=\"lsvr_document-list-widget__item-title\">\n        \t\t\t\t<a href=\"https:\/\/www.itirapina.sp.gov.br\/portal\/documentos\/cardapios-escolares-abril-de-2026\/\" class=\"lsvr_document-list-widget__item-title-link\">\n        \t\t\t\t\tCard\u00e1pios Escolares \u2013 Abril de 2026        \t\t\t\t<\/a>\n        \t\t\t<\/h4>\n\n        \t\t\t\n        \t\t\t\t<div class=\"lsvr_document-list-widget__item-info\">\n\n\t\t\t\t\t\t\t\n\t\t\t\t\t\t\t\t<p class=\"lsvr_document-list-widget__item-date\">\n\t\t\t\t\t\t\t\t\t6 de abril de 2026\t\t\t\t\t\t\t\t<\/p>\n\n\t\t\t\t\t\t\t\n\t\t\t\t\t\t\t\n\t\t\t\t\t\t\t\t<p class=\"lsvr_document-list-widget__item-count\">\n\t\t\t\t\t\t\t\t\t1 anexos\t\t\t\t\t\t\t\t<\/p>\n\n\t\t\t\t\t\t\t\n        \t\t\t\t<\/div>\n\n        \t\t\t\n    \t\t\t<\/li>\n\n    \t\t\n    \t\t\t<li class=\"lsvr_document-list-widget__item\">\n\n        \t\t\t<h4 class=\"lsvr_document-list-widget__item-title\">\n        \t\t\t\t<a href=\"https:\/\/www.itirapina.sp.gov.br\/portal\/documentos\/cardapios-escolares-marco-de-2026\/\" class=\"lsvr_document-list-widget__item-title-link\">\n        \t\t\t\t\tCard\u00e1pios Escolares \u2013 Mar\u00e7o de 2026        \t\t\t\t<\/a>\n        \t\t\t<\/h4>\n\n        \t\t\t\n        \t\t\t\t<div class=\"lsvr_document-list-widget__item-info\">\n\n\t\t\t\t\t\t\t\n\t\t\t\t\t\t\t\t<p class=\"lsvr_document-list-widget__item-date\">\n\t\t\t\t\t\t\t\t\t2 de mar\u00e7o de 2026\t\t\t\t\t\t\t\t<\/p>\n\n\t\t\t\t\t\t\t\n\t\t\t\t\t\t\t\n\t\t\t\t\t\t\t\t<p class=\"lsvr_document-list-widget__item-count\">\n\t\t\t\t\t\t\t\t\t1 anexos\t\t\t\t\t\t\t\t<\/p>\n\n\t\t\t\t\t\t\t\n        \t\t\t\t<\/div>\n\n        \t\t\t\n    \t\t\t<\/li>\n\n    \t\t\n    \t\t\t<li class=\"lsvr_document-list-widget__item\">\n\n        \t\t\t<h4 class=\"lsvr_document-list-widget__item-title\">\n        \t\t\t\t<a href=\"https:\/\/www.itirapina.sp.gov.br\/portal\/documentos\/cardapios-escolares-fevereiro-de-2026\/\" class=\"lsvr_document-list-widget__item-title-link\">\n        \t\t\t\t\tCard\u00e1pios Escolares \u2013 Fevereiro de 2026        \t\t\t\t<\/a>\n        \t\t\t<\/h4>\n\n        \t\t\t\n        \t\t\t\t<div class=\"lsvr_document-list-widget__item-info\">\n\n\t\t\t\t\t\t\t\n\t\t\t\t\t\t\t\t<p class=\"lsvr_document-list-widget__item-date\">\n\t\t\t\t\t\t\t\t\t28 de janeiro de 2026\t\t\t\t\t\t\t\t<\/p>\n\n\t\t\t\t\t\t\t\n\t\t\t\t\t\t\t\n\t\t\t\t\t\t\t\t<p class=\"lsvr_document-list-widget__item-count\">\n\t\t\t\t\t\t\t\t\t1 anexos\t\t\t\t\t\t\t\t<\/p>\n\n\t\t\t\t\t\t\t\n        \t\t\t\t<\/div>\n\n        \t\t\t\n    \t\t\t<\/li>\n\n    \t\t\n    \t\t\t<li class=\"lsvr_document-list-widget__item\">\n\n        \t\t\t<h4 class=\"lsvr_document-list-widget__item-title\">\n        \t\t\t\t<a href=\"https:\/\/www.itirapina.sp.gov.br\/portal\/documentos\/cardapios-escolares-novembro-de-2025\/\" class=\"lsvr_document-list-widget__item-title-link\">\n        \t\t\t\t\tCard\u00e1pios Escolares \u2013 Novembro de 2025        \t\t\t\t<\/a>\n        \t\t\t<\/h4>\n\n        \t\t\t\n        \t\t\t\t<div class=\"lsvr_document-list-widget__item-info\">\n\n\t\t\t\t\t\t\t\n\t\t\t\t\t\t\t\t<p class=\"lsvr_document-list-widget__item-date\">\n\t\t\t\t\t\t\t\t\t30 de outubro de 2025\t\t\t\t\t\t\t\t<\/p>\n\n\t\t\t\t\t\t\t\n\t\t\t\t\t\t\t\n\t\t\t\t\t\t\t\t<p class=\"lsvr_document-list-widget__item-count\">\n\t\t\t\t\t\t\t\t\t1 anexos\t\t\t\t\t\t\t\t<\/p>\n\n\t\t\t\t\t\t\t\n        \t\t\t\t<\/div>\n\n        \t\t\t\n    \t\t\t<\/li>\n\n    \t\t\n    \t\t\t<li class=\"lsvr_document-list-widget__item\">\n\n        \t\t\t<h4 class=\"lsvr_document-list-widget__item-title\">\n        \t\t\t\t<a href=\"https:\/\/www.itirapina.sp.gov.br\/portal\/documentos\/cardapios-escolares-outubro-de-2025\/\" class=\"lsvr_document-list-widget__item-title-link\">\n        \t\t\t\t\tCard\u00e1pios Escolares \u2013 Outubro de 2025        \t\t\t\t<\/a>\n        \t\t\t<\/h4>\n\n        \t\t\t\n        \t\t\t\t<div class=\"lsvr_document-list-widget__item-info\">\n\n\t\t\t\t\t\t\t\n\t\t\t\t\t\t\t\t<p class=\"lsvr_document-list-widget__item-date\">\n\t\t\t\t\t\t\t\t\t24 de setembro de 2025\t\t\t\t\t\t\t\t<\/p>\n\n\t\t\t\t\t\t\t\n\t\t\t\t\t\t\t\n\t\t\t\t\t\t\t\t<p class=\"lsvr_document-list-widget__item-count\">\n\t\t\t\t\t\t\t\t\t1 anexos\t\t\t\t\t\t\t\t<\/p>\n\n\t\t\t\t\t\t\t\n        \t\t\t\t<\/div>\n\n        \t\t\t\n    \t\t\t<\/li>\n\n    \t\t\n    \t\t\t<li class=\"lsvr_document-list-widget__item\">\n\n        \t\t\t<h4 class=\"lsvr_document-list-widget__item-title\">\n        \t\t\t\t<a href=\"https:\/\/www.itirapina.sp.gov.br\/portal\/documentos\/quadros-trimestrais-do-ensino-2025\/\" class=\"lsvr_document-list-widget__item-title-link\">\n        \t\t\t\t\tQuadros Trimestrais do Ensino \u2013 2025        \t\t\t\t<\/a>\n        \t\t\t<\/h4>\n\n        \t\t\t\n        \t\t\t\t<div class=\"lsvr_document-list-widget__item-info\">\n\n\t\t\t\t\t\t\t\n\t\t\t\t\t\t\t\t<p class=\"lsvr_document-list-widget__item-date\">\n\t\t\t\t\t\t\t\t\t17 de setembro de 2025\t\t\t\t\t\t\t\t<\/p>\n\n\t\t\t\t\t\t\t\n\t\t\t\t\t\t\t\n\t\t\t\t\t\t\t\t<p class=\"lsvr_document-list-widget__item-count\">\n\t\t\t\t\t\t\t\t\t4 anexos\t\t\t\t\t\t\t\t<\/p>\n\n\t\t\t\t\t\t\t\n        \t\t\t\t<\/div>\n\n        \t\t\t\n    \t\t\t<\/li>\n\n    \t\t\n\t\t<\/ul>\n\n\t\t\n\t\t\t<p class=\"widget__more\">\n\n\t\t\t\t\n\t\t\t\t\t<a href=\"https:\/\/www.itirapina.sp.gov.br\/portal\/doc-cat\/publi-smec\/\" class=\"widget__more-link\">Mais documentos<\/a>\n\n\t\t\t\t\n\t\t\t<\/p>\n\n\t\t\n\t\n<\/div>\n\n<\/div><\/div>\n            \t\t\t\t<\/div>\n\t\t\t\t<\/div>\n\t\t\t\t\t<\/div>\n\t\t<\/div>\n\t\t\t\t\t<\/div>\n\t\t<\/section>\n\t\t\t\t\t<\/div>\n\t\t<\/div>\n\t\t\t\t\t<\/div>\n\t\t<\/section>\n\t\t\t\t<section class=\"elementor-section elementor-top-section elementor-element elementor-element-15cf7942 elementor-section-full_width elementor-section-height-default elementor-section-height-default wpr-particle-no wpr-jarallax-no wpr-parallax-no wpr-sticky-section-no wpr-equal-height-no\" data-id=\"15cf7942\" data-element_type=\"section\" data-e-type=\"section\" data-settings=\"{&quot;background_background&quot;:&quot;classic&quot;}\">\n\t\t\t\t\t\t<div class=\"elementor-container elementor-column-gap-default\">\n\t\t\t\t\t<div class=\"elementor-column elementor-col-100 elementor-top-column elementor-element elementor-element-48f8a48a\" data-id=\"48f8a48a\" data-element_type=\"column\" data-e-type=\"column\">\n\t\t\t<div class=\"elementor-widget-wrap elementor-element-populated\">\n\t\t\t\t\t\t<section class=\"elementor-section elementor-inner-section elementor-element elementor-element-24fe4064 elementor-section-boxed elementor-section-height-default elementor-section-height-default wpr-particle-no wpr-jarallax-no wpr-parallax-no wpr-sticky-section-no wpr-equal-height-no\" data-id=\"24fe4064\" data-element_type=\"section\" data-e-type=\"section\">\n\t\t\t\t\t\t<div class=\"elementor-container elementor-column-gap-default\">\n\t\t\t\t\t<div class=\"elementor-column elementor-col-50 elementor-inner-column elementor-element elementor-element-20baab57\" data-id=\"20baab57\" data-element_type=\"column\" data-e-type=\"column\">\n\t\t\t<div class=\"elementor-widget-wrap elementor-element-populated\">\n\t\t\t\t\t\t<div class=\"elementor-element elementor-element-750ee874 elementor-widget elementor-widget-lsvr_document_list_widget\" data-id=\"750ee874\" data-element_type=\"widget\" data-e-type=\"widget\" data-widget_type=\"lsvr_document_list_widget.default\">\n\t\t\t\t<div class=\"elementor-widget-container\">\n\t\t\t\t\t\n            <div class=\"widget shortcode-widget lsvr_document-list-widget lsvr_document-list-widget--shortcode\"><div class=\"widget__inner\"><h3 class=\"widget__title\">Sa\u00fade:<\/h3>\n<div class=\"widget__content\">\n\n\t\n\t\t<ul class=\"lsvr_document-list-widget__list\">\n\n    \t\t\n    \t\t\t<li class=\"lsvr_document-list-widget__item\">\n\n        \t\t\t<h4 class=\"lsvr_document-list-widget__item-title\">\n        \t\t\t\t<a href=\"https:\/\/www.itirapina.sp.gov.br\/portal\/documentos\/relatorio-de-estoque-de-medicamentos-disponiveis-farmacia-do-centro-de-saude-3-17-04-2026\/\" class=\"lsvr_document-list-widget__item-title-link\">\n        \t\t\t\t\tRelat\u00f3rio de estoque de medicamentos dispon\u00edveis \u2013 Farm\u00e1cia do Centro de Sa\u00fade 3 \u2013 17-04-2026        \t\t\t\t<\/a>\n        \t\t\t<\/h4>\n\n        \t\t\t\n        \t\t\t\t<div class=\"lsvr_document-list-widget__item-info\">\n\n\t\t\t\t\t\t\t\n\t\t\t\t\t\t\t\t<p class=\"lsvr_document-list-widget__item-date\">\n\t\t\t\t\t\t\t\t\t17 de abril de 2026\t\t\t\t\t\t\t\t<\/p>\n\n\t\t\t\t\t\t\t\n\t\t\t\t\t\t\t\n\t\t\t\t\t\t\t\t<p class=\"lsvr_document-list-widget__item-count\">\n\t\t\t\t\t\t\t\t\t1 anexos\t\t\t\t\t\t\t\t<\/p>\n\n\t\t\t\t\t\t\t\n        \t\t\t\t<\/div>\n\n        \t\t\t\n    \t\t\t<\/li>\n\n    \t\t\n    \t\t\t<li class=\"lsvr_document-list-widget__item\">\n\n        \t\t\t<h4 class=\"lsvr_document-list-widget__item-title\">\n        \t\t\t\t<a href=\"https:\/\/www.itirapina.sp.gov.br\/portal\/documentos\/relatorio-de-estoque-de-medicamentos-disponiveis-farmacia-do-centro-de-saude-3-07-04-2026\/\" class=\"lsvr_document-list-widget__item-title-link\">\n        \t\t\t\t\tRelat\u00f3rio de estoque de medicamentos dispon\u00edveis \u2013 Farm\u00e1cia do Centro de Sa\u00fade 3 \u2013 07-04-2026        \t\t\t\t<\/a>\n        \t\t\t<\/h4>\n\n        \t\t\t\n        \t\t\t\t<div class=\"lsvr_document-list-widget__item-info\">\n\n\t\t\t\t\t\t\t\n\t\t\t\t\t\t\t\t<p class=\"lsvr_document-list-widget__item-date\">\n\t\t\t\t\t\t\t\t\t7 de abril de 2026\t\t\t\t\t\t\t\t<\/p>\n\n\t\t\t\t\t\t\t\n\t\t\t\t\t\t\t\n\t\t\t\t\t\t\t\t<p class=\"lsvr_document-list-widget__item-count\">\n\t\t\t\t\t\t\t\t\t1 anexos\t\t\t\t\t\t\t\t<\/p>\n\n\t\t\t\t\t\t\t\n        \t\t\t\t<\/div>\n\n        \t\t\t\n    \t\t\t<\/li>\n\n    \t\t\n    \t\t\t<li class=\"lsvr_document-list-widget__item\">\n\n        \t\t\t<h4 class=\"lsvr_document-list-widget__item-title\">\n        \t\t\t\t<a href=\"https:\/\/www.itirapina.sp.gov.br\/portal\/documentos\/relatorio-de-estoque-de-medicamentos-disponiveis-farmacia-do-centro-de-saude-3-17-03-2026\/\" class=\"lsvr_document-list-widget__item-title-link\">\n        \t\t\t\t\tRelat\u00f3rio de estoque de medicamentos dispon\u00edveis \u2013 Farm\u00e1cia do Centro de Sa\u00fade 3 \u2013 17-03-2026        \t\t\t\t<\/a>\n        \t\t\t<\/h4>\n\n        \t\t\t\n        \t\t\t\t<div class=\"lsvr_document-list-widget__item-info\">\n\n\t\t\t\t\t\t\t\n\t\t\t\t\t\t\t\t<p class=\"lsvr_document-list-widget__item-date\">\n\t\t\t\t\t\t\t\t\t17 de mar\u00e7o de 2026\t\t\t\t\t\t\t\t<\/p>\n\n\t\t\t\t\t\t\t\n\t\t\t\t\t\t\t\n\t\t\t\t\t\t\t\t<p class=\"lsvr_document-list-widget__item-count\">\n\t\t\t\t\t\t\t\t\t1 anexos\t\t\t\t\t\t\t\t<\/p>\n\n\t\t\t\t\t\t\t\n        \t\t\t\t<\/div>\n\n        \t\t\t\n    \t\t\t<\/li>\n\n    \t\t\n    \t\t\t<li class=\"lsvr_document-list-widget__item\">\n\n        \t\t\t<h4 class=\"lsvr_document-list-widget__item-title\">\n        \t\t\t\t<a href=\"https:\/\/www.itirapina.sp.gov.br\/portal\/documentos\/ata-do-3o-quadrimestre-da-saude-de-2025\/\" class=\"lsvr_document-list-widget__item-title-link\">\n        \t\t\t\t\tAta do 3\u00ba Quadrimestre da Sa\u00fade de 2025        \t\t\t\t<\/a>\n        \t\t\t<\/h4>\n\n        \t\t\t\n        \t\t\t\t<div class=\"lsvr_document-list-widget__item-info\">\n\n\t\t\t\t\t\t\t\n\t\t\t\t\t\t\t\t<p class=\"lsvr_document-list-widget__item-date\">\n\t\t\t\t\t\t\t\t\t6 de mar\u00e7o de 2026\t\t\t\t\t\t\t\t<\/p>\n\n\t\t\t\t\t\t\t\n\t\t\t\t\t\t\t\n\t\t\t\t\t\t\t\t<p class=\"lsvr_document-list-widget__item-count\">\n\t\t\t\t\t\t\t\t\t1 anexos\t\t\t\t\t\t\t\t<\/p>\n\n\t\t\t\t\t\t\t\n        \t\t\t\t<\/div>\n\n        \t\t\t\n    \t\t\t<\/li>\n\n    \t\t\n    \t\t\t<li class=\"lsvr_document-list-widget__item\">\n\n        \t\t\t<h4 class=\"lsvr_document-list-widget__item-title\">\n        \t\t\t\t<a href=\"https:\/\/www.itirapina.sp.gov.br\/portal\/documentos\/relatorio-de-auditoria-anual-do-sistema-de-saude-de-itirapina\/\" class=\"lsvr_document-list-widget__item-title-link\">\n        \t\t\t\t\tRelat\u00f3rio de Auditoria Anual do Sistema de Sa\u00fade de Itirapina        \t\t\t\t<\/a>\n        \t\t\t<\/h4>\n\n        \t\t\t\n        \t\t\t\t<div class=\"lsvr_document-list-widget__item-info\">\n\n\t\t\t\t\t\t\t\n\t\t\t\t\t\t\t\t<p class=\"lsvr_document-list-widget__item-date\">\n\t\t\t\t\t\t\t\t\t5 de mar\u00e7o de 2026\t\t\t\t\t\t\t\t<\/p>\n\n\t\t\t\t\t\t\t\n\t\t\t\t\t\t\t\n\t\t\t\t\t\t\t\t<p class=\"lsvr_document-list-widget__item-count\">\n\t\t\t\t\t\t\t\t\t4 anexos\t\t\t\t\t\t\t\t<\/p>\n\n\t\t\t\t\t\t\t\n        \t\t\t\t<\/div>\n\n        \t\t\t\n    \t\t\t<\/li>\n\n    \t\t\n    \t\t\t<li class=\"lsvr_document-list-widget__item\">\n\n        \t\t\t<h4 class=\"lsvr_document-list-widget__item-title\">\n        \t\t\t\t<a href=\"https:\/\/www.itirapina.sp.gov.br\/portal\/documentos\/relatorio-de-estoque-de-medicamentos-disponiveis-farmacia-do-centro-de-saude-3-04-03-2026\/\" class=\"lsvr_document-list-widget__item-title-link\">\n        \t\t\t\t\tRelat\u00f3rio de estoque de medicamentos dispon\u00edveis \u2013 Farm\u00e1cia do Centro de Sa\u00fade 3 \u2013 04-03-2026        \t\t\t\t<\/a>\n        \t\t\t<\/h4>\n\n        \t\t\t\n        \t\t\t\t<div class=\"lsvr_document-list-widget__item-info\">\n\n\t\t\t\t\t\t\t\n\t\t\t\t\t\t\t\t<p class=\"lsvr_document-list-widget__item-date\">\n\t\t\t\t\t\t\t\t\t4 de mar\u00e7o de 2026\t\t\t\t\t\t\t\t<\/p>\n\n\t\t\t\t\t\t\t\n\t\t\t\t\t\t\t\n\t\t\t\t\t\t\t\t<p class=\"lsvr_document-list-widget__item-count\">\n\t\t\t\t\t\t\t\t\t1 anexos\t\t\t\t\t\t\t\t<\/p>\n\n\t\t\t\t\t\t\t\n        \t\t\t\t<\/div>\n\n        \t\t\t\n    \t\t\t<\/li>\n\n    \t\t\n\t\t<\/ul>\n\n\t\t\n\t\t\t<p class=\"widget__more\">\n\n\t\t\t\t\n\t\t\t\t\t<a href=\"https:\/\/www.itirapina.sp.gov.br\/portal\/doc-cat\/publi-saude\/\" class=\"widget__more-link\">Mais documentos<\/a>\n\n\t\t\t\t\n\t\t\t<\/p>\n\n\t\t\n\t\n<\/div>\n\n<\/div><\/div>\n            \t\t\t\t<\/div>\n\t\t\t\t<\/div>\n\t\t\t\t\t<\/div>\n\t\t<\/div>\n\t\t\t\t<div class=\"elementor-column elementor-col-50 elementor-inner-column elementor-element elementor-element-58e1ef2d\" data-id=\"58e1ef2d\" data-element_type=\"column\" data-e-type=\"column\">\n\t\t\t<div class=\"elementor-widget-wrap elementor-element-populated\">\n\t\t\t\t\t\t<div class=\"elementor-element elementor-element-4c8f8429 elementor-widget elementor-widget-lsvr_document_list_widget\" data-id=\"4c8f8429\" data-element_type=\"widget\" data-e-type=\"widget\" data-widget_type=\"lsvr_document_list_widget.default\">\n\t\t\t\t<div class=\"elementor-widget-container\">\n\t\t\t\t\t\n            <div class=\"widget shortcode-widget lsvr_document-list-widget lsvr_document-list-widget--shortcode\"><div class=\"widget__inner\"><h3 class=\"widget__title\">Outras publica\u00e7\u00f5es:<\/h3>\n<div class=\"widget__content\">\n\n\t\n\t\t<ul class=\"lsvr_document-list-widget__list\">\n\n    \t\t\n    \t\t\t<li class=\"lsvr_document-list-widget__item\">\n\n        \t\t\t<h4 class=\"lsvr_document-list-widget__item-title\">\n        \t\t\t\t<a href=\"https:\/\/www.itirapina.sp.gov.br\/portal\/documentos\/demonstrativo-de-recursos-de-origem-tributaria-drot-de-2026\/\" class=\"lsvr_document-list-widget__item-title-link\">\n        \t\t\t\t\tDemonstrativo de Recursos de Origem Tribut\u00e1ria (DROT) de 2026        \t\t\t\t<\/a>\n        \t\t\t<\/h4>\n\n        \t\t\t\n        \t\t\t\t<div class=\"lsvr_document-list-widget__item-info\">\n\n\t\t\t\t\t\t\t\n\t\t\t\t\t\t\t\t<p class=\"lsvr_document-list-widget__item-date\">\n\t\t\t\t\t\t\t\t\t30 de abril de 2026\t\t\t\t\t\t\t\t<\/p>\n\n\t\t\t\t\t\t\t\n\t\t\t\t\t\t\t\n\t\t\t\t\t\t\t\t<p class=\"lsvr_document-list-widget__item-count\">\n\t\t\t\t\t\t\t\t\t3 anexos\t\t\t\t\t\t\t\t<\/p>\n\n\t\t\t\t\t\t\t\n        \t\t\t\t<\/div>\n\n        \t\t\t\n    \t\t\t<\/li>\n\n    \t\t\n    \t\t\t<li class=\"lsvr_document-list-widget__item\">\n\n        \t\t\t<h4 class=\"lsvr_document-list-widget__item-title\">\n        \t\t\t\t<a href=\"https:\/\/www.itirapina.sp.gov.br\/portal\/documentos\/relatorios-resumidos-de-execucao-orcamentaria-rreo-do-ano-de-2026\/\" class=\"lsvr_document-list-widget__item-title-link\">\n        \t\t\t\t\tRelat\u00f3rios Resumidos de Execu\u00e7\u00e3o Or\u00e7amentaria (RREO) do ano de 2026        \t\t\t\t<\/a>\n        \t\t\t<\/h4>\n\n        \t\t\t\n        \t\t\t\t<div class=\"lsvr_document-list-widget__item-info\">\n\n\t\t\t\t\t\t\t\n\t\t\t\t\t\t\t\t<p class=\"lsvr_document-list-widget__item-date\">\n\t\t\t\t\t\t\t\t\t30 de abril de 2026\t\t\t\t\t\t\t\t<\/p>\n\n\t\t\t\t\t\t\t\n\t\t\t\t\t\t\t\n\t\t\t\t\t\t\t\t<p class=\"lsvr_document-list-widget__item-count\">\n\t\t\t\t\t\t\t\t\t1 anexos\t\t\t\t\t\t\t\t<\/p>\n\n\t\t\t\t\t\t\t\n        \t\t\t\t<\/div>\n\n        \t\t\t\n    \t\t\t<\/li>\n\n    \t\t\n    \t\t\t<li class=\"lsvr_document-list-widget__item\">\n\n        \t\t\t<h4 class=\"lsvr_document-list-widget__item-title\">\n        \t\t\t\t<a href=\"https:\/\/www.itirapina.sp.gov.br\/portal\/documentos\/balancos-de-2025\/\" class=\"lsvr_document-list-widget__item-title-link\">\n        \t\t\t\t\tBalan\u00e7os de 2025        \t\t\t\t<\/a>\n        \t\t\t<\/h4>\n\n        \t\t\t\n        \t\t\t\t<div class=\"lsvr_document-list-widget__item-info\">\n\n\t\t\t\t\t\t\t\n\t\t\t\t\t\t\t\t<p class=\"lsvr_document-list-widget__item-date\">\n\t\t\t\t\t\t\t\t\t30 de mar\u00e7o de 2026\t\t\t\t\t\t\t\t<\/p>\n\n\t\t\t\t\t\t\t\n\t\t\t\t\t\t\t\n\t\t\t\t\t\t\t\t<p class=\"lsvr_document-list-widget__item-count\">\n\t\t\t\t\t\t\t\t\t4 anexos\t\t\t\t\t\t\t\t<\/p>\n\n\t\t\t\t\t\t\t\n        \t\t\t\t<\/div>\n\n        \t\t\t\n    \t\t\t<\/li>\n\n    \t\t\n    \t\t\t<li class=\"lsvr_document-list-widget__item\">\n\n        \t\t\t<h4 class=\"lsvr_document-list-widget__item-title\">\n        \t\t\t\t<a href=\"https:\/\/www.itirapina.sp.gov.br\/portal\/documentos\/protocolo-de-violencia-contra-a-mulher\/\" class=\"lsvr_document-list-widget__item-title-link\">\n        \t\t\t\t\tProtocolo de Viol\u00eancia contra a Mulher        \t\t\t\t<\/a>\n        \t\t\t<\/h4>\n\n        \t\t\t\n        \t\t\t\t<div class=\"lsvr_document-list-widget__item-info\">\n\n\t\t\t\t\t\t\t\n\t\t\t\t\t\t\t\t<p class=\"lsvr_document-list-widget__item-date\">\n\t\t\t\t\t\t\t\t\t17 de mar\u00e7o de 2026\t\t\t\t\t\t\t\t<\/p>\n\n\t\t\t\t\t\t\t\n\t\t\t\t\t\t\t\n\t\t\t\t\t\t\t\t<p class=\"lsvr_document-list-widget__item-count\">\n\t\t\t\t\t\t\t\t\t1 anexos\t\t\t\t\t\t\t\t<\/p>\n\n\t\t\t\t\t\t\t\n        \t\t\t\t<\/div>\n\n        \t\t\t\n    \t\t\t<\/li>\n\n    \t\t\n    \t\t\t<li class=\"lsvr_document-list-widget__item\">\n\n        \t\t\t<h4 class=\"lsvr_document-list-widget__item-title\">\n        \t\t\t\t<a href=\"https:\/\/www.itirapina.sp.gov.br\/portal\/documentos\/ata-do-3o-quadrimestre-de-metas-fiscais-de-2025\/\" class=\"lsvr_document-list-widget__item-title-link\">\n        \t\t\t\t\tAta do 3\u00ba Quadrimestre de Metas Fiscais de 2025        \t\t\t\t<\/a>\n        \t\t\t<\/h4>\n\n        \t\t\t\n        \t\t\t\t<div class=\"lsvr_document-list-widget__item-info\">\n\n\t\t\t\t\t\t\t\n\t\t\t\t\t\t\t\t<p class=\"lsvr_document-list-widget__item-date\">\n\t\t\t\t\t\t\t\t\t6 de mar\u00e7o de 2026\t\t\t\t\t\t\t\t<\/p>\n\n\t\t\t\t\t\t\t\n\t\t\t\t\t\t\t\n\t\t\t\t\t\t\t\t<p class=\"lsvr_document-list-widget__item-count\">\n\t\t\t\t\t\t\t\t\t1 anexos\t\t\t\t\t\t\t\t<\/p>\n\n\t\t\t\t\t\t\t\n        \t\t\t\t<\/div>\n\n        \t\t\t\n    \t\t\t<\/li>\n\n    \t\t\n    \t\t\t<li class=\"lsvr_document-list-widget__item\">\n\n        \t\t\t<h4 class=\"lsvr_document-list-widget__item-title\">\n        \t\t\t\t<a href=\"https:\/\/www.itirapina.sp.gov.br\/portal\/documentos\/relatorio-de-atividade-de-programas-e-acoes-governamentais-2025\/\" class=\"lsvr_document-list-widget__item-title-link\">\n        \t\t\t\t\tRelat\u00f3rio de Atividade de Programas e A\u00e7\u00f5es Governamentais \u2013 2025        \t\t\t\t<\/a>\n        \t\t\t<\/h4>\n\n        \t\t\t\n        \t\t\t\t<div class=\"lsvr_document-list-widget__item-info\">\n\n\t\t\t\t\t\t\t\n\t\t\t\t\t\t\t\t<p class=\"lsvr_document-list-widget__item-date\">\n\t\t\t\t\t\t\t\t\t2 de mar\u00e7o de 2026\t\t\t\t\t\t\t\t<\/p>\n\n\t\t\t\t\t\t\t\n\t\t\t\t\t\t\t\n\t\t\t\t\t\t\t\t<p class=\"lsvr_document-list-widget__item-count\">\n\t\t\t\t\t\t\t\t\t1 anexos\t\t\t\t\t\t\t\t<\/p>\n\n\t\t\t\t\t\t\t\n        \t\t\t\t<\/div>\n\n        \t\t\t\n    \t\t\t<\/li>\n\n    \t\t\n\t\t<\/ul>\n\n\t\t\n\t\t\t<p class=\"widget__more\">\n\n\t\t\t\t\n\t\t\t\t\t<a href=\"https:\/\/www.itirapina.sp.gov.br\/portal\/doc-cat\/publicacoes-geral\/\" class=\"widget__more-link\">Mais documentos<\/a>\n\n\t\t\t\t\n\t\t\t<\/p>\n\n\t\t\n\t\n<\/div>\n\n<\/div><\/div>\n            \t\t\t\t<\/div>\n\t\t\t\t<\/div>\n\t\t\t\t\t<\/div>\n\t\t<\/div>\n\t\t\t\t\t<\/div>\n\t\t<\/section>\n\t\t\t\t\t<\/div>\n\t\t<\/div>\n\t\t\t\t\t<\/div>\n\t\t<\/section>\n\t\t\t\t<section class=\"elementor-section elementor-top-section elementor-element elementor-element-3237ca4 elementor-section-boxed elementor-section-height-default elementor-section-height-default wpr-particle-no wpr-jarallax-no wpr-parallax-no wpr-sticky-section-no wpr-equal-height-no\" data-id=\"3237ca4\" data-element_type=\"section\" data-e-type=\"section\">\n\t\t\t\t\t\t<div class=\"elementor-container elementor-column-gap-default\">\n\t\t\t\t\t<div class=\"elementor-column elementor-col-100 elementor-top-column elementor-element elementor-element-0e92f3e\" data-id=\"0e92f3e\" data-element_type=\"column\" data-e-type=\"column\">\n\t\t\t<div class=\"elementor-widget-wrap\">\n\t\t\t\t\t\t\t<\/div>\n\t\t<\/div>\n\t\t\t\t\t<\/div>\n\t\t<\/section>\n\t\t\t\t<\/div>\n\t\t","protected":false},"excerpt":{"rendered":"<p>Canal para registro de ocorr\u00eancias de ilumina\u00e7\u00e3o p\u00fablica est\u00e1 dispon\u00edvel no portal Prefeitura Municipal de Itirapina garante 45 novas moradias com recursos federais Audi\u00eancia p\u00fablica Prefeitura Municipal de Itirapina convoca propriet\u00e1rios, inquilinos e dependentes para o cadastramento veicular no Broa COMUNICADO URGENTE Prefeitura Municipal de Itirapina participa da cerim\u00f4nia do Pr\u00eamio Top Destinos Tur\u00edsticos SP 2025 A Prefeitura Municipal de Itirapina convida toda a popula\u00e7\u00e3o a participar da constru\u00e7\u00e3o da LOA \u2013 Lei Or\u00e7ament\u00e1ria Anual de&hellip; Itirapina \u00e9 destaque em semin\u00e1rio estadual de boas pr\u00e1ticas de matem\u00e1tica A\u00e7\u00f5es integradas no Balne\u00e1rio Santo Ant\u00f4nio no fim de ano Itirapina conquista certifica\u00e7\u00e3o no Programa Munic\u00edpio Agro Endere\u00e7os e CEPs de Itirapina agora dispon\u00edveis no portal ITIRAPINA PARTICIPA DO LAN\u00c7AMENTO DO CONECI-SP EM S\u00c3O PAULO Itirapina \u00e9 finalista do pr\u00eamio Top Destinos Tur\u00edsticos Apresenta\u00e7\u00e3o do espet\u00e1culo A Bela e a Fera re\u00fane p\u00fablico. Rede municipal agora tem gr\u00eamio estudantil. ACESSO R\u00c1PIDO: Acesse o Holerite Seja Oficineiro MEISaiba Mais! PNAB &#8211; Aldir BlankSe inscreva aqui! Divis\u00e3o de \u00e1gua e esgoto &#8211; Segunda via da \u00e1gua E-SIC &#8211; Servi\u00e7o de Informa\u00e7\u00e3o ao Usu\u00e1rio Portal Tur\u00edstico Secretaria de Esportes PUBLICA\u00c7\u00d5ES Licita\u00e7\u00e3o: PE009-2026 \u2013 Preg\u00e3o Eletr\u00f4nico \u2013\u00a0Uniformes para servidores 2 de mar\u00e7o de 2026 2 anexos 07-2023 \u2013 Inexigibilidade 2 de mar\u00e7o de 2026 3 anexos PE008-2026 \u2013 Preg\u00e3o Eletr\u00f4nico \u2013\u00a0Insumos para diabetes 2 de mar\u00e7o de 2026 1 anexos PE007-2026 \u2013 Preg\u00e3o Eletr\u00f4nico \u2013\u00a0Servi\u00e7os de controle sanit\u00e1rio 2 de mar\u00e7o de 2026 1 anexos PE006-2026 \u2013 Preg\u00e3o Eletr\u00f4nico \u2013\u00a0Medicamentos injet\u00e1veis 26 de fevereiro de 2026 1 anexos DE004-2026 \u2013 Dispensa Eletr\u00f4nica \u2013\u00a0Manuten\u00e7\u00e3o na pista de skate 24 de fevereiro de 2026 1 anexos Mais documentos Educa\u00e7\u00e3o: Card\u00e1pios Escolares \u2013 Mar\u00e7o de 2026 2 de mar\u00e7o de 2026 1 anexos Card\u00e1pios Escolares \u2013 Fevereiro de 2026 28 de janeiro de 2026 1 anexos Card\u00e1pios Escolares \u2013 Novembro de 2025 30 de outubro de 2025 1 anexos Card\u00e1pios Escolares \u2013 Outubro de 2025 24 de setembro de 2025 1 anexos Quadros Trimestrais do Ensino \u2013 2025 17 de setembro de 2025 4 anexos Card\u00e1pios Escolares \u2013 Setembro de 2025 25 de agosto de 2025 1 anexos Mais documentos Sa\u00fade: Ata do 3\u00ba Quadrimestre da Sa\u00fade de 2025 6 de mar\u00e7o de 2026 1 anexos Relat\u00f3rio de Auditoria Anual do Sistema de Sa\u00fade de Itirapina 5 de mar\u00e7o de 2026 4 anexos Relat\u00f3rio de estoque de medicamentos dispon\u00edveis \u2013 Farm\u00e1cia do Centro de Sa\u00fade 3 \u2013 04-03-2026 4 de mar\u00e7o de 2026 1 anexos Relat\u00f3rio de estoque de medicamentos dispon\u00edveis \u2013 Farm\u00e1cia do Centro de Sa\u00fade 3 \u2013 05-01-2026 19 de fevereiro de 2026 1 anexos Receitas e Despesas da Sa\u00fade \u2013 3\u00ba Quadrimestre de 2025 23 de janeiro de 2026 1 anexos Relat\u00f3rio de estoque de medicamentos dispon\u00edveis \u2013 Farm\u00e1cia do Centro de Sa\u00fade 3 \u2013 05-01-2026 5 de janeiro de 2026 1 anexos Mais documentos Outras publica\u00e7\u00f5es: Demonstrativo de Recursos de Origem Tribut\u00e1ria (DROT) de 2026 6 de mar\u00e7o de 2026 1 anexos Ata do 3\u00ba Quadrimestre de Metas Fiscais de 2025 6 de mar\u00e7o de 2026 1 anexos Relat\u00f3rio de Atividade de Programas e A\u00e7\u00f5es Governamentais \u2013 2025 2 de mar\u00e7o de 2026 1 anexos Relat\u00f3rio de Gest\u00e3o Fiscal (RGF) de 2025 \u2013 3\u00ba Quadrimestre 23 de janeiro de 2026 1 anexos Relat\u00f3rios da Ouvidoria 30 de dezembro de 2025 4 anexos Ata do 2\u00ba Quadrimestre de Metas Fiscais de 2025 24 de setembro de 2025 1 anexos Mais documentos<\/p>\n","protected":false},"author":1,"featured_media":0,"parent":0,"menu_order":0,"comment_status":"closed","ping_status":"closed","template":"page-templates\/not-boxed-without-title.php","meta":{"_crdt_document":"","footnotes":""},"class_list":["post-7364","page","type-page","status-publish","hentry"],"yoast_head":"<!-- This site is optimized with the Yoast SEO plugin v27.5 - https:\/\/yoast.com\/product\/yoast-seo-wordpress\/ -->\n<title>Portal da Prefeitura Municipal de Itirapina<\/title>\n<meta name=\"description\" content=\"Portal da Prefeitura do Munic\u00edpio de Itirapina. Acesse Servi\u00e7os Online, Concursos P\u00fablicos, Licita\u00e7\u00f5es, Editais, Legisla\u00e7\u00e3o, entre outros.\" \/>\n<meta name=\"robots\" content=\"index, follow, max-snippet:-1, max-image-preview:large, max-video-preview:-1\" \/>\n<link rel=\"canonical\" href=\"https:\/\/www.itirapina.sp.gov.br\/portal\/\" \/>\n<meta property=\"og:locale\" content=\"pt_BR\" \/>\n<meta property=\"og:type\" content=\"article\" \/>\n<meta property=\"og:title\" content=\"Portal da Prefeitura Municipal de Itirapina\" \/>\n<meta property=\"og:description\" content=\"Portal da Prefeitura do Munic\u00edpio de Itirapina. Acesse Servi\u00e7os Online, Concursos P\u00fablicos, Licita\u00e7\u00f5es, Editais, Legisla\u00e7\u00e3o, entre outros.\" \/>\n<meta property=\"og:url\" content=\"https:\/\/www.itirapina.sp.gov.br\/portal\/\" \/>\n<meta property=\"og:site_name\" content=\"Prefeitura Municipal de Itirapina\" \/>\n<meta property=\"article:publisher\" content=\"https:\/\/www.facebook.com\/prefeituramunicipaldeitirapina\" \/>\n<meta property=\"article:modified_time\" content=\"2026-03-10T18:42:02+00:00\" \/>\n<meta property=\"og:image\" content=\"https:\/\/www.itirapina.sp.gov.br\/portal\/wp-content\/uploads\/2024\/09\/btn-holerite-150x150.png\" \/>\n<meta name=\"twitter:card\" content=\"summary_large_image\" \/>\n<meta name=\"twitter:label1\" content=\"Est. tempo de leitura\" \/>\n\t<meta name=\"twitter:data1\" content=\"6 minutos\" \/>\n<script type=\"application\/ld+json\" class=\"yoast-schema-graph\">{\"@context\":\"https:\\\/\\\/schema.org\",\"@graph\":[{\"@type\":\"WebPage\",\"@id\":\"https:\\\/\\\/www.itirapina.sp.gov.br\\\/portal\\\/\",\"url\":\"https:\\\/\\\/www.itirapina.sp.gov.br\\\/portal\\\/\",\"name\":\"Portal da Prefeitura Municipal de Itirapina\",\"isPartOf\":{\"@id\":\"https:\\\/\\\/www.itirapina.sp.gov.br\\\/portal\\\/#website\"},\"primaryImageOfPage\":{\"@id\":\"https:\\\/\\\/www.itirapina.sp.gov.br\\\/portal\\\/#primaryimage\"},\"image\":{\"@id\":\"https:\\\/\\\/www.itirapina.sp.gov.br\\\/portal\\\/#primaryimage\"},\"thumbnailUrl\":\"https:\\\/\\\/www.itirapina.sp.gov.br\\\/portal\\\/wp-content\\\/uploads\\\/2024\\\/09\\\/btn-holerite-150x150.png\",\"datePublished\":\"2026-03-09T17:08:43+00:00\",\"dateModified\":\"2026-03-10T18:42:02+00:00\",\"description\":\"Portal da Prefeitura do Munic\u00edpio de Itirapina. Acesse Servi\u00e7os Online, Concursos P\u00fablicos, Licita\u00e7\u00f5es, Editais, Legisla\u00e7\u00e3o, entre outros.\",\"breadcrumb\":{\"@id\":\"https:\\\/\\\/www.itirapina.sp.gov.br\\\/portal\\\/#breadcrumb\"},\"inLanguage\":\"pt-BR\",\"potentialAction\":[{\"@type\":\"ReadAction\",\"target\":[\"https:\\\/\\\/www.itirapina.sp.gov.br\\\/portal\\\/\"]}]},{\"@type\":\"ImageObject\",\"inLanguage\":\"pt-BR\",\"@id\":\"https:\\\/\\\/www.itirapina.sp.gov.br\\\/portal\\\/#primaryimage\",\"url\":\"https:\\\/\\\/www.itirapina.sp.gov.br\\\/portal\\\/wp-content\\\/uploads\\\/2024\\\/09\\\/btn-holerite.png\",\"contentUrl\":\"https:\\\/\\\/www.itirapina.sp.gov.br\\\/portal\\\/wp-content\\\/uploads\\\/2024\\\/09\\\/btn-holerite.png\",\"width\":193,\"height\":193,\"caption\":\"Holerite\"},{\"@type\":\"BreadcrumbList\",\"@id\":\"https:\\\/\\\/www.itirapina.sp.gov.br\\\/portal\\\/#breadcrumb\",\"itemListElement\":[{\"@type\":\"ListItem\",\"position\":1,\"name\":\"In\u00edcio\",\"item\":\"https:\\\/\\\/www.itirapina.sp.gov.br\\\/portal\\\/\"},{\"@type\":\"ListItem\",\"position\":2,\"name\":\"Principal\"}]},{\"@type\":\"WebSite\",\"@id\":\"https:\\\/\\\/www.itirapina.sp.gov.br\\\/portal\\\/#website\",\"url\":\"https:\\\/\\\/www.itirapina.sp.gov.br\\\/portal\\\/\",\"name\":\"Prefeitura Municipal de Itirapina\",\"description\":\"Portal da Prefeitura de Itirapina\",\"publisher\":{\"@id\":\"https:\\\/\\\/www.itirapina.sp.gov.br\\\/portal\\\/#organization\"},\"alternateName\":\"Prefeitura de Itirapina\",\"potentialAction\":[{\"@type\":\"SearchAction\",\"target\":{\"@type\":\"EntryPoint\",\"urlTemplate\":\"https:\\\/\\\/www.itirapina.sp.gov.br\\\/portal\\\/?s={search_term_string}\"},\"query-input\":{\"@type\":\"PropertyValueSpecification\",\"valueRequired\":true,\"valueName\":\"search_term_string\"}}],\"inLanguage\":\"pt-BR\"},{\"@type\":\"Organization\",\"@id\":\"https:\\\/\\\/www.itirapina.sp.gov.br\\\/portal\\\/#organization\",\"name\":\"Prefeitura Municipal de Itirapina\",\"alternateName\":\"Prefeitura de Itirapina\",\"url\":\"https:\\\/\\\/www.itirapina.sp.gov.br\\\/portal\\\/\",\"logo\":{\"@type\":\"ImageObject\",\"inLanguage\":\"pt-BR\",\"@id\":\"https:\\\/\\\/www.itirapina.sp.gov.br\\\/portal\\\/#\\\/schema\\\/logo\\\/image\\\/\",\"url\":\"https:\\\/\\\/www.itirapina.sp.gov.br\\\/portal\\\/wp-content\\\/uploads\\\/2023\\\/06\\\/brasao_etiqueta.jpg\",\"contentUrl\":\"https:\\\/\\\/www.itirapina.sp.gov.br\\\/portal\\\/wp-content\\\/uploads\\\/2023\\\/06\\\/brasao_etiqueta.jpg\",\"width\":537,\"height\":587,\"caption\":\"Prefeitura Municipal de Itirapina\"},\"image\":{\"@id\":\"https:\\\/\\\/www.itirapina.sp.gov.br\\\/portal\\\/#\\\/schema\\\/logo\\\/image\\\/\"},\"sameAs\":[\"https:\\\/\\\/www.facebook.com\\\/prefeituramunicipaldeitirapina\",\"https:\\\/\\\/www.instagram.com\\\/itirapinaturismo\\\/\"]}]}<\/script>\n<!-- \/ Yoast SEO plugin. -->","yoast_head_json":{"title":"Portal da Prefeitura Municipal de Itirapina","description":"Portal da Prefeitura do Munic\u00edpio de Itirapina. Acesse Servi\u00e7os Online, Concursos P\u00fablicos, Licita\u00e7\u00f5es, Editais, Legisla\u00e7\u00e3o, entre outros.","robots":{"index":"index","follow":"follow","max-snippet":"max-snippet:-1","max-image-preview":"max-image-preview:large","max-video-preview":"max-video-preview:-1"},"canonical":"https:\/\/www.itirapina.sp.gov.br\/portal\/","og_locale":"pt_BR","og_type":"article","og_title":"Portal da Prefeitura Municipal de Itirapina","og_description":"Portal da Prefeitura do Munic\u00edpio de Itirapina. Acesse Servi\u00e7os Online, Concursos P\u00fablicos, Licita\u00e7\u00f5es, Editais, Legisla\u00e7\u00e3o, entre outros.","og_url":"https:\/\/www.itirapina.sp.gov.br\/portal\/","og_site_name":"Prefeitura Municipal de Itirapina","article_publisher":"https:\/\/www.facebook.com\/prefeituramunicipaldeitirapina","article_modified_time":"2026-03-10T18:42:02+00:00","og_image":[{"url":"https:\/\/www.itirapina.sp.gov.br\/portal\/wp-content\/uploads\/2024\/09\/btn-holerite-150x150.png","type":"","width":"","height":""}],"twitter_card":"summary_large_image","twitter_misc":{"Est. tempo de leitura":"6 minutos"},"schema":{"@context":"https:\/\/schema.org","@graph":[{"@type":"WebPage","@id":"https:\/\/www.itirapina.sp.gov.br\/portal\/","url":"https:\/\/www.itirapina.sp.gov.br\/portal\/","name":"Portal da Prefeitura Municipal de Itirapina","isPartOf":{"@id":"https:\/\/www.itirapina.sp.gov.br\/portal\/#website"},"primaryImageOfPage":{"@id":"https:\/\/www.itirapina.sp.gov.br\/portal\/#primaryimage"},"image":{"@id":"https:\/\/www.itirapina.sp.gov.br\/portal\/#primaryimage"},"thumbnailUrl":"https:\/\/www.itirapina.sp.gov.br\/portal\/wp-content\/uploads\/2024\/09\/btn-holerite-150x150.png","datePublished":"2026-03-09T17:08:43+00:00","dateModified":"2026-03-10T18:42:02+00:00","description":"Portal da Prefeitura do Munic\u00edpio de Itirapina. Acesse Servi\u00e7os Online, Concursos P\u00fablicos, Licita\u00e7\u00f5es, Editais, Legisla\u00e7\u00e3o, entre outros.","breadcrumb":{"@id":"https:\/\/www.itirapina.sp.gov.br\/portal\/#breadcrumb"},"inLanguage":"pt-BR","potentialAction":[{"@type":"ReadAction","target":["https:\/\/www.itirapina.sp.gov.br\/portal\/"]}]},{"@type":"ImageObject","inLanguage":"pt-BR","@id":"https:\/\/www.itirapina.sp.gov.br\/portal\/#primaryimage","url":"https:\/\/www.itirapina.sp.gov.br\/portal\/wp-content\/uploads\/2024\/09\/btn-holerite.png","contentUrl":"https:\/\/www.itirapina.sp.gov.br\/portal\/wp-content\/uploads\/2024\/09\/btn-holerite.png","width":193,"height":193,"caption":"Holerite"},{"@type":"BreadcrumbList","@id":"https:\/\/www.itirapina.sp.gov.br\/portal\/#breadcrumb","itemListElement":[{"@type":"ListItem","position":1,"name":"In\u00edcio","item":"https:\/\/www.itirapina.sp.gov.br\/portal\/"},{"@type":"ListItem","position":2,"name":"Principal"}]},{"@type":"WebSite","@id":"https:\/\/www.itirapina.sp.gov.br\/portal\/#website","url":"https:\/\/www.itirapina.sp.gov.br\/portal\/","name":"Prefeitura Municipal de Itirapina","description":"Portal da Prefeitura de Itirapina","publisher":{"@id":"https:\/\/www.itirapina.sp.gov.br\/portal\/#organization"},"alternateName":"Prefeitura de Itirapina","potentialAction":[{"@type":"SearchAction","target":{"@type":"EntryPoint","urlTemplate":"https:\/\/www.itirapina.sp.gov.br\/portal\/?s={search_term_string}"},"query-input":{"@type":"PropertyValueSpecification","valueRequired":true,"valueName":"search_term_string"}}],"inLanguage":"pt-BR"},{"@type":"Organization","@id":"https:\/\/www.itirapina.sp.gov.br\/portal\/#organization","name":"Prefeitura Municipal de Itirapina","alternateName":"Prefeitura de Itirapina","url":"https:\/\/www.itirapina.sp.gov.br\/portal\/","logo":{"@type":"ImageObject","inLanguage":"pt-BR","@id":"https:\/\/www.itirapina.sp.gov.br\/portal\/#\/schema\/logo\/image\/","url":"https:\/\/www.itirapina.sp.gov.br\/portal\/wp-content\/uploads\/2023\/06\/brasao_etiqueta.jpg","contentUrl":"https:\/\/www.itirapina.sp.gov.br\/portal\/wp-content\/uploads\/2023\/06\/brasao_etiqueta.jpg","width":537,"height":587,"caption":"Prefeitura Municipal de Itirapina"},"image":{"@id":"https:\/\/www.itirapina.sp.gov.br\/portal\/#\/schema\/logo\/image\/"},"sameAs":["https:\/\/www.facebook.com\/prefeituramunicipaldeitirapina","https:\/\/www.instagram.com\/itirapinaturismo\/"]}]}},"_links":{"self":[{"href":"https:\/\/www.itirapina.sp.gov.br\/portal\/wp-json\/wp\/v2\/pages\/7364","targetHints":{"allow":["GET"]}}],"collection":[{"href":"https:\/\/www.itirapina.sp.gov.br\/portal\/wp-json\/wp\/v2\/pages"}],"about":[{"href":"https:\/\/www.itirapina.sp.gov.br\/portal\/wp-json\/wp\/v2\/types\/page"}],"author":[{"embeddable":true,"href":"https:\/\/www.itirapina.sp.gov.br\/portal\/wp-json\/wp\/v2\/users\/1"}],"replies":[{"embeddable":true,"href":"https:\/\/www.itirapina.sp.gov.br\/portal\/wp-json\/wp\/v2\/comments?post=7364"}],"version-history":[{"count":7,"href":"https:\/\/www.itirapina.sp.gov.br\/portal\/wp-json\/wp\/v2\/pages\/7364\/revisions"}],"predecessor-version":[{"id":7371,"href":"https:\/\/www.itirapina.sp.gov.br\/portal\/wp-json\/wp\/v2\/pages\/7364\/revisions\/7371"}],"wp:attachment":[{"href":"https:\/\/www.itirapina.sp.gov.br\/portal\/wp-json\/wp\/v2\/media?parent=7364"}],"curies":[{"name":"wp","href":"https:\/\/api.w.org\/{rel}","templated":true}]}}