{"id":3068,"date":"2024-05-02T09:38:44","date_gmt":"2024-05-02T12:38:44","guid":{"rendered":"https:\/\/www.itirapina.sp.gov.br\/portal\/?page_id=3068"},"modified":"2024-05-22T10:54:28","modified_gmt":"2024-05-22T13:54:28","slug":"atracoes-turisticas","status":"publish","type":"page","link":"https:\/\/www.itirapina.sp.gov.br\/portal\/atracoes-turisticas\/","title":{"rendered":"Atra\u00e7\u00f5es Tur\u00edsticas"},"content":{"rendered":"\t\t<div data-elementor-type=\"wp-page\" data-elementor-id=\"3068\" class=\"elementor elementor-3068\">\n\t\t\t\t\t\t<section class=\"elementor-section elementor-top-section elementor-element elementor-element-ddb6b36 elementor-section-boxed elementor-section-height-default elementor-section-height-default wpr-particle-no wpr-jarallax-no wpr-parallax-no wpr-sticky-section-no wpr-equal-height-no\" data-id=\"ddb6b36\" data-element_type=\"section\" data-e-type=\"section\" data-settings=\"{&quot;background_background&quot;:&quot;classic&quot;}\">\n\t\t\t\t\t\t<div class=\"elementor-container elementor-column-gap-default\">\n\t\t\t\t\t<div class=\"elementor-column elementor-col-50 elementor-top-column elementor-element elementor-element-ec14a59\" data-id=\"ec14a59\" data-element_type=\"column\" data-e-type=\"column\">\n\t\t\t<div class=\"elementor-widget-wrap elementor-element-populated\">\n\t\t\t\t\t\t<div class=\"elementor-element elementor-element-622b388 elementor-widget elementor-widget-image\" data-id=\"622b388\" data-element_type=\"widget\" data-e-type=\"widget\" data-widget_type=\"image.default\">\n\t\t\t\t<div class=\"elementor-widget-container\">\n\t\t\t\t\t\t\t\t\t\t\t\t\t\t\t\t<a href=\"https:\/\/www.itirapina.sp.gov.br\/portal\/turismo\/\">\n\t\t\t\t\t\t\t<img decoding=\"async\" src=\"https:\/\/www.itirapina.sp.gov.br\/portal\/wp-content\/uploads\/elementor\/thumbs\/logo-turismo-qnhipvq1p0n2wjv2lm8dg44qrn1fb5unh2yaslab0w.png\" title=\"Itirapina Turismo &#8211; Portal da Serra\" alt=\"Itirapina Turismo\" loading=\"lazy\" \/>\t\t\t\t\t\t\t\t<\/a>\n\t\t\t\t\t\t\t\t\t\t\t\t\t\t\t<\/div>\n\t\t\t\t<\/div>\n\t\t\t\t\t<\/div>\n\t\t<\/div>\n\t\t\t\t<div class=\"elementor-column elementor-col-50 elementor-top-column elementor-element elementor-element-676b074\" data-id=\"676b074\" data-element_type=\"column\" data-e-type=\"column\">\n\t\t\t<div class=\"elementor-widget-wrap elementor-element-populated\">\n\t\t\t\t\t\t<div class=\"elementor-element elementor-element-c1da7b6 elementor-align-center elementor-widget elementor-widget-button\" data-id=\"c1da7b6\" data-element_type=\"widget\" data-e-type=\"widget\" data-widget_type=\"button.default\">\n\t\t\t\t<div class=\"elementor-widget-container\">\n\t\t\t\t\t\t\t\t\t<div class=\"elementor-button-wrapper\">\n\t\t\t\t\t<a class=\"elementor-button elementor-button-link elementor-size-sm\" href=\"https:\/\/www.itirapina.sp.gov.br\/\">\n\t\t\t\t\t\t<span class=\"elementor-button-content-wrapper\">\n\t\t\t\t\t\t<span class=\"elementor-button-icon\">\n\t\t\t\t<i aria-hidden=\"true\" class=\"fas fa-arrow-alt-circle-left\"><\/i>\t\t\t<\/span>\n\t\t\t\t\t\t\t\t\t<span class=\"elementor-button-text\">Voltar ao site principal<\/span>\n\t\t\t\t\t<\/span>\n\t\t\t\t\t<\/a>\n\t\t\t\t<\/div>\n\t\t\t\t\t\t\t\t<\/div>\n\t\t\t\t<\/div>\n\t\t\t\t\t<\/div>\n\t\t<\/div>\n\t\t\t\t\t<\/div>\n\t\t<\/section>\n\t\t\t\t<section class=\"elementor-section elementor-top-section elementor-element elementor-element-246c6de elementor-section-boxed elementor-section-height-default elementor-section-height-default wpr-particle-no wpr-jarallax-no wpr-parallax-no wpr-sticky-section-no wpr-equal-height-no\" data-id=\"246c6de\" data-element_type=\"section\" data-e-type=\"section\">\n\t\t\t\t\t\t<div class=\"elementor-container elementor-column-gap-default\">\n\t\t\t\t\t<div class=\"elementor-column elementor-col-100 elementor-top-column elementor-element elementor-element-ad1da0b\" data-id=\"ad1da0b\" data-element_type=\"column\" data-e-type=\"column\">\n\t\t\t<div class=\"elementor-widget-wrap elementor-element-populated\">\n\t\t\t\t\t\t<div class=\"elementor-element elementor-element-ee59585 wpr-main-menu-align-center wpr-pointer-none wpr-sub-icon-none wpr-main-menu-align--tabletleft wpr-main-menu-align--mobileleft wpr-sub-menu-fx-fade wpr-nav-menu-bp-mobile wpr-mobile-menu-full-width wpr-mobile-menu-item-align-center wpr-mobile-toggle-v1 wpr-sub-divider-yes wpr-mobile-divider-yes elementor-widget elementor-widget-wpr-nav-menu\" data-id=\"ee59585\" data-element_type=\"widget\" data-e-type=\"widget\" data-settings=\"{&quot;menu_layout&quot;:&quot;horizontal&quot;}\" data-widget_type=\"wpr-nav-menu.default\">\n\t\t\t\t<div class=\"elementor-widget-container\">\n\t\t\t\t\t<nav class=\"wpr-nav-menu-container wpr-nav-menu-horizontal\" data-trigger=\"hover\" data-consider-header=\"\" data-scroll-speed=\"500\"><ul id=\"menu-1-ee59585\" class=\"wpr-nav-menu\"><li class=\"menu-item menu-item-type-post_type menu-item-object-page menu-item-3074\"><a href=\"https:\/\/www.itirapina.sp.gov.br\/portal\/alimentacao-e-servicos\/\" class=\"wpr-menu-item wpr-pointer-item\">Alimenta\u00e7\u00e3o e Servi\u00e7os<\/a><\/li>\n<li class=\"menu-item menu-item-type-post_type menu-item-object-page menu-item-3075\"><a href=\"https:\/\/www.itirapina.sp.gov.br\/portal\/hospedagens\/\" class=\"wpr-menu-item wpr-pointer-item\">Hospedagens<\/a><\/li>\n<li class=\"menu-item menu-item-type-post_type menu-item-object-page menu-item-3076\"><a href=\"https:\/\/www.itirapina.sp.gov.br\/portal\/atracoes-turisticas\/\" class=\"wpr-menu-item wpr-pointer-item\">Atra\u00e7\u00f5es Tur\u00edsticas<\/a><\/li>\n<li class=\"menu-item menu-item-type-custom menu-item-object-custom menu-item-3077\"><a href=\"https:\/\/www.itirapina.sp.gov.br\/portal\/locais\/secretaria-municipal-de-turismo-e-meio-ambiente\/\" class=\"wpr-menu-item wpr-pointer-item\">Secretaria de Turismo e Meio Ambiente<\/a><\/li>\n<\/ul><\/nav><nav class=\"wpr-mobile-nav-menu-container\"><div class=\"wpr-mobile-toggle-wrap\"><div class=\"wpr-mobile-toggle\"><span class=\"wpr-mobile-toggle-line\"><\/span><span class=\"wpr-mobile-toggle-line\"><\/span><span class=\"wpr-mobile-toggle-line\"><\/span><\/div><\/div><ul id=\"mobile-menu-2-ee59585\" class=\"wpr-mobile-nav-menu\"><li class=\"menu-item menu-item-type-post_type menu-item-object-page menu-item-3074\"><a href=\"https:\/\/www.itirapina.sp.gov.br\/portal\/alimentacao-e-servicos\/\" class=\"wpr-mobile-menu-item\">Alimenta\u00e7\u00e3o e Servi\u00e7os<\/a><\/li>\n<li class=\"menu-item menu-item-type-post_type menu-item-object-page menu-item-3075\"><a href=\"https:\/\/www.itirapina.sp.gov.br\/portal\/hospedagens\/\" class=\"wpr-mobile-menu-item\">Hospedagens<\/a><\/li>\n<li class=\"menu-item menu-item-type-post_type menu-item-object-page menu-item-3076\"><a href=\"https:\/\/www.itirapina.sp.gov.br\/portal\/atracoes-turisticas\/\" class=\"wpr-mobile-menu-item\">Atra\u00e7\u00f5es Tur\u00edsticas<\/a><\/li>\n<li class=\"menu-item menu-item-type-custom menu-item-object-custom menu-item-3077\"><a href=\"https:\/\/www.itirapina.sp.gov.br\/portal\/locais\/secretaria-municipal-de-turismo-e-meio-ambiente\/\" class=\"wpr-mobile-menu-item\">Secretaria de Turismo e Meio Ambiente<\/a><\/li>\n<\/ul><\/nav>\t\t\t\t<\/div>\n\t\t\t\t<\/div>\n\t\t\t\t\t<\/div>\n\t\t<\/div>\n\t\t\t\t\t<\/div>\n\t\t<\/section>\n\t\t\t\t<section class=\"elementor-section elementor-top-section elementor-element elementor-element-7cb547a elementor-hidden-mobile elementor-section-boxed elementor-section-height-default elementor-section-height-default wpr-particle-no wpr-jarallax-no wpr-parallax-no wpr-sticky-section-no wpr-equal-height-no\" data-id=\"7cb547a\" data-element_type=\"section\" data-e-type=\"section\" data-settings=\"{&quot;background_background&quot;:&quot;classic&quot;}\">\n\t\t\t\t\t\t<div class=\"elementor-container elementor-column-gap-default\">\n\t\t\t\t\t<div class=\"elementor-column elementor-col-100 elementor-top-column elementor-element elementor-element-f201272\" data-id=\"f201272\" data-element_type=\"column\" data-e-type=\"column\">\n\t\t\t<div class=\"elementor-widget-wrap elementor-element-populated\">\n\t\t\t\t\t\t<section class=\"elementor-section elementor-inner-section elementor-element elementor-element-a0edb25 elementor-section-boxed elementor-section-height-default elementor-section-height-default wpr-particle-no wpr-jarallax-no wpr-parallax-no wpr-sticky-section-no wpr-equal-height-no\" data-id=\"a0edb25\" data-element_type=\"section\" data-e-type=\"section\" data-settings=\"{&quot;background_background&quot;:&quot;classic&quot;}\">\n\t\t\t\t\t\t<div class=\"elementor-container elementor-column-gap-default\">\n\t\t\t\t\t<div class=\"elementor-column elementor-col-100 elementor-inner-column elementor-element elementor-element-1f805e5\" data-id=\"1f805e5\" data-element_type=\"column\" data-e-type=\"column\">\n\t\t\t<div class=\"elementor-widget-wrap elementor-element-populated\">\n\t\t\t\t\t\t<div class=\"elementor-element elementor-element-90b865d elementor-widget elementor-widget-heading\" data-id=\"90b865d\" data-element_type=\"widget\" data-e-type=\"widget\" data-widget_type=\"heading.default\">\n\t\t\t\t<div class=\"elementor-widget-container\">\n\t\t\t\t\t<h2 class=\"elementor-heading-title elementor-size-default\">ATRA\u00c7\u00d5ES TUR\u00cdSTICAS<\/h2>\t\t\t\t<\/div>\n\t\t\t\t<\/div>\n\t\t\t\t\t<\/div>\n\t\t<\/div>\n\t\t\t\t\t<\/div>\n\t\t<\/section>\n\t\t\t\t<section class=\"elementor-section elementor-inner-section elementor-element elementor-element-5b0e049 elementor-section-boxed elementor-section-height-default elementor-section-height-default wpr-particle-no wpr-jarallax-no wpr-parallax-no wpr-sticky-section-no wpr-equal-height-no\" data-id=\"5b0e049\" data-element_type=\"section\" data-e-type=\"section\" data-settings=\"{&quot;background_background&quot;:&quot;classic&quot;}\">\n\t\t\t\t\t\t<div class=\"elementor-container elementor-column-gap-default\">\n\t\t\t\t\t<div class=\"elementor-column elementor-col-100 elementor-inner-column elementor-element elementor-element-2962392\" data-id=\"2962392\" data-element_type=\"column\" data-e-type=\"column\">\n\t\t\t<div class=\"elementor-widget-wrap elementor-element-populated\">\n\t\t\t\t\t\t<div class=\"elementor-element elementor-element-ed48ab8 elementor-widget elementor-widget-text-editor\" data-id=\"ed48ab8\" data-element_type=\"widget\" data-e-type=\"widget\" data-widget_type=\"text-editor.default\">\n\t\t\t\t<div class=\"elementor-widget-container\">\n\t\t\t\t\t\t\t\t\t<p>Conhe\u00e7a os principais pontos tur\u00edsticos da cidade de Itirapina e saiba como chegar.<\/p>\t\t\t\t\t\t\t\t<\/div>\n\t\t\t\t<\/div>\n\t\t\t\t\t<\/div>\n\t\t<\/div>\n\t\t\t\t\t<\/div>\n\t\t<\/section>\n\t\t\t\t<section class=\"elementor-section elementor-inner-section elementor-element elementor-element-26bc324 elementor-section-boxed elementor-section-height-default elementor-section-height-default wpr-particle-no wpr-jarallax-no wpr-parallax-no wpr-sticky-section-no wpr-equal-height-no\" data-id=\"26bc324\" data-element_type=\"section\" data-e-type=\"section\" data-settings=\"{&quot;background_background&quot;:&quot;classic&quot;}\">\n\t\t\t\t\t\t<div class=\"elementor-container elementor-column-gap-default\">\n\t\t\t\t\t<div class=\"elementor-column elementor-col-50 elementor-inner-column elementor-element elementor-element-21cfefb\" data-id=\"21cfefb\" data-element_type=\"column\" data-e-type=\"column\" data-settings=\"{&quot;background_background&quot;:&quot;classic&quot;}\">\n\t\t\t<div class=\"elementor-widget-wrap elementor-element-populated\">\n\t\t\t\t\t\t<div class=\"elementor-element elementor-element-f6300fa elementor-widget elementor-widget-image\" data-id=\"f6300fa\" data-element_type=\"widget\" data-e-type=\"widget\" data-widget_type=\"image.default\">\n\t\t\t\t<div class=\"elementor-widget-container\">\n\t\t\t\t\t\t\t\t\t\t\t\t\t\t\t<img fetchpriority=\"high\" decoding=\"async\" width=\"1920\" height=\"1280\" src=\"https:\/\/www.itirapina.sp.gov.br\/portal\/wp-content\/uploads\/2024\/05\/Estacao-Experimental-de-Itirapina-Fazendinha.jpg\" class=\"attachment-full size-full wp-image-3277\" alt=\"Esta\u00e7\u00e3o Experimental de Itirapina (Fazendinha)\" srcset=\"https:\/\/www.itirapina.sp.gov.br\/portal\/wp-content\/uploads\/2024\/05\/Estacao-Experimental-de-Itirapina-Fazendinha.jpg 1920w, https:\/\/www.itirapina.sp.gov.br\/portal\/wp-content\/uploads\/2024\/05\/Estacao-Experimental-de-Itirapina-Fazendinha-300x200.jpg 300w, https:\/\/www.itirapina.sp.gov.br\/portal\/wp-content\/uploads\/2024\/05\/Estacao-Experimental-de-Itirapina-Fazendinha-1024x683.jpg 1024w, https:\/\/www.itirapina.sp.gov.br\/portal\/wp-content\/uploads\/2024\/05\/Estacao-Experimental-de-Itirapina-Fazendinha-768x512.jpg 768w, https:\/\/www.itirapina.sp.gov.br\/portal\/wp-content\/uploads\/2024\/05\/Estacao-Experimental-de-Itirapina-Fazendinha-1536x1024.jpg 1536w\" sizes=\"(max-width: 1920px) 100vw, 1920px\" \/>\t\t\t\t\t\t\t\t\t\t\t\t\t\t\t<\/div>\n\t\t\t\t<\/div>\n\t\t\t\t\t<\/div>\n\t\t<\/div>\n\t\t\t\t<div class=\"elementor-column elementor-col-50 elementor-inner-column elementor-element elementor-element-5774582\" data-id=\"5774582\" data-element_type=\"column\" data-e-type=\"column\">\n\t\t\t<div class=\"elementor-widget-wrap elementor-element-populated\">\n\t\t\t\t\t\t<div class=\"elementor-element elementor-element-1286575 elementor-widget elementor-widget-heading\" data-id=\"1286575\" data-element_type=\"widget\" data-e-type=\"widget\" data-widget_type=\"heading.default\">\n\t\t\t\t<div class=\"elementor-widget-container\">\n\t\t\t\t\t<h3 class=\"elementor-heading-title elementor-size-default\">\u00c1rea de uso p\u00fablico da Esta\u00e7\u00e3o Ecol\u00f3gica e Experimental de Itirapina \u201cFazendinha\u201d<\/h3>\t\t\t\t<\/div>\n\t\t\t\t<\/div>\n\t\t\t\t<div class=\"elementor-element elementor-element-4e38607 elementor-widget elementor-widget-text-editor\" data-id=\"4e38607\" data-element_type=\"widget\" data-e-type=\"widget\" data-widget_type=\"text-editor.default\">\n\t\t\t\t<div class=\"elementor-widget-container\">\n\t\t\t\t\t\t\t\t\t<p><strong>\u00a0<\/strong>Administrada pela Funda\u00e7\u00e3o Florestal a \u201cFazendinha\u201d, como \u00e9 carinhosamente chamada pelos itirapinenses possui represa para contempla\u00e7\u00e3o, parquinho, pista de sa\u00fade, bosques, diversos bancos e muita \u00e1rea verde. Local propicio \u00e0 pratica de \u201c<em>birdwatching\u201d. <\/em><\/p><p>Aberto todos os dias das 7 \u00e0s 18 horas.<\/p><p><strong>Acesso gratuito.<\/strong><\/p>\t\t\t\t\t\t\t\t<\/div>\n\t\t\t\t<\/div>\n\t\t\t\t<div class=\"elementor-element elementor-element-de70238 elementor-align-center elementor-icon-list--layout-traditional elementor-list-item-link-full_width elementor-widget elementor-widget-icon-list\" data-id=\"de70238\" data-element_type=\"widget\" data-e-type=\"widget\" data-widget_type=\"icon-list.default\">\n\t\t\t\t<div class=\"elementor-widget-container\">\n\t\t\t\t\t\t\t<ul class=\"elementor-icon-list-items\">\n\t\t\t\t\t\t\t<li class=\"elementor-icon-list-item\">\n\t\t\t\t\t\t\t\t\t\t\t<span class=\"elementor-icon-list-icon\">\n\t\t\t\t\t\t\t<i aria-hidden=\"true\" class=\"fas fa-phone-square-alt\"><\/i>\t\t\t\t\t\t<\/span>\n\t\t\t\t\t\t\t\t\t\t<span class=\"elementor-icon-list-text\">(19) 3575-1345<\/span>\n\t\t\t\t\t\t\t\t\t<\/li>\n\t\t\t\t\t\t\t\t<li class=\"elementor-icon-list-item\">\n\t\t\t\t\t\t\t\t\t\t\t<a href=\"https:\/\/maps.app.goo.gl\/iL7vo329UuLcpiK37\">\n\n\t\t\t\t\t\t\t\t\t\t\t\t<span class=\"elementor-icon-list-icon\">\n\t\t\t\t\t\t\t<i aria-hidden=\"true\" class=\"fas fa-map-marker-alt\"><\/i>\t\t\t\t\t\t<\/span>\n\t\t\t\t\t\t\t\t\t\t<span class=\"elementor-icon-list-text\">Rua Oito, Vila Santa Cruz<\/span>\n\t\t\t\t\t\t\t\t\t\t\t<\/a>\n\t\t\t\t\t\t\t\t\t<\/li>\n\t\t\t\t\t\t<\/ul>\n\t\t\t\t\t\t<\/div>\n\t\t\t\t<\/div>\n\t\t\t\t\t<\/div>\n\t\t<\/div>\n\t\t\t\t\t<\/div>\n\t\t<\/section>\n\t\t\t\t<section class=\"elementor-section elementor-inner-section elementor-element elementor-element-7365b24 elementor-section-boxed elementor-section-height-default elementor-section-height-default wpr-particle-no wpr-jarallax-no wpr-parallax-no wpr-sticky-section-no wpr-equal-height-no\" data-id=\"7365b24\" data-element_type=\"section\" data-e-type=\"section\" data-settings=\"{&quot;background_background&quot;:&quot;classic&quot;}\">\n\t\t\t\t\t\t<div class=\"elementor-container elementor-column-gap-default\">\n\t\t\t\t\t<div class=\"elementor-column elementor-col-50 elementor-inner-column elementor-element elementor-element-73db23f\" data-id=\"73db23f\" data-element_type=\"column\" data-e-type=\"column\">\n\t\t\t<div class=\"elementor-widget-wrap elementor-element-populated\">\n\t\t\t\t\t\t<div class=\"elementor-element elementor-element-04fa0e2 elementor-widget elementor-widget-heading\" data-id=\"04fa0e2\" data-element_type=\"widget\" data-e-type=\"widget\" data-widget_type=\"heading.default\">\n\t\t\t\t<div class=\"elementor-widget-container\">\n\t\t\t\t\t<h3 class=\"elementor-heading-title elementor-size-default\">Salt\u00e3o Parque de Ecoturismo<\/h3>\t\t\t\t<\/div>\n\t\t\t\t<\/div>\n\t\t\t\t<div class=\"elementor-element elementor-element-48a7406 elementor-widget elementor-widget-text-editor\" data-id=\"48a7406\" data-element_type=\"widget\" data-e-type=\"widget\" data-widget_type=\"text-editor.default\">\n\t\t\t\t<div class=\"elementor-widget-container\">\n\t\t\t\t\t\t\t\t\t<p>Parque de ecoturismo com tr\u00eas cachoeiras onde se destaca a Cachoeira Salt\u00e3o, com 70 metros de altura sendo a cachoeira mais bonita da Serra de Itaquer\u00ed. A Cachoeira Monjolinho que tamb\u00e9m fica no Parque \u00e9 ideal para banho e a Cachoeira da Ferradura para quem quer fazer uma trilha de curta dura\u00e7\u00e3o, tamb\u00e9m nas depend\u00eancias do Parque. O local conta com infraestrutura completa: portaria, restaurante, bar, lanchonete, estacionamento, mirante, trilhas de acesso \u00e0s cachoeiras com escadaria, \u00e1rea de camping, apartamentos, piscinas, quiosques para churrascos e sanit\u00e1rios.<\/p>\t\t\t\t\t\t\t\t<\/div>\n\t\t\t\t<\/div>\n\t\t\t\t<div class=\"elementor-element elementor-element-a19c070 elementor-align-center elementor-icon-list--layout-traditional elementor-list-item-link-full_width elementor-widget elementor-widget-icon-list\" data-id=\"a19c070\" data-element_type=\"widget\" data-e-type=\"widget\" data-widget_type=\"icon-list.default\">\n\t\t\t\t<div class=\"elementor-widget-container\">\n\t\t\t\t\t\t\t<ul class=\"elementor-icon-list-items\">\n\t\t\t\t\t\t\t<li class=\"elementor-icon-list-item\">\n\t\t\t\t\t\t\t\t\t\t\t<span class=\"elementor-icon-list-icon\">\n\t\t\t\t\t\t\t<i aria-hidden=\"true\" class=\"fas fa-phone-square-alt\"><\/i>\t\t\t\t\t\t<\/span>\n\t\t\t\t\t\t\t\t\t\t<span class=\"elementor-icon-list-text\">(19) 3294-4774<\/span>\n\t\t\t\t\t\t\t\t\t<\/li>\n\t\t\t\t\t\t\t\t<li class=\"elementor-icon-list-item\">\n\t\t\t\t\t\t\t\t\t\t\t<a href=\"http:\/\/www.saltao.com.br\">\n\n\t\t\t\t\t\t\t\t\t\t\t\t<span class=\"elementor-icon-list-icon\">\n\t\t\t\t\t\t\t<i aria-hidden=\"true\" class=\"fas fa-link\"><\/i>\t\t\t\t\t\t<\/span>\n\t\t\t\t\t\t\t\t\t\t<span class=\"elementor-icon-list-text\">www.saltao.com.br<\/span>\n\t\t\t\t\t\t\t\t\t\t\t<\/a>\n\t\t\t\t\t\t\t\t\t<\/li>\n\t\t\t\t\t\t\t\t<li class=\"elementor-icon-list-item\">\n\t\t\t\t\t\t\t\t\t\t\t<a href=\"https:\/\/maps.app.goo.gl\/1DeMnTaVF5S3Ap1a7\">\n\n\t\t\t\t\t\t\t\t\t\t\t\t<span class=\"elementor-icon-list-icon\">\n\t\t\t\t\t\t\t<i aria-hidden=\"true\" class=\"fas fa-map-marker-alt\"><\/i>\t\t\t\t\t\t<\/span>\n\t\t\t\t\t\t\t\t\t\t<span class=\"elementor-icon-list-text\">Estrada Municipal Ulisses Guimar\u00e3es, a 23 km da cidade<\/span>\n\t\t\t\t\t\t\t\t\t\t\t<\/a>\n\t\t\t\t\t\t\t\t\t<\/li>\n\t\t\t\t\t\t<\/ul>\n\t\t\t\t\t\t<\/div>\n\t\t\t\t<\/div>\n\t\t\t\t\t<\/div>\n\t\t<\/div>\n\t\t\t\t<div class=\"elementor-column elementor-col-50 elementor-inner-column elementor-element elementor-element-b53a576\" data-id=\"b53a576\" data-element_type=\"column\" data-e-type=\"column\" data-settings=\"{&quot;background_background&quot;:&quot;classic&quot;}\">\n\t\t\t<div class=\"elementor-widget-wrap elementor-element-populated\">\n\t\t\t\t\t\t<div class=\"elementor-element elementor-element-b5f45ca elementor-widget elementor-widget-image\" data-id=\"b5f45ca\" data-element_type=\"widget\" data-e-type=\"widget\" data-widget_type=\"image.default\">\n\t\t\t\t<div class=\"elementor-widget-container\">\n\t\t\t\t\t\t\t\t\t\t\t\t\t\t\t<img decoding=\"async\" width=\"1920\" height=\"1078\" src=\"https:\/\/www.itirapina.sp.gov.br\/portal\/wp-content\/uploads\/2024\/05\/Cachoeira-Saltao.jpg\" class=\"attachment-full size-full wp-image-3272\" alt=\"Cachoeira Salt\u00e3o\" srcset=\"https:\/\/www.itirapina.sp.gov.br\/portal\/wp-content\/uploads\/2024\/05\/Cachoeira-Saltao.jpg 1920w, https:\/\/www.itirapina.sp.gov.br\/portal\/wp-content\/uploads\/2024\/05\/Cachoeira-Saltao-300x168.jpg 300w, https:\/\/www.itirapina.sp.gov.br\/portal\/wp-content\/uploads\/2024\/05\/Cachoeira-Saltao-1024x575.jpg 1024w, https:\/\/www.itirapina.sp.gov.br\/portal\/wp-content\/uploads\/2024\/05\/Cachoeira-Saltao-768x431.jpg 768w, https:\/\/www.itirapina.sp.gov.br\/portal\/wp-content\/uploads\/2024\/05\/Cachoeira-Saltao-1536x862.jpg 1536w\" sizes=\"(max-width: 1920px) 100vw, 1920px\" \/>\t\t\t\t\t\t\t\t\t\t\t\t\t\t\t<\/div>\n\t\t\t\t<\/div>\n\t\t\t\t\t<\/div>\n\t\t<\/div>\n\t\t\t\t\t<\/div>\n\t\t<\/section>\n\t\t\t\t<section class=\"elementor-section elementor-inner-section elementor-element elementor-element-b55642a elementor-section-boxed elementor-section-height-default elementor-section-height-default wpr-particle-no wpr-jarallax-no wpr-parallax-no wpr-sticky-section-no wpr-equal-height-no\" data-id=\"b55642a\" data-element_type=\"section\" data-e-type=\"section\" data-settings=\"{&quot;background_background&quot;:&quot;classic&quot;}\">\n\t\t\t\t\t\t<div class=\"elementor-container elementor-column-gap-default\">\n\t\t\t\t\t<div class=\"elementor-column elementor-col-50 elementor-inner-column elementor-element elementor-element-5df6cf7\" data-id=\"5df6cf7\" data-element_type=\"column\" data-e-type=\"column\" data-settings=\"{&quot;background_background&quot;:&quot;classic&quot;}\">\n\t\t\t<div class=\"elementor-widget-wrap elementor-element-populated\">\n\t\t\t\t\t\t<div class=\"elementor-element elementor-element-2c27bf8 elementor-widget elementor-widget-image\" data-id=\"2c27bf8\" data-element_type=\"widget\" data-e-type=\"widget\" data-widget_type=\"image.default\">\n\t\t\t\t<div class=\"elementor-widget-container\">\n\t\t\t\t\t\t\t\t\t\t\t\t\t\t\t<img decoding=\"async\" width=\"1920\" height=\"1078\" src=\"https:\/\/www.itirapina.sp.gov.br\/portal\/wp-content\/uploads\/2024\/05\/Balneario-Santo-Antonio-Broa.jpg\" class=\"attachment-full size-full wp-image-3270\" alt=\"Balne\u00e1rio Santo Antonio (Broa)\" srcset=\"https:\/\/www.itirapina.sp.gov.br\/portal\/wp-content\/uploads\/2024\/05\/Balneario-Santo-Antonio-Broa.jpg 1920w, https:\/\/www.itirapina.sp.gov.br\/portal\/wp-content\/uploads\/2024\/05\/Balneario-Santo-Antonio-Broa-300x168.jpg 300w, https:\/\/www.itirapina.sp.gov.br\/portal\/wp-content\/uploads\/2024\/05\/Balneario-Santo-Antonio-Broa-1024x575.jpg 1024w, https:\/\/www.itirapina.sp.gov.br\/portal\/wp-content\/uploads\/2024\/05\/Balneario-Santo-Antonio-Broa-768x431.jpg 768w, https:\/\/www.itirapina.sp.gov.br\/portal\/wp-content\/uploads\/2024\/05\/Balneario-Santo-Antonio-Broa-1536x862.jpg 1536w\" sizes=\"(max-width: 1920px) 100vw, 1920px\" \/>\t\t\t\t\t\t\t\t\t\t\t\t\t\t\t<\/div>\n\t\t\t\t<\/div>\n\t\t\t\t\t<\/div>\n\t\t<\/div>\n\t\t\t\t<div class=\"elementor-column elementor-col-50 elementor-inner-column elementor-element elementor-element-31dcd82\" data-id=\"31dcd82\" data-element_type=\"column\" data-e-type=\"column\">\n\t\t\t<div class=\"elementor-widget-wrap elementor-element-populated\">\n\t\t\t\t\t\t<div class=\"elementor-element elementor-element-1246206 elementor-widget elementor-widget-heading\" data-id=\"1246206\" data-element_type=\"widget\" data-e-type=\"widget\" data-widget_type=\"heading.default\">\n\t\t\t\t<div class=\"elementor-widget-container\">\n\t\t\t\t\t<h3 class=\"elementor-heading-title elementor-size-default\">Balne\u00e1rio Santo Ant\u00f4nio \u201cBroa\u201d<\/h3>\t\t\t\t<\/div>\n\t\t\t\t<\/div>\n\t\t\t\t<div class=\"elementor-element elementor-element-2ec5a6e elementor-widget elementor-widget-text-editor\" data-id=\"2ec5a6e\" data-element_type=\"widget\" data-e-type=\"widget\" data-widget_type=\"text-editor.default\">\n\t\t\t\t<div class=\"elementor-widget-container\">\n\t\t\t\t\t\t\t\t\t<p>Balne\u00e1rio municipal as margens da Represa do Broa com tr\u00eas quil\u00f4metros de praia e cal\u00e7ad\u00e3o, ideal para banho, pesca e esportes n\u00e1uticos. O local conta com marinas e diversos bares e restaurantes. Acesso controlado por portaria.<\/p>\t\t\t\t\t\t\t\t<\/div>\n\t\t\t\t<\/div>\n\t\t\t\t<div class=\"elementor-element elementor-element-684926c elementor-align-center elementor-icon-list--layout-traditional elementor-list-item-link-full_width elementor-widget elementor-widget-icon-list\" data-id=\"684926c\" data-element_type=\"widget\" data-e-type=\"widget\" data-widget_type=\"icon-list.default\">\n\t\t\t\t<div class=\"elementor-widget-container\">\n\t\t\t\t\t\t\t<ul class=\"elementor-icon-list-items\">\n\t\t\t\t\t\t\t<li class=\"elementor-icon-list-item\">\n\t\t\t\t\t\t\t\t\t\t\t<span class=\"elementor-icon-list-icon\">\n\t\t\t\t\t\t\t<i aria-hidden=\"true\" class=\"fas fa-phone-square-alt\"><\/i>\t\t\t\t\t\t<\/span>\n\t\t\t\t\t\t\t\t\t\t<span class=\"elementor-icon-list-text\">(19) 3575-1060<\/span>\n\t\t\t\t\t\t\t\t\t<\/li>\n\t\t\t\t\t\t\t\t<li class=\"elementor-icon-list-item\">\n\t\t\t\t\t\t\t\t\t\t\t<a href=\"https:\/\/maps.app.goo.gl\/iy7NxgNP31UR41q38\">\n\n\t\t\t\t\t\t\t\t\t\t\t\t<span class=\"elementor-icon-list-icon\">\n\t\t\t\t\t\t\t<i aria-hidden=\"true\" class=\"fas fa-map-marker-alt\"><\/i>\t\t\t\t\t\t<\/span>\n\t\t\t\t\t\t\t\t\t\t<span class=\"elementor-icon-list-text\">Rodovia Municipal Dr. Fernando de Arruda Botelho, a 6 km da cidade<\/span>\n\t\t\t\t\t\t\t\t\t\t\t<\/a>\n\t\t\t\t\t\t\t\t\t<\/li>\n\t\t\t\t\t\t<\/ul>\n\t\t\t\t\t\t<\/div>\n\t\t\t\t<\/div>\n\t\t\t\t\t<\/div>\n\t\t<\/div>\n\t\t\t\t\t<\/div>\n\t\t<\/section>\n\t\t\t\t<section class=\"elementor-section elementor-inner-section elementor-element elementor-element-ed62994 elementor-section-boxed elementor-section-height-default elementor-section-height-default wpr-particle-no wpr-jarallax-no wpr-parallax-no wpr-sticky-section-no wpr-equal-height-no\" data-id=\"ed62994\" data-element_type=\"section\" data-e-type=\"section\" data-settings=\"{&quot;background_background&quot;:&quot;classic&quot;}\">\n\t\t\t\t\t\t<div class=\"elementor-container elementor-column-gap-default\">\n\t\t\t\t\t<div class=\"elementor-column elementor-col-50 elementor-inner-column elementor-element elementor-element-e03718e\" data-id=\"e03718e\" data-element_type=\"column\" data-e-type=\"column\">\n\t\t\t<div class=\"elementor-widget-wrap elementor-element-populated\">\n\t\t\t\t\t\t<div class=\"elementor-element elementor-element-3014cc2 elementor-widget elementor-widget-heading\" data-id=\"3014cc2\" data-element_type=\"widget\" data-e-type=\"widget\" data-widget_type=\"heading.default\">\n\t\t\t\t<div class=\"elementor-widget-container\">\n\t\t\t\t\t<h3 class=\"elementor-heading-title elementor-size-default\">Morro do Fog\u00e3o<\/h3>\t\t\t\t<\/div>\n\t\t\t\t<\/div>\n\t\t\t\t<div class=\"elementor-element elementor-element-19c60aa elementor-widget elementor-widget-text-editor\" data-id=\"19c60aa\" data-element_type=\"widget\" data-e-type=\"widget\" data-widget_type=\"text-editor.default\">\n\t\t\t\t<div class=\"elementor-widget-container\">\n\t\t\t\t\t\t\t\t\t<p>Mirante natural em um dos pontos mais altos da Serra de Itaquer\u00ed com 1.100 metros de altitude e um desn\u00edvel de 450 metros, bel\u00edssimo visual. O local fica a 26 km da cidade e possui infraestrutura de bar e sanit\u00e1rios, al\u00e9m de um p\u00f3rtico para fotos com um lindo visual de fundo.<\/p>\t\t\t\t\t\t\t\t<\/div>\n\t\t\t\t<\/div>\n\t\t\t\t<div class=\"elementor-element elementor-element-8a02bda elementor-align-center elementor-icon-list--layout-traditional elementor-list-item-link-full_width elementor-widget elementor-widget-icon-list\" data-id=\"8a02bda\" data-element_type=\"widget\" data-e-type=\"widget\" data-widget_type=\"icon-list.default\">\n\t\t\t\t<div class=\"elementor-widget-container\">\n\t\t\t\t\t\t\t<ul class=\"elementor-icon-list-items\">\n\t\t\t\t\t\t\t<li class=\"elementor-icon-list-item\">\n\t\t\t\t\t\t\t\t\t\t\t<a href=\"https:\/\/maps.app.goo.gl\/NfvV9K5aELCtyK758\">\n\n\t\t\t\t\t\t\t\t\t\t\t\t<span class=\"elementor-icon-list-icon\">\n\t\t\t\t\t\t\t<i aria-hidden=\"true\" class=\"fas fa-map-marker-alt\"><\/i>\t\t\t\t\t\t<\/span>\n\t\t\t\t\t\t\t\t\t\t<span class=\"elementor-icon-list-text\">Localiza\u00e7\u00e3o<\/span>\n\t\t\t\t\t\t\t\t\t\t\t<\/a>\n\t\t\t\t\t\t\t\t\t<\/li>\n\t\t\t\t\t\t<\/ul>\n\t\t\t\t\t\t<\/div>\n\t\t\t\t<\/div>\n\t\t\t\t\t<\/div>\n\t\t<\/div>\n\t\t\t\t<div class=\"elementor-column elementor-col-50 elementor-inner-column elementor-element elementor-element-52c9a6e\" data-id=\"52c9a6e\" data-element_type=\"column\" data-e-type=\"column\">\n\t\t\t<div class=\"elementor-widget-wrap elementor-element-populated\">\n\t\t\t\t\t\t<div class=\"elementor-element elementor-element-eb8c3b8 elementor-widget elementor-widget-image\" data-id=\"eb8c3b8\" data-element_type=\"widget\" data-e-type=\"widget\" data-widget_type=\"image.default\">\n\t\t\t\t<div class=\"elementor-widget-container\">\n\t\t\t\t\t\t\t\t\t\t\t\t\t\t\t<img loading=\"lazy\" decoding=\"async\" width=\"1920\" height=\"1440\" src=\"https:\/\/www.itirapina.sp.gov.br\/portal\/wp-content\/uploads\/2024\/05\/Morro-do-Fogao.jpg\" class=\"attachment-full size-full wp-image-3279\" alt=\"Morro do Fog\u00e3o\" srcset=\"https:\/\/www.itirapina.sp.gov.br\/portal\/wp-content\/uploads\/2024\/05\/Morro-do-Fogao.jpg 1920w, https:\/\/www.itirapina.sp.gov.br\/portal\/wp-content\/uploads\/2024\/05\/Morro-do-Fogao-300x225.jpg 300w, https:\/\/www.itirapina.sp.gov.br\/portal\/wp-content\/uploads\/2024\/05\/Morro-do-Fogao-1024x768.jpg 1024w, https:\/\/www.itirapina.sp.gov.br\/portal\/wp-content\/uploads\/2024\/05\/Morro-do-Fogao-768x576.jpg 768w, https:\/\/www.itirapina.sp.gov.br\/portal\/wp-content\/uploads\/2024\/05\/Morro-do-Fogao-1536x1152.jpg 1536w\" sizes=\"(max-width: 1920px) 100vw, 1920px\" \/>\t\t\t\t\t\t\t\t\t\t\t\t\t\t\t<\/div>\n\t\t\t\t<\/div>\n\t\t\t\t\t<\/div>\n\t\t<\/div>\n\t\t\t\t\t<\/div>\n\t\t<\/section>\n\t\t\t\t<section class=\"elementor-section elementor-inner-section elementor-element elementor-element-c2c48fc elementor-section-boxed elementor-section-height-default elementor-section-height-default wpr-particle-no wpr-jarallax-no wpr-parallax-no wpr-sticky-section-no wpr-equal-height-no\" data-id=\"c2c48fc\" data-element_type=\"section\" data-e-type=\"section\" data-settings=\"{&quot;background_background&quot;:&quot;classic&quot;}\">\n\t\t\t\t\t\t<div class=\"elementor-container elementor-column-gap-default\">\n\t\t\t\t\t<div class=\"elementor-column elementor-col-50 elementor-inner-column elementor-element elementor-element-4806f1b\" data-id=\"4806f1b\" data-element_type=\"column\" data-e-type=\"column\">\n\t\t\t<div class=\"elementor-widget-wrap elementor-element-populated\">\n\t\t\t\t\t\t<div class=\"elementor-element elementor-element-24653d9 elementor-widget elementor-widget-image\" data-id=\"24653d9\" data-element_type=\"widget\" data-e-type=\"widget\" data-widget_type=\"image.default\">\n\t\t\t\t<div class=\"elementor-widget-container\">\n\t\t\t\t\t\t\t\t\t\t\t\t\t\t\t<img loading=\"lazy\" decoding=\"async\" width=\"2560\" height=\"1440\" src=\"https:\/\/www.itirapina.sp.gov.br\/portal\/wp-content\/uploads\/2024\/05\/Lago-de-Uba-Prefeitura-Municipal-scaled.jpg\" class=\"attachment-full size-full wp-image-3278\" alt=\"Lago de Ub\u00e1 (Prefeitura Municipal)\" srcset=\"https:\/\/www.itirapina.sp.gov.br\/portal\/wp-content\/uploads\/2024\/05\/Lago-de-Uba-Prefeitura-Municipal-scaled.jpg 2560w, https:\/\/www.itirapina.sp.gov.br\/portal\/wp-content\/uploads\/2024\/05\/Lago-de-Uba-Prefeitura-Municipal-300x169.jpg 300w, https:\/\/www.itirapina.sp.gov.br\/portal\/wp-content\/uploads\/2024\/05\/Lago-de-Uba-Prefeitura-Municipal-1024x576.jpg 1024w, https:\/\/www.itirapina.sp.gov.br\/portal\/wp-content\/uploads\/2024\/05\/Lago-de-Uba-Prefeitura-Municipal-768x432.jpg 768w, https:\/\/www.itirapina.sp.gov.br\/portal\/wp-content\/uploads\/2024\/05\/Lago-de-Uba-Prefeitura-Municipal-1536x864.jpg 1536w, https:\/\/www.itirapina.sp.gov.br\/portal\/wp-content\/uploads\/2024\/05\/Lago-de-Uba-Prefeitura-Municipal-2048x1152.jpg 2048w\" sizes=\"(max-width: 2560px) 100vw, 2560px\" \/>\t\t\t\t\t\t\t\t\t\t\t\t\t\t\t<\/div>\n\t\t\t\t<\/div>\n\t\t\t\t\t<\/div>\n\t\t<\/div>\n\t\t\t\t<div class=\"elementor-column elementor-col-50 elementor-inner-column elementor-element elementor-element-d72ef5f\" data-id=\"d72ef5f\" data-element_type=\"column\" data-e-type=\"column\">\n\t\t\t<div class=\"elementor-widget-wrap elementor-element-populated\">\n\t\t\t\t\t\t<div class=\"elementor-element elementor-element-c8b095d elementor-widget elementor-widget-heading\" data-id=\"c8b095d\" data-element_type=\"widget\" data-e-type=\"widget\" data-widget_type=\"heading.default\">\n\t\t\t\t<div class=\"elementor-widget-container\">\n\t\t\t\t\t<h3 class=\"elementor-heading-title elementor-size-default\">Lago de Ub\u00e1<\/h3>\t\t\t\t<\/div>\n\t\t\t\t<\/div>\n\t\t\t\t<div class=\"elementor-element elementor-element-423e454 elementor-widget elementor-widget-text-editor\" data-id=\"423e454\" data-element_type=\"widget\" data-e-type=\"widget\" data-widget_type=\"text-editor.default\">\n\t\t\t\t<div class=\"elementor-widget-container\">\n\t\t\t\t\t\t\t\t\t<p>Pequeno lago com uma ducha natural e cachoeirinha, fica no bairro Est\u00e2ncia Ub\u00e1 com ch\u00e1caras de veraneio, bares e restaurantes a 6 km da cidade.<\/p>\t\t\t\t\t\t\t\t<\/div>\n\t\t\t\t<\/div>\n\t\t\t\t<div class=\"elementor-element elementor-element-be1e8bd elementor-align-center elementor-icon-list--layout-traditional elementor-list-item-link-full_width elementor-widget elementor-widget-icon-list\" data-id=\"be1e8bd\" data-element_type=\"widget\" data-e-type=\"widget\" data-widget_type=\"icon-list.default\">\n\t\t\t\t<div class=\"elementor-widget-container\">\n\t\t\t\t\t\t\t<ul class=\"elementor-icon-list-items\">\n\t\t\t\t\t\t\t<li class=\"elementor-icon-list-item\">\n\t\t\t\t\t\t\t\t\t\t\t<a href=\"https:\/\/maps.app.goo.gl\/bxF59Ht9xFMfFAT58\">\n\n\t\t\t\t\t\t\t\t\t\t\t\t<span class=\"elementor-icon-list-icon\">\n\t\t\t\t\t\t\t<i aria-hidden=\"true\" class=\"fas fa-map-marker-alt\"><\/i>\t\t\t\t\t\t<\/span>\n\t\t\t\t\t\t\t\t\t\t<span class=\"elementor-icon-list-text\">Localiza\u00e7\u00e3o<\/span>\n\t\t\t\t\t\t\t\t\t\t\t<\/a>\n\t\t\t\t\t\t\t\t\t<\/li>\n\t\t\t\t\t\t<\/ul>\n\t\t\t\t\t\t<\/div>\n\t\t\t\t<\/div>\n\t\t\t\t\t<\/div>\n\t\t<\/div>\n\t\t\t\t\t<\/div>\n\t\t<\/section>\n\t\t\t\t<section class=\"elementor-section elementor-inner-section elementor-element elementor-element-8cc560e elementor-section-boxed elementor-section-height-default elementor-section-height-default wpr-particle-no wpr-jarallax-no wpr-parallax-no wpr-sticky-section-no wpr-equal-height-no\" data-id=\"8cc560e\" data-element_type=\"section\" data-e-type=\"section\" data-settings=\"{&quot;background_background&quot;:&quot;classic&quot;}\">\n\t\t\t\t\t\t<div class=\"elementor-container elementor-column-gap-default\">\n\t\t\t\t\t<div class=\"elementor-column elementor-col-50 elementor-inner-column elementor-element elementor-element-711651e\" data-id=\"711651e\" data-element_type=\"column\" data-e-type=\"column\">\n\t\t\t<div class=\"elementor-widget-wrap elementor-element-populated\">\n\t\t\t\t\t\t<div class=\"elementor-element elementor-element-a948c0a elementor-widget elementor-widget-heading\" data-id=\"a948c0a\" data-element_type=\"widget\" data-e-type=\"widget\" data-widget_type=\"heading.default\">\n\t\t\t\t<div class=\"elementor-widget-container\">\n\t\t\t\t\t<h3 class=\"elementor-heading-title elementor-size-default\">Cachoeira S\u00e3o Jos\u00e9<\/h3>\t\t\t\t<\/div>\n\t\t\t\t<\/div>\n\t\t\t\t<div class=\"elementor-element elementor-element-e6475f6 elementor-widget elementor-widget-text-editor\" data-id=\"e6475f6\" data-element_type=\"widget\" data-e-type=\"widget\" data-widget_type=\"text-editor.default\">\n\t\t\t\t<div class=\"elementor-widget-container\">\n\t\t\t\t\t\t\t\t\t<p>Bel\u00edssima cachoeira com 10 metros de altura inserida em um lugar de natureza preservada, ideal para banho. No local existe uma pequena e simples infraestrutura de bar, banheiros e escada de acesso. Fica a 30 km da cidade.<\/p>\t\t\t\t\t\t\t\t<\/div>\n\t\t\t\t<\/div>\n\t\t\t\t<div class=\"elementor-element elementor-element-bc3b9c7 elementor-align-center elementor-icon-list--layout-traditional elementor-list-item-link-full_width elementor-widget elementor-widget-icon-list\" data-id=\"bc3b9c7\" data-element_type=\"widget\" data-e-type=\"widget\" data-widget_type=\"icon-list.default\">\n\t\t\t\t<div class=\"elementor-widget-container\">\n\t\t\t\t\t\t\t<ul class=\"elementor-icon-list-items\">\n\t\t\t\t\t\t\t<li class=\"elementor-icon-list-item\">\n\t\t\t\t\t\t\t\t\t\t\t<span class=\"elementor-icon-list-icon\">\n\t\t\t\t\t\t\t<i aria-hidden=\"true\" class=\"fas fa-phone-square-alt\"><\/i>\t\t\t\t\t\t<\/span>\n\t\t\t\t\t\t\t\t\t\t<span class=\"elementor-icon-list-text\">(19) 99751-8776<\/span>\n\t\t\t\t\t\t\t\t\t<\/li>\n\t\t\t\t\t\t\t\t<li class=\"elementor-icon-list-item\">\n\t\t\t\t\t\t\t\t\t\t\t<a href=\"https:\/\/www.facebook.com\/Barcahoeirasaojose\/\">\n\n\t\t\t\t\t\t\t\t\t\t\t\t<span class=\"elementor-icon-list-icon\">\n\t\t\t\t\t\t\t<i aria-hidden=\"true\" class=\"fab fa-facebook-square\"><\/i>\t\t\t\t\t\t<\/span>\n\t\t\t\t\t\t\t\t\t\t<span class=\"elementor-icon-list-text\">Facebook<\/span>\n\t\t\t\t\t\t\t\t\t\t\t<\/a>\n\t\t\t\t\t\t\t\t\t<\/li>\n\t\t\t\t\t\t\t\t<li class=\"elementor-icon-list-item\">\n\t\t\t\t\t\t\t\t\t\t\t<a href=\"https:\/\/maps.app.goo.gl\/sVhjRia3gRVW4iFW7\">\n\n\t\t\t\t\t\t\t\t\t\t\t\t<span class=\"elementor-icon-list-icon\">\n\t\t\t\t\t\t\t<i aria-hidden=\"true\" class=\"fas fa-map-marker-alt\"><\/i>\t\t\t\t\t\t<\/span>\n\t\t\t\t\t\t\t\t\t\t<span class=\"elementor-icon-list-text\">Localiza\u00e7\u00e3o<\/span>\n\t\t\t\t\t\t\t\t\t\t\t<\/a>\n\t\t\t\t\t\t\t\t\t<\/li>\n\t\t\t\t\t\t<\/ul>\n\t\t\t\t\t\t<\/div>\n\t\t\t\t<\/div>\n\t\t\t\t\t<\/div>\n\t\t<\/div>\n\t\t\t\t<div class=\"elementor-column elementor-col-50 elementor-inner-column elementor-element elementor-element-039ae91\" data-id=\"039ae91\" data-element_type=\"column\" data-e-type=\"column\">\n\t\t\t<div class=\"elementor-widget-wrap elementor-element-populated\">\n\t\t\t\t\t\t<div class=\"elementor-element elementor-element-fbcdc99 elementor-widget elementor-widget-image\" data-id=\"fbcdc99\" data-element_type=\"widget\" data-e-type=\"widget\" data-widget_type=\"image.default\">\n\t\t\t\t<div class=\"elementor-widget-container\">\n\t\t\t\t\t\t\t\t\t\t\t\t\t\t\t<img loading=\"lazy\" decoding=\"async\" width=\"1920\" height=\"1280\" src=\"https:\/\/www.itirapina.sp.gov.br\/portal\/wp-content\/uploads\/2024\/05\/Cachoeira-Sao-Jose.jpg\" class=\"attachment-full size-full wp-image-3274\" alt=\"Cachoeira S\u00e3o Jos\u00e9 (1)\" srcset=\"https:\/\/www.itirapina.sp.gov.br\/portal\/wp-content\/uploads\/2024\/05\/Cachoeira-Sao-Jose.jpg 1920w, https:\/\/www.itirapina.sp.gov.br\/portal\/wp-content\/uploads\/2024\/05\/Cachoeira-Sao-Jose-300x200.jpg 300w, https:\/\/www.itirapina.sp.gov.br\/portal\/wp-content\/uploads\/2024\/05\/Cachoeira-Sao-Jose-1024x683.jpg 1024w, https:\/\/www.itirapina.sp.gov.br\/portal\/wp-content\/uploads\/2024\/05\/Cachoeira-Sao-Jose-768x512.jpg 768w, https:\/\/www.itirapina.sp.gov.br\/portal\/wp-content\/uploads\/2024\/05\/Cachoeira-Sao-Jose-1536x1024.jpg 1536w\" sizes=\"(max-width: 1920px) 100vw, 1920px\" \/>\t\t\t\t\t\t\t\t\t\t\t\t\t\t\t<\/div>\n\t\t\t\t<\/div>\n\t\t\t\t\t<\/div>\n\t\t<\/div>\n\t\t\t\t\t<\/div>\n\t\t<\/section>\n\t\t\t\t<section class=\"elementor-section elementor-inner-section elementor-element elementor-element-92cb080 elementor-section-boxed elementor-section-height-default elementor-section-height-default wpr-particle-no wpr-jarallax-no wpr-parallax-no wpr-sticky-section-no wpr-equal-height-no\" data-id=\"92cb080\" data-element_type=\"section\" data-e-type=\"section\" data-settings=\"{&quot;background_background&quot;:&quot;classic&quot;}\">\n\t\t\t\t\t\t<div class=\"elementor-container elementor-column-gap-default\">\n\t\t\t\t\t<div class=\"elementor-column elementor-col-50 elementor-inner-column elementor-element elementor-element-3fd67f0\" data-id=\"3fd67f0\" data-element_type=\"column\" data-e-type=\"column\">\n\t\t\t<div class=\"elementor-widget-wrap elementor-element-populated\">\n\t\t\t\t\t\t<div class=\"elementor-element elementor-element-a61d20d elementor-widget elementor-widget-image\" data-id=\"a61d20d\" data-element_type=\"widget\" data-e-type=\"widget\" data-widget_type=\"image.default\">\n\t\t\t\t<div class=\"elementor-widget-container\">\n\t\t\t\t\t\t\t\t\t\t\t\t\t\t\t<img loading=\"lazy\" decoding=\"async\" width=\"1920\" height=\"1078\" src=\"https:\/\/www.itirapina.sp.gov.br\/portal\/wp-content\/uploads\/2024\/05\/Vila-de-Itaqueri-da-Serra.jpg\" class=\"attachment-full size-full wp-image-3280\" alt=\"Vila de Itaqueri da Serra\" srcset=\"https:\/\/www.itirapina.sp.gov.br\/portal\/wp-content\/uploads\/2024\/05\/Vila-de-Itaqueri-da-Serra.jpg 1920w, https:\/\/www.itirapina.sp.gov.br\/portal\/wp-content\/uploads\/2024\/05\/Vila-de-Itaqueri-da-Serra-300x168.jpg 300w, https:\/\/www.itirapina.sp.gov.br\/portal\/wp-content\/uploads\/2024\/05\/Vila-de-Itaqueri-da-Serra-1024x575.jpg 1024w, https:\/\/www.itirapina.sp.gov.br\/portal\/wp-content\/uploads\/2024\/05\/Vila-de-Itaqueri-da-Serra-768x431.jpg 768w, https:\/\/www.itirapina.sp.gov.br\/portal\/wp-content\/uploads\/2024\/05\/Vila-de-Itaqueri-da-Serra-1536x862.jpg 1536w\" sizes=\"(max-width: 1920px) 100vw, 1920px\" \/>\t\t\t\t\t\t\t\t\t\t\t\t\t\t\t<\/div>\n\t\t\t\t<\/div>\n\t\t\t\t\t<\/div>\n\t\t<\/div>\n\t\t\t\t<div class=\"elementor-column elementor-col-50 elementor-inner-column elementor-element elementor-element-e7e905b\" data-id=\"e7e905b\" data-element_type=\"column\" data-e-type=\"column\">\n\t\t\t<div class=\"elementor-widget-wrap elementor-element-populated\">\n\t\t\t\t\t\t<div class=\"elementor-element elementor-element-0701169 elementor-widget elementor-widget-heading\" data-id=\"0701169\" data-element_type=\"widget\" data-e-type=\"widget\" data-widget_type=\"heading.default\">\n\t\t\t\t<div class=\"elementor-widget-container\">\n\t\t\t\t\t<h3 class=\"elementor-heading-title elementor-size-default\">Itaquer\u00ed da Serra<\/h3>\t\t\t\t<\/div>\n\t\t\t\t<\/div>\n\t\t\t\t<div class=\"elementor-element elementor-element-a5bdb36 elementor-widget elementor-widget-text-editor\" data-id=\"a5bdb36\" data-element_type=\"widget\" data-e-type=\"widget\" data-widget_type=\"text-editor.default\">\n\t\t\t\t<div class=\"elementor-widget-container\">\n\t\t\t\t\t\t\t\t\t<p>Vila hist\u00f3rica ao redor da bel\u00edssima Capela de Nossa Senhora da Concei\u00e7\u00e3o, que ainda preserva os Azulejos Portugueses, a Pia Batismal e a imagem da Santa Padroeira, trazidas pelos portugueses que fundaram a vila em 1839.\u00a0 Itaquer\u00ed \u00e9 o local de nascimento de Ulisses Guimar\u00e3es e sua casa, assim como boa parte do casario da \u00e9poca e outros elementos hist\u00f3ricos, se mant\u00eam preservados. No local existem casas para temporada, pousadas, restaurante e uma loja de doces e artesanatos.<\/p>\t\t\t\t\t\t\t\t<\/div>\n\t\t\t\t<\/div>\n\t\t\t\t<div class=\"elementor-element elementor-element-2fc5b60 elementor-align-center elementor-icon-list--layout-traditional elementor-list-item-link-full_width elementor-widget elementor-widget-icon-list\" data-id=\"2fc5b60\" data-element_type=\"widget\" data-e-type=\"widget\" data-widget_type=\"icon-list.default\">\n\t\t\t\t<div class=\"elementor-widget-container\">\n\t\t\t\t\t\t\t<ul class=\"elementor-icon-list-items\">\n\t\t\t\t\t\t\t<li class=\"elementor-icon-list-item\">\n\t\t\t\t\t\t\t\t\t\t\t<span class=\"elementor-icon-list-icon\">\n\t\t\t\t\t\t\t<i aria-hidden=\"true\" class=\"fas fa-phone-square-alt\"><\/i>\t\t\t\t\t\t<\/span>\n\t\t\t\t\t\t\t\t\t\t<span class=\"elementor-icon-list-text\">Informa\u00e7\u00f5es: (19) 3575-1852 (segunda \u00e0 sexta, hor\u00e1rio comercial)<\/span>\n\t\t\t\t\t\t\t\t\t<\/li>\n\t\t\t\t\t\t\t\t<li class=\"elementor-icon-list-item\">\n\t\t\t\t\t\t\t\t\t\t\t<a href=\"https:\/\/maps.app.goo.gl\/TTpTMCvTVY2bjh7JA\">\n\n\t\t\t\t\t\t\t\t\t\t\t\t<span class=\"elementor-icon-list-icon\">\n\t\t\t\t\t\t\t<i aria-hidden=\"true\" class=\"fas fa-map-marker-alt\"><\/i>\t\t\t\t\t\t<\/span>\n\t\t\t\t\t\t\t\t\t\t<span class=\"elementor-icon-list-text\">Localiza\u00e7\u00e3o<\/span>\n\t\t\t\t\t\t\t\t\t\t\t<\/a>\n\t\t\t\t\t\t\t\t\t<\/li>\n\t\t\t\t\t\t<\/ul>\n\t\t\t\t\t\t<\/div>\n\t\t\t\t<\/div>\n\t\t\t\t\t<\/div>\n\t\t<\/div>\n\t\t\t\t\t<\/div>\n\t\t<\/section>\n\t\t\t\t\t<\/div>\n\t\t<\/div>\n\t\t\t\t\t<\/div>\n\t\t<\/section>\n\t\t\t\t<section class=\"elementor-section elementor-top-section elementor-element elementor-element-09a4cab elementor-hidden-desktop elementor-hidden-tablet elementor-section-boxed elementor-section-height-default elementor-section-height-default wpr-particle-no wpr-jarallax-no wpr-parallax-no wpr-sticky-section-no wpr-equal-height-no\" data-id=\"09a4cab\" data-element_type=\"section\" data-e-type=\"section\" data-settings=\"{&quot;background_background&quot;:&quot;classic&quot;}\">\n\t\t\t\t\t\t<div class=\"elementor-container elementor-column-gap-default\">\n\t\t\t\t\t<div class=\"elementor-column elementor-col-100 elementor-top-column elementor-element elementor-element-3fdf9a8\" data-id=\"3fdf9a8\" data-element_type=\"column\" data-e-type=\"column\">\n\t\t\t<div class=\"elementor-widget-wrap elementor-element-populated\">\n\t\t\t\t\t\t<section class=\"elementor-section elementor-inner-section elementor-element elementor-element-5896a9d elementor-section-boxed elementor-section-height-default elementor-section-height-default wpr-particle-no wpr-jarallax-no wpr-parallax-no wpr-sticky-section-no wpr-equal-height-no\" data-id=\"5896a9d\" data-element_type=\"section\" data-e-type=\"section\" data-settings=\"{&quot;background_background&quot;:&quot;classic&quot;}\">\n\t\t\t\t\t\t<div class=\"elementor-container elementor-column-gap-default\">\n\t\t\t\t\t<div class=\"elementor-column elementor-col-100 elementor-inner-column elementor-element elementor-element-e263bd2\" data-id=\"e263bd2\" data-element_type=\"column\" data-e-type=\"column\">\n\t\t\t<div class=\"elementor-widget-wrap elementor-element-populated\">\n\t\t\t\t\t\t<div class=\"elementor-element elementor-element-593efb0 elementor-widget elementor-widget-heading\" data-id=\"593efb0\" data-element_type=\"widget\" data-e-type=\"widget\" data-widget_type=\"heading.default\">\n\t\t\t\t<div class=\"elementor-widget-container\">\n\t\t\t\t\t<h2 class=\"elementor-heading-title elementor-size-default\">ATRA\u00c7\u00d5ES TUR\u00cdSTICAS<\/h2>\t\t\t\t<\/div>\n\t\t\t\t<\/div>\n\t\t\t\t\t<\/div>\n\t\t<\/div>\n\t\t\t\t\t<\/div>\n\t\t<\/section>\n\t\t\t\t<section class=\"elementor-section elementor-inner-section elementor-element elementor-element-eaf3e5f elementor-section-boxed elementor-section-height-default elementor-section-height-default wpr-particle-no wpr-jarallax-no wpr-parallax-no wpr-sticky-section-no wpr-equal-height-no\" data-id=\"eaf3e5f\" data-element_type=\"section\" data-e-type=\"section\" data-settings=\"{&quot;background_background&quot;:&quot;classic&quot;}\">\n\t\t\t\t\t\t<div class=\"elementor-container elementor-column-gap-default\">\n\t\t\t\t\t<div class=\"elementor-column elementor-col-100 elementor-inner-column elementor-element elementor-element-142c841\" data-id=\"142c841\" data-element_type=\"column\" data-e-type=\"column\">\n\t\t\t<div class=\"elementor-widget-wrap elementor-element-populated\">\n\t\t\t\t\t\t<div class=\"elementor-element elementor-element-1510d03 elementor-widget elementor-widget-text-editor\" data-id=\"1510d03\" data-element_type=\"widget\" data-e-type=\"widget\" data-widget_type=\"text-editor.default\">\n\t\t\t\t<div class=\"elementor-widget-container\">\n\t\t\t\t\t\t\t\t\t<p>Conhe\u00e7a os principais pontos tur\u00edsticos da cidade de Itirapina e saiba como chegar.<\/p>\t\t\t\t\t\t\t\t<\/div>\n\t\t\t\t<\/div>\n\t\t\t\t\t<\/div>\n\t\t<\/div>\n\t\t\t\t\t<\/div>\n\t\t<\/section>\n\t\t\t\t<section class=\"elementor-section elementor-inner-section elementor-element elementor-element-116fb8e elementor-section-boxed elementor-section-height-default elementor-section-height-default wpr-particle-no wpr-jarallax-no wpr-parallax-no wpr-sticky-section-no wpr-equal-height-no\" data-id=\"116fb8e\" data-element_type=\"section\" data-e-type=\"section\" data-settings=\"{&quot;background_background&quot;:&quot;classic&quot;}\">\n\t\t\t\t\t\t<div class=\"elementor-container elementor-column-gap-default\">\n\t\t\t\t\t<div class=\"elementor-column elementor-col-50 elementor-inner-column elementor-element elementor-element-1f03449\" data-id=\"1f03449\" data-element_type=\"column\" data-e-type=\"column\" data-settings=\"{&quot;background_background&quot;:&quot;classic&quot;}\">\n\t\t\t<div class=\"elementor-widget-wrap elementor-element-populated\">\n\t\t\t\t\t\t<div class=\"elementor-element elementor-element-dbc099d elementor-widget elementor-widget-image\" data-id=\"dbc099d\" data-element_type=\"widget\" data-e-type=\"widget\" data-widget_type=\"image.default\">\n\t\t\t\t<div class=\"elementor-widget-container\">\n\t\t\t\t\t\t\t\t\t\t\t\t\t\t\t<img fetchpriority=\"high\" decoding=\"async\" width=\"1920\" height=\"1280\" src=\"https:\/\/www.itirapina.sp.gov.br\/portal\/wp-content\/uploads\/2024\/05\/Estacao-Experimental-de-Itirapina-Fazendinha.jpg\" class=\"attachment-full size-full wp-image-3277\" alt=\"Esta\u00e7\u00e3o Experimental de Itirapina (Fazendinha)\" srcset=\"https:\/\/www.itirapina.sp.gov.br\/portal\/wp-content\/uploads\/2024\/05\/Estacao-Experimental-de-Itirapina-Fazendinha.jpg 1920w, https:\/\/www.itirapina.sp.gov.br\/portal\/wp-content\/uploads\/2024\/05\/Estacao-Experimental-de-Itirapina-Fazendinha-300x200.jpg 300w, https:\/\/www.itirapina.sp.gov.br\/portal\/wp-content\/uploads\/2024\/05\/Estacao-Experimental-de-Itirapina-Fazendinha-1024x683.jpg 1024w, https:\/\/www.itirapina.sp.gov.br\/portal\/wp-content\/uploads\/2024\/05\/Estacao-Experimental-de-Itirapina-Fazendinha-768x512.jpg 768w, https:\/\/www.itirapina.sp.gov.br\/portal\/wp-content\/uploads\/2024\/05\/Estacao-Experimental-de-Itirapina-Fazendinha-1536x1024.jpg 1536w\" sizes=\"(max-width: 1920px) 100vw, 1920px\" \/>\t\t\t\t\t\t\t\t\t\t\t\t\t\t\t<\/div>\n\t\t\t\t<\/div>\n\t\t\t\t\t<\/div>\n\t\t<\/div>\n\t\t\t\t<div class=\"elementor-column elementor-col-50 elementor-inner-column elementor-element elementor-element-e7a6f26\" data-id=\"e7a6f26\" data-element_type=\"column\" data-e-type=\"column\">\n\t\t\t<div class=\"elementor-widget-wrap elementor-element-populated\">\n\t\t\t\t\t\t<div class=\"elementor-element elementor-element-4054437 elementor-widget elementor-widget-heading\" data-id=\"4054437\" data-element_type=\"widget\" data-e-type=\"widget\" data-widget_type=\"heading.default\">\n\t\t\t\t<div class=\"elementor-widget-container\">\n\t\t\t\t\t<h3 class=\"elementor-heading-title elementor-size-default\">\u00c1rea de uso p\u00fablico da Esta\u00e7\u00e3o Ecol\u00f3gica e Experimental de Itirapina \u201cFazendinha\u201d<\/h3>\t\t\t\t<\/div>\n\t\t\t\t<\/div>\n\t\t\t\t<div class=\"elementor-element elementor-element-a70ed5c elementor-widget elementor-widget-text-editor\" data-id=\"a70ed5c\" data-element_type=\"widget\" data-e-type=\"widget\" data-widget_type=\"text-editor.default\">\n\t\t\t\t<div class=\"elementor-widget-container\">\n\t\t\t\t\t\t\t\t\t<p><strong>\u00a0<\/strong>Administrada pela Funda\u00e7\u00e3o Florestal a \u201cFazendinha\u201d, como \u00e9 carinhosamente chamada pelos itirapinenses possui represa para contempla\u00e7\u00e3o, parquinho, pista de sa\u00fade, bosques, diversos bancos e muita \u00e1rea verde. Local propicio \u00e0 pratica de \u201c<em>birdwatching\u201d. <\/em><\/p><p>Aberto todos os dias das 7 \u00e0s 18 horas.<\/p><p><strong>Acesso gratuito.<\/strong><\/p>\t\t\t\t\t\t\t\t<\/div>\n\t\t\t\t<\/div>\n\t\t\t\t<div class=\"elementor-element elementor-element-6f57663 elementor-align-center elementor-icon-list--layout-traditional elementor-list-item-link-full_width elementor-widget elementor-widget-icon-list\" data-id=\"6f57663\" data-element_type=\"widget\" data-e-type=\"widget\" data-widget_type=\"icon-list.default\">\n\t\t\t\t<div class=\"elementor-widget-container\">\n\t\t\t\t\t\t\t<ul class=\"elementor-icon-list-items\">\n\t\t\t\t\t\t\t<li class=\"elementor-icon-list-item\">\n\t\t\t\t\t\t\t\t\t\t\t<span class=\"elementor-icon-list-icon\">\n\t\t\t\t\t\t\t<i aria-hidden=\"true\" class=\"fas fa-phone-square-alt\"><\/i>\t\t\t\t\t\t<\/span>\n\t\t\t\t\t\t\t\t\t\t<span class=\"elementor-icon-list-text\">(19) 3575-1345<\/span>\n\t\t\t\t\t\t\t\t\t<\/li>\n\t\t\t\t\t\t\t\t<li class=\"elementor-icon-list-item\">\n\t\t\t\t\t\t\t\t\t\t\t<a href=\"https:\/\/maps.app.goo.gl\/iL7vo329UuLcpiK37\">\n\n\t\t\t\t\t\t\t\t\t\t\t\t<span class=\"elementor-icon-list-icon\">\n\t\t\t\t\t\t\t<i aria-hidden=\"true\" class=\"fas fa-map-marker-alt\"><\/i>\t\t\t\t\t\t<\/span>\n\t\t\t\t\t\t\t\t\t\t<span class=\"elementor-icon-list-text\">Rua Oito, Vila Santa Cruz<\/span>\n\t\t\t\t\t\t\t\t\t\t\t<\/a>\n\t\t\t\t\t\t\t\t\t<\/li>\n\t\t\t\t\t\t<\/ul>\n\t\t\t\t\t\t<\/div>\n\t\t\t\t<\/div>\n\t\t\t\t\t<\/div>\n\t\t<\/div>\n\t\t\t\t\t<\/div>\n\t\t<\/section>\n\t\t\t\t<section class=\"elementor-section elementor-inner-section elementor-element elementor-element-f09faea elementor-section-boxed elementor-section-height-default elementor-section-height-default wpr-particle-no wpr-jarallax-no wpr-parallax-no wpr-sticky-section-no wpr-equal-height-no\" data-id=\"f09faea\" data-element_type=\"section\" data-e-type=\"section\" data-settings=\"{&quot;background_background&quot;:&quot;classic&quot;}\">\n\t\t\t\t\t\t<div class=\"elementor-container elementor-column-gap-default\">\n\t\t\t\t\t<div class=\"elementor-column elementor-col-50 elementor-inner-column elementor-element elementor-element-02fcc67\" data-id=\"02fcc67\" data-element_type=\"column\" data-e-type=\"column\" data-settings=\"{&quot;background_background&quot;:&quot;classic&quot;}\">\n\t\t\t<div class=\"elementor-widget-wrap elementor-element-populated\">\n\t\t\t\t\t\t<div class=\"elementor-element elementor-element-909e486 elementor-widget elementor-widget-image\" data-id=\"909e486\" data-element_type=\"widget\" data-e-type=\"widget\" data-widget_type=\"image.default\">\n\t\t\t\t<div class=\"elementor-widget-container\">\n\t\t\t\t\t\t\t\t\t\t\t\t\t\t\t<img decoding=\"async\" width=\"1920\" height=\"1078\" src=\"https:\/\/www.itirapina.sp.gov.br\/portal\/wp-content\/uploads\/2024\/05\/Cachoeira-Saltao.jpg\" class=\"attachment-full size-full wp-image-3272\" alt=\"Cachoeira Salt\u00e3o\" srcset=\"https:\/\/www.itirapina.sp.gov.br\/portal\/wp-content\/uploads\/2024\/05\/Cachoeira-Saltao.jpg 1920w, https:\/\/www.itirapina.sp.gov.br\/portal\/wp-content\/uploads\/2024\/05\/Cachoeira-Saltao-300x168.jpg 300w, https:\/\/www.itirapina.sp.gov.br\/portal\/wp-content\/uploads\/2024\/05\/Cachoeira-Saltao-1024x575.jpg 1024w, https:\/\/www.itirapina.sp.gov.br\/portal\/wp-content\/uploads\/2024\/05\/Cachoeira-Saltao-768x431.jpg 768w, https:\/\/www.itirapina.sp.gov.br\/portal\/wp-content\/uploads\/2024\/05\/Cachoeira-Saltao-1536x862.jpg 1536w\" sizes=\"(max-width: 1920px) 100vw, 1920px\" \/>\t\t\t\t\t\t\t\t\t\t\t\t\t\t\t<\/div>\n\t\t\t\t<\/div>\n\t\t\t\t\t<\/div>\n\t\t<\/div>\n\t\t\t\t<div class=\"elementor-column elementor-col-50 elementor-inner-column elementor-element elementor-element-68b2576\" data-id=\"68b2576\" data-element_type=\"column\" data-e-type=\"column\">\n\t\t\t<div class=\"elementor-widget-wrap elementor-element-populated\">\n\t\t\t\t\t\t<div class=\"elementor-element elementor-element-d039c6c elementor-widget elementor-widget-heading\" data-id=\"d039c6c\" data-element_type=\"widget\" data-e-type=\"widget\" data-widget_type=\"heading.default\">\n\t\t\t\t<div class=\"elementor-widget-container\">\n\t\t\t\t\t<h3 class=\"elementor-heading-title elementor-size-default\">Salt\u00e3o Parque de Ecoturismo<\/h3>\t\t\t\t<\/div>\n\t\t\t\t<\/div>\n\t\t\t\t<div class=\"elementor-element elementor-element-12f42b6 elementor-widget elementor-widget-text-editor\" data-id=\"12f42b6\" data-element_type=\"widget\" data-e-type=\"widget\" data-widget_type=\"text-editor.default\">\n\t\t\t\t<div class=\"elementor-widget-container\">\n\t\t\t\t\t\t\t\t\t<p>Parque de ecoturismo com tr\u00eas cachoeiras onde se destaca a Cachoeira Salt\u00e3o, com 70 metros de altura sendo a cachoeira mais bonita da Serra de Itaquer\u00ed. A Cachoeira Monjolinho que tamb\u00e9m fica no Parque \u00e9 ideal para banho e a Cachoeira da Ferradura para quem quer fazer uma trilha de curta dura\u00e7\u00e3o, tamb\u00e9m nas depend\u00eancias do Parque. O local conta com infraestrutura completa: portaria, restaurante, bar, lanchonete, estacionamento, mirante, trilhas de acesso \u00e0s cachoeiras com escadaria, \u00e1rea de camping, apartamentos, piscinas, quiosques para churrascos e sanit\u00e1rios.<\/p>\t\t\t\t\t\t\t\t<\/div>\n\t\t\t\t<\/div>\n\t\t\t\t<div class=\"elementor-element elementor-element-a781778 elementor-align-center elementor-icon-list--layout-traditional elementor-list-item-link-full_width elementor-widget elementor-widget-icon-list\" data-id=\"a781778\" data-element_type=\"widget\" data-e-type=\"widget\" data-widget_type=\"icon-list.default\">\n\t\t\t\t<div class=\"elementor-widget-container\">\n\t\t\t\t\t\t\t<ul class=\"elementor-icon-list-items\">\n\t\t\t\t\t\t\t<li class=\"elementor-icon-list-item\">\n\t\t\t\t\t\t\t\t\t\t\t<span class=\"elementor-icon-list-icon\">\n\t\t\t\t\t\t\t<i aria-hidden=\"true\" class=\"fas fa-phone-square-alt\"><\/i>\t\t\t\t\t\t<\/span>\n\t\t\t\t\t\t\t\t\t\t<span class=\"elementor-icon-list-text\">(19) 3294-4774<\/span>\n\t\t\t\t\t\t\t\t\t<\/li>\n\t\t\t\t\t\t\t\t<li class=\"elementor-icon-list-item\">\n\t\t\t\t\t\t\t\t\t\t\t<a href=\"http:\/\/www.saltao.com.br\">\n\n\t\t\t\t\t\t\t\t\t\t\t\t<span class=\"elementor-icon-list-icon\">\n\t\t\t\t\t\t\t<i aria-hidden=\"true\" class=\"fas fa-link\"><\/i>\t\t\t\t\t\t<\/span>\n\t\t\t\t\t\t\t\t\t\t<span class=\"elementor-icon-list-text\">www.saltao.com.br<\/span>\n\t\t\t\t\t\t\t\t\t\t\t<\/a>\n\t\t\t\t\t\t\t\t\t<\/li>\n\t\t\t\t\t\t\t\t<li class=\"elementor-icon-list-item\">\n\t\t\t\t\t\t\t\t\t\t\t<a href=\"https:\/\/maps.app.goo.gl\/1DeMnTaVF5S3Ap1a7\">\n\n\t\t\t\t\t\t\t\t\t\t\t\t<span class=\"elementor-icon-list-icon\">\n\t\t\t\t\t\t\t<i aria-hidden=\"true\" class=\"fas fa-map-marker-alt\"><\/i>\t\t\t\t\t\t<\/span>\n\t\t\t\t\t\t\t\t\t\t<span class=\"elementor-icon-list-text\">Estrada Municipal Ulisses Guimar\u00e3es, a 23 km da cidade<\/span>\n\t\t\t\t\t\t\t\t\t\t\t<\/a>\n\t\t\t\t\t\t\t\t\t<\/li>\n\t\t\t\t\t\t<\/ul>\n\t\t\t\t\t\t<\/div>\n\t\t\t\t<\/div>\n\t\t\t\t\t<\/div>\n\t\t<\/div>\n\t\t\t\t\t<\/div>\n\t\t<\/section>\n\t\t\t\t<section class=\"elementor-section elementor-inner-section elementor-element elementor-element-4c63f7a elementor-section-boxed elementor-section-height-default elementor-section-height-default wpr-particle-no wpr-jarallax-no wpr-parallax-no wpr-sticky-section-no wpr-equal-height-no\" data-id=\"4c63f7a\" data-element_type=\"section\" data-e-type=\"section\" data-settings=\"{&quot;background_background&quot;:&quot;classic&quot;}\">\n\t\t\t\t\t\t<div class=\"elementor-container elementor-column-gap-default\">\n\t\t\t\t\t<div class=\"elementor-column elementor-col-50 elementor-inner-column elementor-element elementor-element-03062f2\" data-id=\"03062f2\" data-element_type=\"column\" data-e-type=\"column\" data-settings=\"{&quot;background_background&quot;:&quot;classic&quot;}\">\n\t\t\t<div class=\"elementor-widget-wrap elementor-element-populated\">\n\t\t\t\t\t\t<div class=\"elementor-element elementor-element-cc1fc80 elementor-widget elementor-widget-image\" data-id=\"cc1fc80\" data-element_type=\"widget\" data-e-type=\"widget\" data-widget_type=\"image.default\">\n\t\t\t\t<div class=\"elementor-widget-container\">\n\t\t\t\t\t\t\t\t\t\t\t\t\t\t\t<img decoding=\"async\" width=\"1920\" height=\"1078\" src=\"https:\/\/www.itirapina.sp.gov.br\/portal\/wp-content\/uploads\/2024\/05\/Balneario-Santo-Antonio-Broa.jpg\" class=\"attachment-full size-full wp-image-3270\" alt=\"Balne\u00e1rio Santo Antonio (Broa)\" srcset=\"https:\/\/www.itirapina.sp.gov.br\/portal\/wp-content\/uploads\/2024\/05\/Balneario-Santo-Antonio-Broa.jpg 1920w, https:\/\/www.itirapina.sp.gov.br\/portal\/wp-content\/uploads\/2024\/05\/Balneario-Santo-Antonio-Broa-300x168.jpg 300w, https:\/\/www.itirapina.sp.gov.br\/portal\/wp-content\/uploads\/2024\/05\/Balneario-Santo-Antonio-Broa-1024x575.jpg 1024w, https:\/\/www.itirapina.sp.gov.br\/portal\/wp-content\/uploads\/2024\/05\/Balneario-Santo-Antonio-Broa-768x431.jpg 768w, https:\/\/www.itirapina.sp.gov.br\/portal\/wp-content\/uploads\/2024\/05\/Balneario-Santo-Antonio-Broa-1536x862.jpg 1536w\" sizes=\"(max-width: 1920px) 100vw, 1920px\" \/>\t\t\t\t\t\t\t\t\t\t\t\t\t\t\t<\/div>\n\t\t\t\t<\/div>\n\t\t\t\t\t<\/div>\n\t\t<\/div>\n\t\t\t\t<div class=\"elementor-column elementor-col-50 elementor-inner-column elementor-element elementor-element-6b4dd70\" data-id=\"6b4dd70\" data-element_type=\"column\" data-e-type=\"column\">\n\t\t\t<div class=\"elementor-widget-wrap elementor-element-populated\">\n\t\t\t\t\t\t<div class=\"elementor-element elementor-element-74ae1c6 elementor-widget elementor-widget-heading\" data-id=\"74ae1c6\" data-element_type=\"widget\" data-e-type=\"widget\" data-widget_type=\"heading.default\">\n\t\t\t\t<div class=\"elementor-widget-container\">\n\t\t\t\t\t<h3 class=\"elementor-heading-title elementor-size-default\">Balne\u00e1rio Santo Ant\u00f4nio \u201cBroa\u201d<\/h3>\t\t\t\t<\/div>\n\t\t\t\t<\/div>\n\t\t\t\t<div class=\"elementor-element elementor-element-8580074 elementor-widget elementor-widget-text-editor\" data-id=\"8580074\" data-element_type=\"widget\" data-e-type=\"widget\" data-widget_type=\"text-editor.default\">\n\t\t\t\t<div class=\"elementor-widget-container\">\n\t\t\t\t\t\t\t\t\t<p>Balne\u00e1rio municipal as margens da Represa do Broa com tr\u00eas quil\u00f4metros de praia e cal\u00e7ad\u00e3o, ideal para banho, pesca e esportes n\u00e1uticos. O local conta com marinas e diversos bares e restaurantes. Acesso controlado por portaria.<\/p>\t\t\t\t\t\t\t\t<\/div>\n\t\t\t\t<\/div>\n\t\t\t\t<div class=\"elementor-element elementor-element-db13ba6 elementor-align-center elementor-icon-list--layout-traditional elementor-list-item-link-full_width elementor-widget elementor-widget-icon-list\" data-id=\"db13ba6\" data-element_type=\"widget\" data-e-type=\"widget\" data-widget_type=\"icon-list.default\">\n\t\t\t\t<div class=\"elementor-widget-container\">\n\t\t\t\t\t\t\t<ul class=\"elementor-icon-list-items\">\n\t\t\t\t\t\t\t<li class=\"elementor-icon-list-item\">\n\t\t\t\t\t\t\t\t\t\t\t<span class=\"elementor-icon-list-icon\">\n\t\t\t\t\t\t\t<i aria-hidden=\"true\" class=\"fas fa-phone-square-alt\"><\/i>\t\t\t\t\t\t<\/span>\n\t\t\t\t\t\t\t\t\t\t<span class=\"elementor-icon-list-text\">(19) 3575-1060<\/span>\n\t\t\t\t\t\t\t\t\t<\/li>\n\t\t\t\t\t\t\t\t<li class=\"elementor-icon-list-item\">\n\t\t\t\t\t\t\t\t\t\t\t<a href=\"https:\/\/maps.app.goo.gl\/iy7NxgNP31UR41q38\">\n\n\t\t\t\t\t\t\t\t\t\t\t\t<span class=\"elementor-icon-list-icon\">\n\t\t\t\t\t\t\t<i aria-hidden=\"true\" class=\"fas fa-map-marker-alt\"><\/i>\t\t\t\t\t\t<\/span>\n\t\t\t\t\t\t\t\t\t\t<span class=\"elementor-icon-list-text\">Rodovia Municipal Dr. Fernando de Arruda Botelho, a 6 km da cidade<\/span>\n\t\t\t\t\t\t\t\t\t\t\t<\/a>\n\t\t\t\t\t\t\t\t\t<\/li>\n\t\t\t\t\t\t<\/ul>\n\t\t\t\t\t\t<\/div>\n\t\t\t\t<\/div>\n\t\t\t\t\t<\/div>\n\t\t<\/div>\n\t\t\t\t\t<\/div>\n\t\t<\/section>\n\t\t\t\t<section class=\"elementor-section elementor-inner-section elementor-element elementor-element-f5774de elementor-section-boxed elementor-section-height-default elementor-section-height-default wpr-particle-no wpr-jarallax-no wpr-parallax-no wpr-sticky-section-no wpr-equal-height-no\" data-id=\"f5774de\" data-element_type=\"section\" data-e-type=\"section\" data-settings=\"{&quot;background_background&quot;:&quot;classic&quot;}\">\n\t\t\t\t\t\t<div class=\"elementor-container elementor-column-gap-default\">\n\t\t\t\t\t<div class=\"elementor-column elementor-col-50 elementor-inner-column elementor-element elementor-element-d449529\" data-id=\"d449529\" data-element_type=\"column\" data-e-type=\"column\">\n\t\t\t<div class=\"elementor-widget-wrap elementor-element-populated\">\n\t\t\t\t\t\t<div class=\"elementor-element elementor-element-e61074b elementor-widget elementor-widget-image\" data-id=\"e61074b\" data-element_type=\"widget\" data-e-type=\"widget\" data-widget_type=\"image.default\">\n\t\t\t\t<div class=\"elementor-widget-container\">\n\t\t\t\t\t\t\t\t\t\t\t\t\t\t\t<img loading=\"lazy\" decoding=\"async\" width=\"1920\" height=\"1440\" src=\"https:\/\/www.itirapina.sp.gov.br\/portal\/wp-content\/uploads\/2024\/05\/Morro-do-Fogao.jpg\" class=\"attachment-full size-full wp-image-3279\" alt=\"Morro do Fog\u00e3o\" srcset=\"https:\/\/www.itirapina.sp.gov.br\/portal\/wp-content\/uploads\/2024\/05\/Morro-do-Fogao.jpg 1920w, https:\/\/www.itirapina.sp.gov.br\/portal\/wp-content\/uploads\/2024\/05\/Morro-do-Fogao-300x225.jpg 300w, https:\/\/www.itirapina.sp.gov.br\/portal\/wp-content\/uploads\/2024\/05\/Morro-do-Fogao-1024x768.jpg 1024w, https:\/\/www.itirapina.sp.gov.br\/portal\/wp-content\/uploads\/2024\/05\/Morro-do-Fogao-768x576.jpg 768w, https:\/\/www.itirapina.sp.gov.br\/portal\/wp-content\/uploads\/2024\/05\/Morro-do-Fogao-1536x1152.jpg 1536w\" sizes=\"(max-width: 1920px) 100vw, 1920px\" \/>\t\t\t\t\t\t\t\t\t\t\t\t\t\t\t<\/div>\n\t\t\t\t<\/div>\n\t\t\t\t\t<\/div>\n\t\t<\/div>\n\t\t\t\t<div class=\"elementor-column elementor-col-50 elementor-inner-column elementor-element elementor-element-ec6c3a5\" data-id=\"ec6c3a5\" data-element_type=\"column\" data-e-type=\"column\">\n\t\t\t<div class=\"elementor-widget-wrap elementor-element-populated\">\n\t\t\t\t\t\t<div class=\"elementor-element elementor-element-e503e4c elementor-widget elementor-widget-heading\" data-id=\"e503e4c\" data-element_type=\"widget\" data-e-type=\"widget\" data-widget_type=\"heading.default\">\n\t\t\t\t<div class=\"elementor-widget-container\">\n\t\t\t\t\t<h3 class=\"elementor-heading-title elementor-size-default\">Morro do Fog\u00e3o<\/h3>\t\t\t\t<\/div>\n\t\t\t\t<\/div>\n\t\t\t\t<div class=\"elementor-element elementor-element-3def47e elementor-widget elementor-widget-text-editor\" data-id=\"3def47e\" data-element_type=\"widget\" data-e-type=\"widget\" data-widget_type=\"text-editor.default\">\n\t\t\t\t<div class=\"elementor-widget-container\">\n\t\t\t\t\t\t\t\t\t<p>Mirante natural em um dos pontos mais altos da Serra de Itaquer\u00ed com 1.100 metros de altitude e um desn\u00edvel de 450 metros, bel\u00edssimo visual. O local fica a 26 km da cidade e possui infraestrutura de bar e sanit\u00e1rios, al\u00e9m de um p\u00f3rtico para fotos com um lindo visual de fundo.<\/p>\t\t\t\t\t\t\t\t<\/div>\n\t\t\t\t<\/div>\n\t\t\t\t<div class=\"elementor-element elementor-element-f7f8441 elementor-align-center elementor-icon-list--layout-traditional elementor-list-item-link-full_width elementor-widget elementor-widget-icon-list\" data-id=\"f7f8441\" data-element_type=\"widget\" data-e-type=\"widget\" data-widget_type=\"icon-list.default\">\n\t\t\t\t<div class=\"elementor-widget-container\">\n\t\t\t\t\t\t\t<ul class=\"elementor-icon-list-items\">\n\t\t\t\t\t\t\t<li class=\"elementor-icon-list-item\">\n\t\t\t\t\t\t\t\t\t\t\t<a href=\"https:\/\/maps.app.goo.gl\/NfvV9K5aELCtyK758\">\n\n\t\t\t\t\t\t\t\t\t\t\t\t<span class=\"elementor-icon-list-icon\">\n\t\t\t\t\t\t\t<i aria-hidden=\"true\" class=\"fas fa-map-marker-alt\"><\/i>\t\t\t\t\t\t<\/span>\n\t\t\t\t\t\t\t\t\t\t<span class=\"elementor-icon-list-text\">Localiza\u00e7\u00e3o<\/span>\n\t\t\t\t\t\t\t\t\t\t\t<\/a>\n\t\t\t\t\t\t\t\t\t<\/li>\n\t\t\t\t\t\t<\/ul>\n\t\t\t\t\t\t<\/div>\n\t\t\t\t<\/div>\n\t\t\t\t\t<\/div>\n\t\t<\/div>\n\t\t\t\t\t<\/div>\n\t\t<\/section>\n\t\t\t\t<section class=\"elementor-section elementor-inner-section elementor-element elementor-element-450b421 elementor-section-boxed elementor-section-height-default elementor-section-height-default wpr-particle-no wpr-jarallax-no wpr-parallax-no wpr-sticky-section-no wpr-equal-height-no\" data-id=\"450b421\" data-element_type=\"section\" data-e-type=\"section\" data-settings=\"{&quot;background_background&quot;:&quot;classic&quot;}\">\n\t\t\t\t\t\t<div class=\"elementor-container elementor-column-gap-default\">\n\t\t\t\t\t<div class=\"elementor-column elementor-col-50 elementor-inner-column elementor-element elementor-element-0381fa9\" data-id=\"0381fa9\" data-element_type=\"column\" data-e-type=\"column\">\n\t\t\t<div class=\"elementor-widget-wrap elementor-element-populated\">\n\t\t\t\t\t\t<div class=\"elementor-element elementor-element-a9bb7af elementor-widget elementor-widget-image\" data-id=\"a9bb7af\" data-element_type=\"widget\" data-e-type=\"widget\" data-widget_type=\"image.default\">\n\t\t\t\t<div class=\"elementor-widget-container\">\n\t\t\t\t\t\t\t\t\t\t\t\t\t\t\t<img loading=\"lazy\" decoding=\"async\" width=\"2560\" height=\"1440\" src=\"https:\/\/www.itirapina.sp.gov.br\/portal\/wp-content\/uploads\/2024\/05\/Lago-de-Uba-Prefeitura-Municipal-scaled.jpg\" class=\"attachment-full size-full wp-image-3278\" alt=\"Lago de Ub\u00e1 (Prefeitura Municipal)\" srcset=\"https:\/\/www.itirapina.sp.gov.br\/portal\/wp-content\/uploads\/2024\/05\/Lago-de-Uba-Prefeitura-Municipal-scaled.jpg 2560w, https:\/\/www.itirapina.sp.gov.br\/portal\/wp-content\/uploads\/2024\/05\/Lago-de-Uba-Prefeitura-Municipal-300x169.jpg 300w, https:\/\/www.itirapina.sp.gov.br\/portal\/wp-content\/uploads\/2024\/05\/Lago-de-Uba-Prefeitura-Municipal-1024x576.jpg 1024w, https:\/\/www.itirapina.sp.gov.br\/portal\/wp-content\/uploads\/2024\/05\/Lago-de-Uba-Prefeitura-Municipal-768x432.jpg 768w, https:\/\/www.itirapina.sp.gov.br\/portal\/wp-content\/uploads\/2024\/05\/Lago-de-Uba-Prefeitura-Municipal-1536x864.jpg 1536w, https:\/\/www.itirapina.sp.gov.br\/portal\/wp-content\/uploads\/2024\/05\/Lago-de-Uba-Prefeitura-Municipal-2048x1152.jpg 2048w\" sizes=\"(max-width: 2560px) 100vw, 2560px\" \/>\t\t\t\t\t\t\t\t\t\t\t\t\t\t\t<\/div>\n\t\t\t\t<\/div>\n\t\t\t\t\t<\/div>\n\t\t<\/div>\n\t\t\t\t<div class=\"elementor-column elementor-col-50 elementor-inner-column elementor-element elementor-element-6e71657\" data-id=\"6e71657\" data-element_type=\"column\" data-e-type=\"column\">\n\t\t\t<div class=\"elementor-widget-wrap elementor-element-populated\">\n\t\t\t\t\t\t<div class=\"elementor-element elementor-element-313eaf5 elementor-widget elementor-widget-heading\" data-id=\"313eaf5\" data-element_type=\"widget\" data-e-type=\"widget\" data-widget_type=\"heading.default\">\n\t\t\t\t<div class=\"elementor-widget-container\">\n\t\t\t\t\t<h3 class=\"elementor-heading-title elementor-size-default\">Lago de Ub\u00e1<\/h3>\t\t\t\t<\/div>\n\t\t\t\t<\/div>\n\t\t\t\t<div class=\"elementor-element elementor-element-0423f64 elementor-widget elementor-widget-text-editor\" data-id=\"0423f64\" data-element_type=\"widget\" data-e-type=\"widget\" data-widget_type=\"text-editor.default\">\n\t\t\t\t<div class=\"elementor-widget-container\">\n\t\t\t\t\t\t\t\t\t<p>Pequeno lago com uma ducha natural e cachoeirinha, fica no bairro Est\u00e2ncia Ub\u00e1 com ch\u00e1caras de veraneio, bares e restaurantes a 6 km da cidade.<\/p>\t\t\t\t\t\t\t\t<\/div>\n\t\t\t\t<\/div>\n\t\t\t\t<div class=\"elementor-element elementor-element-25b0b48 elementor-align-center elementor-icon-list--layout-traditional elementor-list-item-link-full_width elementor-widget elementor-widget-icon-list\" data-id=\"25b0b48\" data-element_type=\"widget\" data-e-type=\"widget\" data-widget_type=\"icon-list.default\">\n\t\t\t\t<div class=\"elementor-widget-container\">\n\t\t\t\t\t\t\t<ul class=\"elementor-icon-list-items\">\n\t\t\t\t\t\t\t<li class=\"elementor-icon-list-item\">\n\t\t\t\t\t\t\t\t\t\t\t<a href=\"https:\/\/maps.app.goo.gl\/bxF59Ht9xFMfFAT58\">\n\n\t\t\t\t\t\t\t\t\t\t\t\t<span class=\"elementor-icon-list-icon\">\n\t\t\t\t\t\t\t<i aria-hidden=\"true\" class=\"fas fa-map-marker-alt\"><\/i>\t\t\t\t\t\t<\/span>\n\t\t\t\t\t\t\t\t\t\t<span class=\"elementor-icon-list-text\">Localiza\u00e7\u00e3o<\/span>\n\t\t\t\t\t\t\t\t\t\t\t<\/a>\n\t\t\t\t\t\t\t\t\t<\/li>\n\t\t\t\t\t\t<\/ul>\n\t\t\t\t\t\t<\/div>\n\t\t\t\t<\/div>\n\t\t\t\t\t<\/div>\n\t\t<\/div>\n\t\t\t\t\t<\/div>\n\t\t<\/section>\n\t\t\t\t<section class=\"elementor-section elementor-inner-section elementor-element elementor-element-453f285 elementor-section-boxed elementor-section-height-default elementor-section-height-default wpr-particle-no wpr-jarallax-no wpr-parallax-no wpr-sticky-section-no wpr-equal-height-no\" data-id=\"453f285\" data-element_type=\"section\" data-e-type=\"section\" data-settings=\"{&quot;background_background&quot;:&quot;classic&quot;}\">\n\t\t\t\t\t\t<div class=\"elementor-container elementor-column-gap-default\">\n\t\t\t\t\t<div class=\"elementor-column elementor-col-50 elementor-inner-column elementor-element elementor-element-5f373d2\" data-id=\"5f373d2\" data-element_type=\"column\" data-e-type=\"column\">\n\t\t\t<div class=\"elementor-widget-wrap elementor-element-populated\">\n\t\t\t\t\t\t<div class=\"elementor-element elementor-element-11b40d5 elementor-widget elementor-widget-image\" data-id=\"11b40d5\" data-element_type=\"widget\" data-e-type=\"widget\" data-widget_type=\"image.default\">\n\t\t\t\t<div class=\"elementor-widget-container\">\n\t\t\t\t\t\t\t\t\t\t\t\t\t\t\t<img loading=\"lazy\" decoding=\"async\" width=\"1920\" height=\"1280\" src=\"https:\/\/www.itirapina.sp.gov.br\/portal\/wp-content\/uploads\/2024\/05\/Cachoeira-Sao-Jose.jpg\" class=\"attachment-full size-full wp-image-3274\" alt=\"Cachoeira S\u00e3o Jos\u00e9 (1)\" srcset=\"https:\/\/www.itirapina.sp.gov.br\/portal\/wp-content\/uploads\/2024\/05\/Cachoeira-Sao-Jose.jpg 1920w, https:\/\/www.itirapina.sp.gov.br\/portal\/wp-content\/uploads\/2024\/05\/Cachoeira-Sao-Jose-300x200.jpg 300w, https:\/\/www.itirapina.sp.gov.br\/portal\/wp-content\/uploads\/2024\/05\/Cachoeira-Sao-Jose-1024x683.jpg 1024w, https:\/\/www.itirapina.sp.gov.br\/portal\/wp-content\/uploads\/2024\/05\/Cachoeira-Sao-Jose-768x512.jpg 768w, https:\/\/www.itirapina.sp.gov.br\/portal\/wp-content\/uploads\/2024\/05\/Cachoeira-Sao-Jose-1536x1024.jpg 1536w\" sizes=\"(max-width: 1920px) 100vw, 1920px\" \/>\t\t\t\t\t\t\t\t\t\t\t\t\t\t\t<\/div>\n\t\t\t\t<\/div>\n\t\t\t\t\t<\/div>\n\t\t<\/div>\n\t\t\t\t<div class=\"elementor-column elementor-col-50 elementor-inner-column elementor-element elementor-element-5f01b3d\" data-id=\"5f01b3d\" data-element_type=\"column\" data-e-type=\"column\">\n\t\t\t<div class=\"elementor-widget-wrap elementor-element-populated\">\n\t\t\t\t\t\t<div class=\"elementor-element elementor-element-6fde852 elementor-widget elementor-widget-heading\" data-id=\"6fde852\" data-element_type=\"widget\" data-e-type=\"widget\" data-widget_type=\"heading.default\">\n\t\t\t\t<div class=\"elementor-widget-container\">\n\t\t\t\t\t<h3 class=\"elementor-heading-title elementor-size-default\">Cachoeira S\u00e3o Jos\u00e9<\/h3>\t\t\t\t<\/div>\n\t\t\t\t<\/div>\n\t\t\t\t<div class=\"elementor-element elementor-element-054e834 elementor-widget elementor-widget-text-editor\" data-id=\"054e834\" data-element_type=\"widget\" data-e-type=\"widget\" data-widget_type=\"text-editor.default\">\n\t\t\t\t<div class=\"elementor-widget-container\">\n\t\t\t\t\t\t\t\t\t<p>Bel\u00edssima cachoeira com 10 metros de altura inserida em um lugar de natureza preservada, ideal para banho. No local existe uma pequena e simples infraestrutura de bar, banheiros e escada de acesso. Fica a 30 km da cidade.<\/p>\t\t\t\t\t\t\t\t<\/div>\n\t\t\t\t<\/div>\n\t\t\t\t<div class=\"elementor-element elementor-element-f8f87da elementor-align-center elementor-icon-list--layout-traditional elementor-list-item-link-full_width elementor-widget elementor-widget-icon-list\" data-id=\"f8f87da\" data-element_type=\"widget\" data-e-type=\"widget\" data-widget_type=\"icon-list.default\">\n\t\t\t\t<div class=\"elementor-widget-container\">\n\t\t\t\t\t\t\t<ul class=\"elementor-icon-list-items\">\n\t\t\t\t\t\t\t<li class=\"elementor-icon-list-item\">\n\t\t\t\t\t\t\t\t\t\t\t<span class=\"elementor-icon-list-icon\">\n\t\t\t\t\t\t\t<i aria-hidden=\"true\" class=\"fas fa-phone-square-alt\"><\/i>\t\t\t\t\t\t<\/span>\n\t\t\t\t\t\t\t\t\t\t<span class=\"elementor-icon-list-text\">(19) 99751-8776<\/span>\n\t\t\t\t\t\t\t\t\t<\/li>\n\t\t\t\t\t\t\t\t<li class=\"elementor-icon-list-item\">\n\t\t\t\t\t\t\t\t\t\t\t<a href=\"https:\/\/www.facebook.com\/Barcahoeirasaojose\/\">\n\n\t\t\t\t\t\t\t\t\t\t\t\t<span class=\"elementor-icon-list-icon\">\n\t\t\t\t\t\t\t<i aria-hidden=\"true\" class=\"fab fa-facebook-square\"><\/i>\t\t\t\t\t\t<\/span>\n\t\t\t\t\t\t\t\t\t\t<span class=\"elementor-icon-list-text\">Facebook<\/span>\n\t\t\t\t\t\t\t\t\t\t\t<\/a>\n\t\t\t\t\t\t\t\t\t<\/li>\n\t\t\t\t\t\t\t\t<li class=\"elementor-icon-list-item\">\n\t\t\t\t\t\t\t\t\t\t\t<a href=\"https:\/\/maps.app.goo.gl\/sVhjRia3gRVW4iFW7\">\n\n\t\t\t\t\t\t\t\t\t\t\t\t<span class=\"elementor-icon-list-icon\">\n\t\t\t\t\t\t\t<i aria-hidden=\"true\" class=\"fas fa-map-marker-alt\"><\/i>\t\t\t\t\t\t<\/span>\n\t\t\t\t\t\t\t\t\t\t<span class=\"elementor-icon-list-text\">Localiza\u00e7\u00e3o<\/span>\n\t\t\t\t\t\t\t\t\t\t\t<\/a>\n\t\t\t\t\t\t\t\t\t<\/li>\n\t\t\t\t\t\t<\/ul>\n\t\t\t\t\t\t<\/div>\n\t\t\t\t<\/div>\n\t\t\t\t\t<\/div>\n\t\t<\/div>\n\t\t\t\t\t<\/div>\n\t\t<\/section>\n\t\t\t\t<section class=\"elementor-section elementor-inner-section elementor-element elementor-element-39c6aff elementor-section-boxed elementor-section-height-default elementor-section-height-default wpr-particle-no wpr-jarallax-no wpr-parallax-no wpr-sticky-section-no wpr-equal-height-no\" data-id=\"39c6aff\" data-element_type=\"section\" data-e-type=\"section\" data-settings=\"{&quot;background_background&quot;:&quot;classic&quot;}\">\n\t\t\t\t\t\t<div class=\"elementor-container elementor-column-gap-default\">\n\t\t\t\t\t<div class=\"elementor-column elementor-col-50 elementor-inner-column elementor-element elementor-element-143801f\" data-id=\"143801f\" data-element_type=\"column\" data-e-type=\"column\">\n\t\t\t<div class=\"elementor-widget-wrap elementor-element-populated\">\n\t\t\t\t\t\t<div class=\"elementor-element elementor-element-c11d9f8 elementor-widget elementor-widget-image\" data-id=\"c11d9f8\" data-element_type=\"widget\" data-e-type=\"widget\" data-widget_type=\"image.default\">\n\t\t\t\t<div class=\"elementor-widget-container\">\n\t\t\t\t\t\t\t\t\t\t\t\t\t\t\t<img loading=\"lazy\" decoding=\"async\" width=\"1920\" height=\"1078\" src=\"https:\/\/www.itirapina.sp.gov.br\/portal\/wp-content\/uploads\/2024\/05\/Vila-de-Itaqueri-da-Serra.jpg\" class=\"attachment-full size-full wp-image-3280\" alt=\"Vila de Itaqueri da Serra\" srcset=\"https:\/\/www.itirapina.sp.gov.br\/portal\/wp-content\/uploads\/2024\/05\/Vila-de-Itaqueri-da-Serra.jpg 1920w, https:\/\/www.itirapina.sp.gov.br\/portal\/wp-content\/uploads\/2024\/05\/Vila-de-Itaqueri-da-Serra-300x168.jpg 300w, https:\/\/www.itirapina.sp.gov.br\/portal\/wp-content\/uploads\/2024\/05\/Vila-de-Itaqueri-da-Serra-1024x575.jpg 1024w, https:\/\/www.itirapina.sp.gov.br\/portal\/wp-content\/uploads\/2024\/05\/Vila-de-Itaqueri-da-Serra-768x431.jpg 768w, https:\/\/www.itirapina.sp.gov.br\/portal\/wp-content\/uploads\/2024\/05\/Vila-de-Itaqueri-da-Serra-1536x862.jpg 1536w\" sizes=\"(max-width: 1920px) 100vw, 1920px\" \/>\t\t\t\t\t\t\t\t\t\t\t\t\t\t\t<\/div>\n\t\t\t\t<\/div>\n\t\t\t\t\t<\/div>\n\t\t<\/div>\n\t\t\t\t<div class=\"elementor-column elementor-col-50 elementor-inner-column elementor-element elementor-element-b0f2f16\" data-id=\"b0f2f16\" data-element_type=\"column\" data-e-type=\"column\">\n\t\t\t<div class=\"elementor-widget-wrap elementor-element-populated\">\n\t\t\t\t\t\t<div class=\"elementor-element elementor-element-c83571f elementor-widget elementor-widget-heading\" data-id=\"c83571f\" data-element_type=\"widget\" data-e-type=\"widget\" data-widget_type=\"heading.default\">\n\t\t\t\t<div class=\"elementor-widget-container\">\n\t\t\t\t\t<h3 class=\"elementor-heading-title elementor-size-default\">Itaquer\u00ed da Serra<\/h3>\t\t\t\t<\/div>\n\t\t\t\t<\/div>\n\t\t\t\t<div class=\"elementor-element elementor-element-cf171ff elementor-widget elementor-widget-text-editor\" data-id=\"cf171ff\" data-element_type=\"widget\" data-e-type=\"widget\" data-widget_type=\"text-editor.default\">\n\t\t\t\t<div class=\"elementor-widget-container\">\n\t\t\t\t\t\t\t\t\t<p>Vila hist\u00f3rica ao redor da bel\u00edssima Capela de Nossa Senhora da Concei\u00e7\u00e3o, que ainda preserva os Azulejos Portugueses, a Pia Batismal e a imagem da Santa Padroeira, trazidas pelos portugueses que fundaram a vila em 1839.\u00a0 Itaquer\u00ed \u00e9 o local de nascimento de Ulisses Guimar\u00e3es e sua casa, assim como boa parte do casario da \u00e9poca e outros elementos hist\u00f3ricos, se mant\u00eam preservados. No local existem casas para temporada, pousadas, restaurante e uma loja de doces e artesanatos.<\/p>\t\t\t\t\t\t\t\t<\/div>\n\t\t\t\t<\/div>\n\t\t\t\t<div class=\"elementor-element elementor-element-07065ab elementor-align-center elementor-icon-list--layout-traditional elementor-list-item-link-full_width elementor-widget elementor-widget-icon-list\" data-id=\"07065ab\" data-element_type=\"widget\" data-e-type=\"widget\" data-widget_type=\"icon-list.default\">\n\t\t\t\t<div class=\"elementor-widget-container\">\n\t\t\t\t\t\t\t<ul class=\"elementor-icon-list-items\">\n\t\t\t\t\t\t\t<li class=\"elementor-icon-list-item\">\n\t\t\t\t\t\t\t\t\t\t\t<span class=\"elementor-icon-list-icon\">\n\t\t\t\t\t\t\t<i aria-hidden=\"true\" class=\"fas fa-phone-square-alt\"><\/i>\t\t\t\t\t\t<\/span>\n\t\t\t\t\t\t\t\t\t\t<span class=\"elementor-icon-list-text\">Informa\u00e7\u00f5es: (19) 3575-1852 (segunda \u00e0 sexta, hor\u00e1rio comercial)<\/span>\n\t\t\t\t\t\t\t\t\t<\/li>\n\t\t\t\t\t\t\t\t<li class=\"elementor-icon-list-item\">\n\t\t\t\t\t\t\t\t\t\t\t<a href=\"https:\/\/maps.app.goo.gl\/TTpTMCvTVY2bjh7JA\">\n\n\t\t\t\t\t\t\t\t\t\t\t\t<span class=\"elementor-icon-list-icon\">\n\t\t\t\t\t\t\t<i aria-hidden=\"true\" class=\"fas fa-map-marker-alt\"><\/i>\t\t\t\t\t\t<\/span>\n\t\t\t\t\t\t\t\t\t\t<span class=\"elementor-icon-list-text\">Localiza\u00e7\u00e3o<\/span>\n\t\t\t\t\t\t\t\t\t\t\t<\/a>\n\t\t\t\t\t\t\t\t\t<\/li>\n\t\t\t\t\t\t<\/ul>\n\t\t\t\t\t\t<\/div>\n\t\t\t\t<\/div>\n\t\t\t\t\t<\/div>\n\t\t<\/div>\n\t\t\t\t\t<\/div>\n\t\t<\/section>\n\t\t\t\t\t<\/div>\n\t\t<\/div>\n\t\t\t\t\t<\/div>\n\t\t<\/section>\n\t\t\t\t<section class=\"elementor-section elementor-top-section elementor-element elementor-element-82f878a elementor-section-boxed elementor-section-height-default elementor-section-height-default wpr-particle-no wpr-jarallax-no wpr-parallax-no wpr-sticky-section-no wpr-equal-height-no\" data-id=\"82f878a\" data-element_type=\"section\" data-e-type=\"section\" data-settings=\"{&quot;background_background&quot;:&quot;classic&quot;}\">\n\t\t\t\t\t\t<div class=\"elementor-container elementor-column-gap-default\">\n\t\t\t\t\t<div class=\"elementor-column elementor-col-50 elementor-top-column elementor-element elementor-element-e80b84f\" data-id=\"e80b84f\" data-element_type=\"column\" data-e-type=\"column\">\n\t\t\t<div class=\"elementor-widget-wrap elementor-element-populated\">\n\t\t\t\t\t\t<div class=\"elementor-element elementor-element-4140f42 elementor-widget elementor-widget-text-editor\" data-id=\"4140f42\" data-element_type=\"widget\" data-e-type=\"widget\" data-widget_type=\"text-editor.default\">\n\t\t\t\t<div class=\"elementor-widget-container\">\n\t\t\t\t\t\t\t\t\t<ul><li><a class=\"rodapetur\" role=\"link\" href=\"https:\/\/www.itirapina.sp.gov.br\/portal\/politica-de-privacidade\/\">Pol\u00edtica de Privacidade<\/a><\/li><li><a class=\"rodapetur\" role=\"link\" href=\"https:\/\/www.itirapina.sp.gov.br\/portal\/documentos\/lei-geral-de-protecao-de-dados-lgpd\/\">Lei Geral de Prote\u00e7\u00e3o de Dados<\/a><\/li><li><a class=\"rodapetur\" role=\"link\" href=\"https:\/\/www.itirapina.sp.gov.br\/portal\/mapa-do-site\/\">Mapa do Site<\/a><\/li><\/ul>\t\t\t\t\t\t\t\t<\/div>\n\t\t\t\t<\/div>\n\t\t\t\t\t<\/div>\n\t\t<\/div>\n\t\t\t\t<div class=\"elementor-column elementor-col-50 elementor-top-column elementor-element elementor-element-da6ebda\" data-id=\"da6ebda\" data-element_type=\"column\" data-e-type=\"column\">\n\t\t\t<div class=\"elementor-widget-wrap elementor-element-populated\">\n\t\t\t\t\t\t<div class=\"elementor-element elementor-element-f28a203 elementor-widget elementor-widget-text-editor\" data-id=\"f28a203\" data-element_type=\"widget\" data-e-type=\"widget\" data-widget_type=\"text-editor.default\">\n\t\t\t\t<div class=\"elementor-widget-container\">\n\t\t\t\t\t\t\t\t\t<p>\u00a9 2024 Prefeitura Municipal de Itirapina<br \/>Raz\u00e3o Social: Munic\u00edpio de Itirapina<br \/>CNPJ: 46.313.714\/0001-50<br \/>(19) 3575-9000<\/p>\t\t\t\t\t\t\t\t<\/div>\n\t\t\t\t<\/div>\n\t\t\t\t\t<\/div>\n\t\t<\/div>\n\t\t\t\t\t<\/div>\n\t\t<\/section>\n\t\t\t\t<section class=\"elementor-section elementor-top-section elementor-element elementor-element-16c8f93 elementor-section-boxed elementor-section-height-default elementor-section-height-default wpr-particle-no wpr-jarallax-no wpr-parallax-no wpr-sticky-section-no wpr-equal-height-no\" data-id=\"16c8f93\" data-element_type=\"section\" data-e-type=\"section\" data-settings=\"{&quot;background_background&quot;:&quot;classic&quot;}\">\n\t\t\t\t\t\t<div class=\"elementor-container elementor-column-gap-default\">\n\t\t\t\t\t<div class=\"elementor-column elementor-col-100 elementor-top-column elementor-element elementor-element-23ebd32\" data-id=\"23ebd32\" data-element_type=\"column\" data-e-type=\"column\">\n\t\t\t<div class=\"elementor-widget-wrap elementor-element-populated\">\n\t\t\t\t\t\t<div class=\"elementor-element elementor-element-ac55c05 elementor-widget elementor-widget-text-editor\" data-id=\"ac55c05\" data-element_type=\"widget\" data-e-type=\"widget\" data-widget_type=\"text-editor.default\">\n\t\t\t\t<div class=\"elementor-widget-container\">\n\t\t\t\t\t\t\t\t\t<p>Desenvolvido pelo Setor de Inform\u00e1tica da Prefeitura de Itirapina.<\/p>\t\t\t\t\t\t\t\t<\/div>\n\t\t\t\t<\/div>\n\t\t\t\t\t<\/div>\n\t\t<\/div>\n\t\t\t\t\t<\/div>\n\t\t<\/section>\n\t\t\t\t<\/div>\n\t\t","protected":false},"excerpt":{"rendered":"<p>Voltar ao site principal Alimenta\u00e7\u00e3o e Servi\u00e7os Hospedagens Atra\u00e7\u00f5es Tur\u00edsticas Secretaria de Turismo e Meio Ambiente Alimenta\u00e7\u00e3o e Servi\u00e7os Hospedagens Atra\u00e7\u00f5es Tur\u00edsticas Secretaria de Turismo e Meio Ambiente ATRA\u00c7\u00d5ES TUR\u00cdSTICAS Conhe\u00e7a os principais pontos tur\u00edsticos da cidade de Itirapina e saiba como chegar. \u00c1rea de uso p\u00fablico da Esta\u00e7\u00e3o Ecol\u00f3gica e Experimental de Itirapina \u201cFazendinha\u201d \u00a0Administrada pela Funda\u00e7\u00e3o Florestal a \u201cFazendinha\u201d, como \u00e9 carinhosamente chamada pelos itirapinenses possui represa para contempla\u00e7\u00e3o, parquinho, pista de sa\u00fade, bosques, diversos bancos e muita \u00e1rea verde. Local propicio \u00e0 pratica de \u201cbirdwatching\u201d. Aberto todos os dias das 7 \u00e0s 18 horas. Acesso gratuito. (19) 3575-1345 Rua Oito, Vila Santa Cruz Salt\u00e3o Parque de Ecoturismo Parque de ecoturismo com tr\u00eas cachoeiras onde se destaca a Cachoeira Salt\u00e3o, com 70 metros de altura sendo a cachoeira mais bonita da Serra de Itaquer\u00ed. A Cachoeira Monjolinho que tamb\u00e9m fica no Parque \u00e9 ideal para banho e a Cachoeira da Ferradura para quem quer fazer uma trilha de curta dura\u00e7\u00e3o, tamb\u00e9m nas depend\u00eancias do Parque. O local conta com infraestrutura completa: portaria, restaurante, bar, lanchonete, estacionamento, mirante, trilhas de acesso \u00e0s cachoeiras com escadaria, \u00e1rea de camping, apartamentos, piscinas, quiosques para churrascos e sanit\u00e1rios. (19) 3294-4774 www.saltao.com.br Estrada Municipal Ulisses Guimar\u00e3es, a 23 km da cidade Balne\u00e1rio Santo Ant\u00f4nio \u201cBroa\u201d Balne\u00e1rio municipal as margens da Represa do Broa com tr\u00eas quil\u00f4metros de praia e cal\u00e7ad\u00e3o, ideal para banho, pesca e esportes n\u00e1uticos. O local conta com marinas e diversos bares e restaurantes. Acesso controlado por portaria. (19) 3575-1060 Rodovia Municipal Dr. Fernando de Arruda Botelho, a 6 km da cidade Morro do Fog\u00e3o Mirante natural em um dos pontos mais altos da Serra de Itaquer\u00ed com 1.100 metros de altitude e um desn\u00edvel de 450 metros, bel\u00edssimo visual. O local fica a 26 km da cidade e possui infraestrutura de bar e sanit\u00e1rios, al\u00e9m de um p\u00f3rtico para fotos com um lindo visual de fundo. Localiza\u00e7\u00e3o Lago de Ub\u00e1 Pequeno lago com uma ducha natural e cachoeirinha, fica no bairro Est\u00e2ncia Ub\u00e1 com ch\u00e1caras de veraneio, bares e restaurantes a 6 km da cidade. Localiza\u00e7\u00e3o Cachoeira S\u00e3o Jos\u00e9 Bel\u00edssima cachoeira com 10 metros de altura inserida em um lugar de natureza preservada, ideal para banho. No local existe uma pequena e simples infraestrutura de bar, banheiros e escada de acesso. Fica a 30 km da cidade. (19) 99751-8776 Facebook Localiza\u00e7\u00e3o Itaquer\u00ed da Serra Vila hist\u00f3rica ao redor da bel\u00edssima Capela de Nossa Senhora da Concei\u00e7\u00e3o, que ainda preserva os Azulejos Portugueses, a Pia Batismal e a imagem da Santa Padroeira, trazidas pelos portugueses que fundaram a vila em 1839.\u00a0 Itaquer\u00ed \u00e9 o local de nascimento de Ulisses Guimar\u00e3es e sua casa, assim como boa parte do casario da \u00e9poca e outros elementos hist\u00f3ricos, se mant\u00eam preservados. No local existem casas para temporada, pousadas, restaurante e uma loja de doces e artesanatos. Informa\u00e7\u00f5es: (19) 3575-1852 (segunda \u00e0 sexta, hor\u00e1rio comercial) Localiza\u00e7\u00e3o ATRA\u00c7\u00d5ES TUR\u00cdSTICAS Conhe\u00e7a os principais pontos tur\u00edsticos da cidade de Itirapina e saiba como chegar. \u00c1rea de uso p\u00fablico da Esta\u00e7\u00e3o Ecol\u00f3gica e Experimental de Itirapina \u201cFazendinha\u201d \u00a0Administrada pela Funda\u00e7\u00e3o Florestal a \u201cFazendinha\u201d, como \u00e9 carinhosamente chamada pelos itirapinenses possui represa para contempla\u00e7\u00e3o, parquinho, pista de sa\u00fade, bosques, diversos bancos e muita \u00e1rea verde. Local propicio \u00e0 pratica de \u201cbirdwatching\u201d. Aberto todos os dias das 7 \u00e0s 18 horas. Acesso gratuito. (19) 3575-1345 Rua Oito, Vila Santa Cruz Salt\u00e3o Parque de Ecoturismo Parque de ecoturismo com tr\u00eas cachoeiras onde se destaca a Cachoeira Salt\u00e3o, com 70 metros de altura sendo a cachoeira mais bonita da Serra de Itaquer\u00ed. A Cachoeira Monjolinho que tamb\u00e9m fica no Parque \u00e9 ideal para banho e a Cachoeira da Ferradura para quem quer fazer uma trilha de curta dura\u00e7\u00e3o, tamb\u00e9m nas depend\u00eancias do Parque. O local conta com infraestrutura completa: portaria, restaurante, bar, lanchonete, estacionamento, mirante, trilhas de acesso \u00e0s cachoeiras com escadaria, \u00e1rea de camping, apartamentos, piscinas, quiosques para churrascos e sanit\u00e1rios. (19) 3294-4774 www.saltao.com.br Estrada Municipal Ulisses Guimar\u00e3es, a 23 km da cidade Balne\u00e1rio Santo Ant\u00f4nio \u201cBroa\u201d Balne\u00e1rio municipal as margens da Represa do Broa com tr\u00eas quil\u00f4metros de praia e cal\u00e7ad\u00e3o, ideal para banho, pesca e esportes n\u00e1uticos. O local conta com marinas e diversos bares e restaurantes. Acesso controlado por portaria. (19) 3575-1060 Rodovia Municipal Dr. Fernando de Arruda Botelho, a 6 km da cidade Morro do Fog\u00e3o Mirante natural em um dos pontos mais altos da Serra de Itaquer\u00ed com 1.100 metros de altitude e um desn\u00edvel de 450 metros, bel\u00edssimo visual. O local fica a 26 km da cidade e possui infraestrutura de bar e sanit\u00e1rios, al\u00e9m de um p\u00f3rtico para fotos com um lindo visual de fundo. Localiza\u00e7\u00e3o Lago de Ub\u00e1 Pequeno lago com uma ducha natural e cachoeirinha, fica no bairro Est\u00e2ncia Ub\u00e1 com ch\u00e1caras de veraneio, bares e restaurantes a 6 km da cidade. Localiza\u00e7\u00e3o Cachoeira S\u00e3o Jos\u00e9 Bel\u00edssima cachoeira com 10 metros de altura inserida em um lugar de natureza preservada, ideal para banho. No local existe uma pequena e simples infraestrutura de bar, banheiros e escada de acesso. Fica a 30 km da cidade. (19) 99751-8776 Facebook Localiza\u00e7\u00e3o Itaquer\u00ed da Serra Vila hist\u00f3rica ao redor da bel\u00edssima Capela de Nossa Senhora da Concei\u00e7\u00e3o, que ainda preserva os Azulejos Portugueses, a Pia Batismal e a imagem da Santa Padroeira, trazidas pelos portugueses que fundaram a vila em 1839.\u00a0 Itaquer\u00ed \u00e9 o local de nascimento de Ulisses Guimar\u00e3es e sua casa, assim como boa parte do casario da \u00e9poca e outros elementos hist\u00f3ricos, se mant\u00eam preservados. No local existem casas para temporada, pousadas, restaurante e uma loja de doces e artesanatos. Informa\u00e7\u00f5es: (19) 3575-1852 (segunda \u00e0 sexta, hor\u00e1rio comercial) Localiza\u00e7\u00e3o Pol\u00edtica de Privacidade Lei Geral de Prote\u00e7\u00e3o de Dados Mapa do Site \u00a9 2024 Prefeitura Municipal de ItirapinaRaz\u00e3o Social: Munic\u00edpio de ItirapinaCNPJ: 46.313.714\/0001-50(19) 3575-9000 Desenvolvido pelo Setor de Inform\u00e1tica da Prefeitura de Itirapina.<\/p>\n","protected":false},"author":1,"featured_media":3053,"parent":0,"menu_order":0,"comment_status":"closed","ping_status":"closed","template":"elementor_canvas","meta":{"_crdt_document":"","footnotes":""},"class_list":["post-3068","page","type-page","status-publish","has-post-thumbnail","hentry"],"yoast_head":"<!-- This site is optimized with the Yoast SEO plugin v27.4 - https:\/\/yoast.com\/product\/yoast-seo-wordpress\/ -->\n<title>Atra\u00e7\u00f5es Tur\u00edsticas - Prefeitura Municipal de Itirapina<\/title>\n<meta name=\"robots\" content=\"index, follow, max-snippet:-1, max-image-preview:large, max-video-preview:-1\" \/>\n<link rel=\"canonical\" href=\"https:\/\/www.itirapina.sp.gov.br\/portal\/atracoes-turisticas\/\" \/>\n<meta property=\"og:locale\" content=\"pt_BR\" \/>\n<meta property=\"og:type\" content=\"article\" \/>\n<meta property=\"og:title\" content=\"Atra\u00e7\u00f5es Tur\u00edsticas - Prefeitura Municipal de Itirapina\" \/>\n<meta property=\"og:description\" content=\"Voltar ao site principal Alimenta\u00e7\u00e3o e Servi\u00e7os Hospedagens Atra\u00e7\u00f5es Tur\u00edsticas Secretaria de Turismo e Meio Ambiente Alimenta\u00e7\u00e3o e Servi\u00e7os Hospedagens Atra\u00e7\u00f5es Tur\u00edsticas Secretaria de Turismo e Meio Ambiente ATRA\u00c7\u00d5ES TUR\u00cdSTICAS Conhe\u00e7a os principais pontos tur\u00edsticos da cidade de Itirapina e saiba como chegar. \u00c1rea de uso p\u00fablico da Esta\u00e7\u00e3o Ecol\u00f3gica e Experimental de Itirapina \u201cFazendinha\u201d \u00a0Administrada pela Funda\u00e7\u00e3o Florestal a \u201cFazendinha\u201d, como \u00e9 carinhosamente chamada pelos itirapinenses possui represa para contempla\u00e7\u00e3o, parquinho, pista de sa\u00fade, bosques, diversos bancos e muita \u00e1rea verde. Local propicio \u00e0 pratica de \u201cbirdwatching\u201d. Aberto todos os dias das 7 \u00e0s 18 horas. Acesso gratuito. (19) 3575-1345 Rua Oito, Vila Santa Cruz Salt\u00e3o Parque de Ecoturismo Parque de ecoturismo com tr\u00eas cachoeiras onde se destaca a Cachoeira Salt\u00e3o, com 70 metros de altura sendo a cachoeira mais bonita da Serra de Itaquer\u00ed. A Cachoeira Monjolinho que tamb\u00e9m fica no Parque \u00e9 ideal para banho e a Cachoeira da Ferradura para quem quer fazer uma trilha de curta dura\u00e7\u00e3o, tamb\u00e9m nas depend\u00eancias do Parque. O local conta com infraestrutura completa: portaria, restaurante, bar, lanchonete, estacionamento, mirante, trilhas de acesso \u00e0s cachoeiras com escadaria, \u00e1rea de camping, apartamentos, piscinas, quiosques para churrascos e sanit\u00e1rios. (19) 3294-4774 www.saltao.com.br Estrada Municipal Ulisses Guimar\u00e3es, a 23 km da cidade Balne\u00e1rio Santo Ant\u00f4nio \u201cBroa\u201d Balne\u00e1rio municipal as margens da Represa do Broa com tr\u00eas quil\u00f4metros de praia e cal\u00e7ad\u00e3o, ideal para banho, pesca e esportes n\u00e1uticos. O local conta com marinas e diversos bares e restaurantes. Acesso controlado por portaria. (19) 3575-1060 Rodovia Municipal Dr. Fernando de Arruda Botelho, a 6 km da cidade Morro do Fog\u00e3o Mirante natural em um dos pontos mais altos da Serra de Itaquer\u00ed com 1.100 metros de altitude e um desn\u00edvel de 450 metros, bel\u00edssimo visual. O local fica a 26 km da cidade e possui infraestrutura de bar e sanit\u00e1rios, al\u00e9m de um p\u00f3rtico para fotos com um lindo visual de fundo. Localiza\u00e7\u00e3o Lago de Ub\u00e1 Pequeno lago com uma ducha natural e cachoeirinha, fica no bairro Est\u00e2ncia Ub\u00e1 com ch\u00e1caras de veraneio, bares e restaurantes a 6 km da cidade. Localiza\u00e7\u00e3o Cachoeira S\u00e3o Jos\u00e9 Bel\u00edssima cachoeira com 10 metros de altura inserida em um lugar de natureza preservada, ideal para banho. No local existe uma pequena e simples infraestrutura de bar, banheiros e escada de acesso. Fica a 30 km da cidade. (19) 99751-8776 Facebook Localiza\u00e7\u00e3o Itaquer\u00ed da Serra Vila hist\u00f3rica ao redor da bel\u00edssima Capela de Nossa Senhora da Concei\u00e7\u00e3o, que ainda preserva os Azulejos Portugueses, a Pia Batismal e a imagem da Santa Padroeira, trazidas pelos portugueses que fundaram a vila em 1839.\u00a0 Itaquer\u00ed \u00e9 o local de nascimento de Ulisses Guimar\u00e3es e sua casa, assim como boa parte do casario da \u00e9poca e outros elementos hist\u00f3ricos, se mant\u00eam preservados. No local existem casas para temporada, pousadas, restaurante e uma loja de doces e artesanatos. Informa\u00e7\u00f5es: (19) 3575-1852 (segunda \u00e0 sexta, hor\u00e1rio comercial) Localiza\u00e7\u00e3o ATRA\u00c7\u00d5ES TUR\u00cdSTICAS Conhe\u00e7a os principais pontos tur\u00edsticos da cidade de Itirapina e saiba como chegar. \u00c1rea de uso p\u00fablico da Esta\u00e7\u00e3o Ecol\u00f3gica e Experimental de Itirapina \u201cFazendinha\u201d \u00a0Administrada pela Funda\u00e7\u00e3o Florestal a \u201cFazendinha\u201d, como \u00e9 carinhosamente chamada pelos itirapinenses possui represa para contempla\u00e7\u00e3o, parquinho, pista de sa\u00fade, bosques, diversos bancos e muita \u00e1rea verde. Local propicio \u00e0 pratica de \u201cbirdwatching\u201d. Aberto todos os dias das 7 \u00e0s 18 horas. Acesso gratuito. (19) 3575-1345 Rua Oito, Vila Santa Cruz Salt\u00e3o Parque de Ecoturismo Parque de ecoturismo com tr\u00eas cachoeiras onde se destaca a Cachoeira Salt\u00e3o, com 70 metros de altura sendo a cachoeira mais bonita da Serra de Itaquer\u00ed. A Cachoeira Monjolinho que tamb\u00e9m fica no Parque \u00e9 ideal para banho e a Cachoeira da Ferradura para quem quer fazer uma trilha de curta dura\u00e7\u00e3o, tamb\u00e9m nas depend\u00eancias do Parque. O local conta com infraestrutura completa: portaria, restaurante, bar, lanchonete, estacionamento, mirante, trilhas de acesso \u00e0s cachoeiras com escadaria, \u00e1rea de camping, apartamentos, piscinas, quiosques para churrascos e sanit\u00e1rios. (19) 3294-4774 www.saltao.com.br Estrada Municipal Ulisses Guimar\u00e3es, a 23 km da cidade Balne\u00e1rio Santo Ant\u00f4nio \u201cBroa\u201d Balne\u00e1rio municipal as margens da Represa do Broa com tr\u00eas quil\u00f4metros de praia e cal\u00e7ad\u00e3o, ideal para banho, pesca e esportes n\u00e1uticos. O local conta com marinas e diversos bares e restaurantes. Acesso controlado por portaria. (19) 3575-1060 Rodovia Municipal Dr. Fernando de Arruda Botelho, a 6 km da cidade Morro do Fog\u00e3o Mirante natural em um dos pontos mais altos da Serra de Itaquer\u00ed com 1.100 metros de altitude e um desn\u00edvel de 450 metros, bel\u00edssimo visual. O local fica a 26 km da cidade e possui infraestrutura de bar e sanit\u00e1rios, al\u00e9m de um p\u00f3rtico para fotos com um lindo visual de fundo. Localiza\u00e7\u00e3o Lago de Ub\u00e1 Pequeno lago com uma ducha natural e cachoeirinha, fica no bairro Est\u00e2ncia Ub\u00e1 com ch\u00e1caras de veraneio, bares e restaurantes a 6 km da cidade. Localiza\u00e7\u00e3o Cachoeira S\u00e3o Jos\u00e9 Bel\u00edssima cachoeira com 10 metros de altura inserida em um lugar de natureza preservada, ideal para banho. No local existe uma pequena e simples infraestrutura de bar, banheiros e escada de acesso. Fica a 30 km da cidade. (19) 99751-8776 Facebook Localiza\u00e7\u00e3o Itaquer\u00ed da Serra Vila hist\u00f3rica ao redor da bel\u00edssima Capela de Nossa Senhora da Concei\u00e7\u00e3o, que ainda preserva os Azulejos Portugueses, a Pia Batismal e a imagem da Santa Padroeira, trazidas pelos portugueses que fundaram a vila em 1839.\u00a0 Itaquer\u00ed \u00e9 o local de nascimento de Ulisses Guimar\u00e3es e sua casa, assim como boa parte do casario da \u00e9poca e outros elementos hist\u00f3ricos, se mant\u00eam preservados. No local existem casas para temporada, pousadas, restaurante e uma loja de doces e artesanatos. Informa\u00e7\u00f5es: (19) 3575-1852 (segunda \u00e0 sexta, hor\u00e1rio comercial) Localiza\u00e7\u00e3o Pol\u00edtica de Privacidade Lei Geral de Prote\u00e7\u00e3o de Dados Mapa do Site \u00a9 2024 Prefeitura Municipal de ItirapinaRaz\u00e3o Social: Munic\u00edpio de ItirapinaCNPJ: 46.313.714\/0001-50(19) 3575-9000 Desenvolvido pelo Setor de Inform\u00e1tica da Prefeitura de Itirapina.\" \/>\n<meta property=\"og:url\" content=\"https:\/\/www.itirapina.sp.gov.br\/portal\/atracoes-turisticas\/\" \/>\n<meta property=\"og:site_name\" content=\"Prefeitura Municipal de Itirapina\" \/>\n<meta property=\"article:publisher\" content=\"https:\/\/www.facebook.com\/prefeituramunicipaldeitirapina\" \/>\n<meta property=\"article:modified_time\" content=\"2024-05-22T13:54:28+00:00\" \/>\n<meta property=\"og:image\" content=\"https:\/\/www.itirapina.sp.gov.br\/portal\/wp-content\/uploads\/2024\/04\/logo-turismo.png\" \/>\n\t<meta property=\"og:image:width\" content=\"728\" \/>\n\t<meta property=\"og:image:height\" content=\"418\" \/>\n\t<meta property=\"og:image:type\" content=\"image\/png\" \/>\n<meta name=\"twitter:card\" content=\"summary_large_image\" \/>\n<meta name=\"twitter:label1\" content=\"Est. tempo de leitura\" \/>\n\t<meta name=\"twitter:data1\" content=\"5 minutos\" \/>\n<script type=\"application\/ld+json\" class=\"yoast-schema-graph\">{\"@context\":\"https:\\\/\\\/schema.org\",\"@graph\":[{\"@type\":\"WebPage\",\"@id\":\"https:\\\/\\\/www.itirapina.sp.gov.br\\\/portal\\\/atracoes-turisticas\\\/\",\"url\":\"https:\\\/\\\/www.itirapina.sp.gov.br\\\/portal\\\/atracoes-turisticas\\\/\",\"name\":\"Atra\u00e7\u00f5es Tur\u00edsticas - Prefeitura Municipal de Itirapina\",\"isPartOf\":{\"@id\":\"https:\\\/\\\/www.itirapina.sp.gov.br\\\/portal\\\/#website\"},\"primaryImageOfPage\":{\"@id\":\"https:\\\/\\\/www.itirapina.sp.gov.br\\\/portal\\\/atracoes-turisticas\\\/#primaryimage\"},\"image\":{\"@id\":\"https:\\\/\\\/www.itirapina.sp.gov.br\\\/portal\\\/atracoes-turisticas\\\/#primaryimage\"},\"thumbnailUrl\":\"https:\\\/\\\/www.itirapina.sp.gov.br\\\/portal\\\/wp-content\\\/uploads\\\/2024\\\/04\\\/logo-turismo.png\",\"datePublished\":\"2024-05-02T12:38:44+00:00\",\"dateModified\":\"2024-05-22T13:54:28+00:00\",\"breadcrumb\":{\"@id\":\"https:\\\/\\\/www.itirapina.sp.gov.br\\\/portal\\\/atracoes-turisticas\\\/#breadcrumb\"},\"inLanguage\":\"pt-BR\",\"potentialAction\":[{\"@type\":\"ReadAction\",\"target\":[\"https:\\\/\\\/www.itirapina.sp.gov.br\\\/portal\\\/atracoes-turisticas\\\/\"]}]},{\"@type\":\"ImageObject\",\"inLanguage\":\"pt-BR\",\"@id\":\"https:\\\/\\\/www.itirapina.sp.gov.br\\\/portal\\\/atracoes-turisticas\\\/#primaryimage\",\"url\":\"https:\\\/\\\/www.itirapina.sp.gov.br\\\/portal\\\/wp-content\\\/uploads\\\/2024\\\/04\\\/logo-turismo.png\",\"contentUrl\":\"https:\\\/\\\/www.itirapina.sp.gov.br\\\/portal\\\/wp-content\\\/uploads\\\/2024\\\/04\\\/logo-turismo.png\",\"width\":728,\"height\":418,\"caption\":\"Itirapina Turismo\"},{\"@type\":\"BreadcrumbList\",\"@id\":\"https:\\\/\\\/www.itirapina.sp.gov.br\\\/portal\\\/atracoes-turisticas\\\/#breadcrumb\",\"itemListElement\":[{\"@type\":\"ListItem\",\"position\":1,\"name\":\"In\u00edcio\",\"item\":\"https:\\\/\\\/www.itirapina.sp.gov.br\\\/portal\\\/\"},{\"@type\":\"ListItem\",\"position\":2,\"name\":\"Atra\u00e7\u00f5es Tur\u00edsticas\"}]},{\"@type\":\"WebSite\",\"@id\":\"https:\\\/\\\/www.itirapina.sp.gov.br\\\/portal\\\/#website\",\"url\":\"https:\\\/\\\/www.itirapina.sp.gov.br\\\/portal\\\/\",\"name\":\"Prefeitura Municipal de Itirapina\",\"description\":\"Portal da Prefeitura de Itirapina\",\"publisher\":{\"@id\":\"https:\\\/\\\/www.itirapina.sp.gov.br\\\/portal\\\/#organization\"},\"alternateName\":\"Prefeitura de Itirapina\",\"potentialAction\":[{\"@type\":\"SearchAction\",\"target\":{\"@type\":\"EntryPoint\",\"urlTemplate\":\"https:\\\/\\\/www.itirapina.sp.gov.br\\\/portal\\\/?s={search_term_string}\"},\"query-input\":{\"@type\":\"PropertyValueSpecification\",\"valueRequired\":true,\"valueName\":\"search_term_string\"}}],\"inLanguage\":\"pt-BR\"},{\"@type\":\"Organization\",\"@id\":\"https:\\\/\\\/www.itirapina.sp.gov.br\\\/portal\\\/#organization\",\"name\":\"Prefeitura Municipal de Itirapina\",\"alternateName\":\"Prefeitura de Itirapina\",\"url\":\"https:\\\/\\\/www.itirapina.sp.gov.br\\\/portal\\\/\",\"logo\":{\"@type\":\"ImageObject\",\"inLanguage\":\"pt-BR\",\"@id\":\"https:\\\/\\\/www.itirapina.sp.gov.br\\\/portal\\\/#\\\/schema\\\/logo\\\/image\\\/\",\"url\":\"https:\\\/\\\/www.itirapina.sp.gov.br\\\/portal\\\/wp-content\\\/uploads\\\/2023\\\/06\\\/brasao_etiqueta.jpg\",\"contentUrl\":\"https:\\\/\\\/www.itirapina.sp.gov.br\\\/portal\\\/wp-content\\\/uploads\\\/2023\\\/06\\\/brasao_etiqueta.jpg\",\"width\":537,\"height\":587,\"caption\":\"Prefeitura Municipal de Itirapina\"},\"image\":{\"@id\":\"https:\\\/\\\/www.itirapina.sp.gov.br\\\/portal\\\/#\\\/schema\\\/logo\\\/image\\\/\"},\"sameAs\":[\"https:\\\/\\\/www.facebook.com\\\/prefeituramunicipaldeitirapina\",\"https:\\\/\\\/www.instagram.com\\\/itirapinaturismo\\\/\"]}]}<\/script>\n<!-- \/ Yoast SEO plugin. -->","yoast_head_json":{"title":"Atra\u00e7\u00f5es Tur\u00edsticas - Prefeitura Municipal de Itirapina","robots":{"index":"index","follow":"follow","max-snippet":"max-snippet:-1","max-image-preview":"max-image-preview:large","max-video-preview":"max-video-preview:-1"},"canonical":"https:\/\/www.itirapina.sp.gov.br\/portal\/atracoes-turisticas\/","og_locale":"pt_BR","og_type":"article","og_title":"Atra\u00e7\u00f5es Tur\u00edsticas - Prefeitura Municipal de Itirapina","og_description":"Voltar ao site principal Alimenta\u00e7\u00e3o e Servi\u00e7os Hospedagens Atra\u00e7\u00f5es Tur\u00edsticas Secretaria de Turismo e Meio Ambiente Alimenta\u00e7\u00e3o e Servi\u00e7os Hospedagens Atra\u00e7\u00f5es Tur\u00edsticas Secretaria de Turismo e Meio Ambiente ATRA\u00c7\u00d5ES TUR\u00cdSTICAS Conhe\u00e7a os principais pontos tur\u00edsticos da cidade de Itirapina e saiba como chegar. \u00c1rea de uso p\u00fablico da Esta\u00e7\u00e3o Ecol\u00f3gica e Experimental de Itirapina \u201cFazendinha\u201d \u00a0Administrada pela Funda\u00e7\u00e3o Florestal a \u201cFazendinha\u201d, como \u00e9 carinhosamente chamada pelos itirapinenses possui represa para contempla\u00e7\u00e3o, parquinho, pista de sa\u00fade, bosques, diversos bancos e muita \u00e1rea verde. Local propicio \u00e0 pratica de \u201cbirdwatching\u201d. Aberto todos os dias das 7 \u00e0s 18 horas. Acesso gratuito. (19) 3575-1345 Rua Oito, Vila Santa Cruz Salt\u00e3o Parque de Ecoturismo Parque de ecoturismo com tr\u00eas cachoeiras onde se destaca a Cachoeira Salt\u00e3o, com 70 metros de altura sendo a cachoeira mais bonita da Serra de Itaquer\u00ed. A Cachoeira Monjolinho que tamb\u00e9m fica no Parque \u00e9 ideal para banho e a Cachoeira da Ferradura para quem quer fazer uma trilha de curta dura\u00e7\u00e3o, tamb\u00e9m nas depend\u00eancias do Parque. O local conta com infraestrutura completa: portaria, restaurante, bar, lanchonete, estacionamento, mirante, trilhas de acesso \u00e0s cachoeiras com escadaria, \u00e1rea de camping, apartamentos, piscinas, quiosques para churrascos e sanit\u00e1rios. (19) 3294-4774 www.saltao.com.br Estrada Municipal Ulisses Guimar\u00e3es, a 23 km da cidade Balne\u00e1rio Santo Ant\u00f4nio \u201cBroa\u201d Balne\u00e1rio municipal as margens da Represa do Broa com tr\u00eas quil\u00f4metros de praia e cal\u00e7ad\u00e3o, ideal para banho, pesca e esportes n\u00e1uticos. O local conta com marinas e diversos bares e restaurantes. Acesso controlado por portaria. (19) 3575-1060 Rodovia Municipal Dr. Fernando de Arruda Botelho, a 6 km da cidade Morro do Fog\u00e3o Mirante natural em um dos pontos mais altos da Serra de Itaquer\u00ed com 1.100 metros de altitude e um desn\u00edvel de 450 metros, bel\u00edssimo visual. O local fica a 26 km da cidade e possui infraestrutura de bar e sanit\u00e1rios, al\u00e9m de um p\u00f3rtico para fotos com um lindo visual de fundo. Localiza\u00e7\u00e3o Lago de Ub\u00e1 Pequeno lago com uma ducha natural e cachoeirinha, fica no bairro Est\u00e2ncia Ub\u00e1 com ch\u00e1caras de veraneio, bares e restaurantes a 6 km da cidade. Localiza\u00e7\u00e3o Cachoeira S\u00e3o Jos\u00e9 Bel\u00edssima cachoeira com 10 metros de altura inserida em um lugar de natureza preservada, ideal para banho. No local existe uma pequena e simples infraestrutura de bar, banheiros e escada de acesso. Fica a 30 km da cidade. (19) 99751-8776 Facebook Localiza\u00e7\u00e3o Itaquer\u00ed da Serra Vila hist\u00f3rica ao redor da bel\u00edssima Capela de Nossa Senhora da Concei\u00e7\u00e3o, que ainda preserva os Azulejos Portugueses, a Pia Batismal e a imagem da Santa Padroeira, trazidas pelos portugueses que fundaram a vila em 1839.\u00a0 Itaquer\u00ed \u00e9 o local de nascimento de Ulisses Guimar\u00e3es e sua casa, assim como boa parte do casario da \u00e9poca e outros elementos hist\u00f3ricos, se mant\u00eam preservados. No local existem casas para temporada, pousadas, restaurante e uma loja de doces e artesanatos. Informa\u00e7\u00f5es: (19) 3575-1852 (segunda \u00e0 sexta, hor\u00e1rio comercial) Localiza\u00e7\u00e3o ATRA\u00c7\u00d5ES TUR\u00cdSTICAS Conhe\u00e7a os principais pontos tur\u00edsticos da cidade de Itirapina e saiba como chegar. \u00c1rea de uso p\u00fablico da Esta\u00e7\u00e3o Ecol\u00f3gica e Experimental de Itirapina \u201cFazendinha\u201d \u00a0Administrada pela Funda\u00e7\u00e3o Florestal a \u201cFazendinha\u201d, como \u00e9 carinhosamente chamada pelos itirapinenses possui represa para contempla\u00e7\u00e3o, parquinho, pista de sa\u00fade, bosques, diversos bancos e muita \u00e1rea verde. Local propicio \u00e0 pratica de \u201cbirdwatching\u201d. Aberto todos os dias das 7 \u00e0s 18 horas. Acesso gratuito. (19) 3575-1345 Rua Oito, Vila Santa Cruz Salt\u00e3o Parque de Ecoturismo Parque de ecoturismo com tr\u00eas cachoeiras onde se destaca a Cachoeira Salt\u00e3o, com 70 metros de altura sendo a cachoeira mais bonita da Serra de Itaquer\u00ed. A Cachoeira Monjolinho que tamb\u00e9m fica no Parque \u00e9 ideal para banho e a Cachoeira da Ferradura para quem quer fazer uma trilha de curta dura\u00e7\u00e3o, tamb\u00e9m nas depend\u00eancias do Parque. O local conta com infraestrutura completa: portaria, restaurante, bar, lanchonete, estacionamento, mirante, trilhas de acesso \u00e0s cachoeiras com escadaria, \u00e1rea de camping, apartamentos, piscinas, quiosques para churrascos e sanit\u00e1rios. (19) 3294-4774 www.saltao.com.br Estrada Municipal Ulisses Guimar\u00e3es, a 23 km da cidade Balne\u00e1rio Santo Ant\u00f4nio \u201cBroa\u201d Balne\u00e1rio municipal as margens da Represa do Broa com tr\u00eas quil\u00f4metros de praia e cal\u00e7ad\u00e3o, ideal para banho, pesca e esportes n\u00e1uticos. O local conta com marinas e diversos bares e restaurantes. Acesso controlado por portaria. (19) 3575-1060 Rodovia Municipal Dr. Fernando de Arruda Botelho, a 6 km da cidade Morro do Fog\u00e3o Mirante natural em um dos pontos mais altos da Serra de Itaquer\u00ed com 1.100 metros de altitude e um desn\u00edvel de 450 metros, bel\u00edssimo visual. O local fica a 26 km da cidade e possui infraestrutura de bar e sanit\u00e1rios, al\u00e9m de um p\u00f3rtico para fotos com um lindo visual de fundo. Localiza\u00e7\u00e3o Lago de Ub\u00e1 Pequeno lago com uma ducha natural e cachoeirinha, fica no bairro Est\u00e2ncia Ub\u00e1 com ch\u00e1caras de veraneio, bares e restaurantes a 6 km da cidade. Localiza\u00e7\u00e3o Cachoeira S\u00e3o Jos\u00e9 Bel\u00edssima cachoeira com 10 metros de altura inserida em um lugar de natureza preservada, ideal para banho. No local existe uma pequena e simples infraestrutura de bar, banheiros e escada de acesso. Fica a 30 km da cidade. (19) 99751-8776 Facebook Localiza\u00e7\u00e3o Itaquer\u00ed da Serra Vila hist\u00f3rica ao redor da bel\u00edssima Capela de Nossa Senhora da Concei\u00e7\u00e3o, que ainda preserva os Azulejos Portugueses, a Pia Batismal e a imagem da Santa Padroeira, trazidas pelos portugueses que fundaram a vila em 1839.\u00a0 Itaquer\u00ed \u00e9 o local de nascimento de Ulisses Guimar\u00e3es e sua casa, assim como boa parte do casario da \u00e9poca e outros elementos hist\u00f3ricos, se mant\u00eam preservados. No local existem casas para temporada, pousadas, restaurante e uma loja de doces e artesanatos. Informa\u00e7\u00f5es: (19) 3575-1852 (segunda \u00e0 sexta, hor\u00e1rio comercial) Localiza\u00e7\u00e3o Pol\u00edtica de Privacidade Lei Geral de Prote\u00e7\u00e3o de Dados Mapa do Site \u00a9 2024 Prefeitura Municipal de ItirapinaRaz\u00e3o Social: Munic\u00edpio de ItirapinaCNPJ: 46.313.714\/0001-50(19) 3575-9000 Desenvolvido pelo Setor de Inform\u00e1tica da Prefeitura de Itirapina.","og_url":"https:\/\/www.itirapina.sp.gov.br\/portal\/atracoes-turisticas\/","og_site_name":"Prefeitura Municipal de Itirapina","article_publisher":"https:\/\/www.facebook.com\/prefeituramunicipaldeitirapina","article_modified_time":"2024-05-22T13:54:28+00:00","og_image":[{"width":728,"height":418,"url":"https:\/\/www.itirapina.sp.gov.br\/portal\/wp-content\/uploads\/2024\/04\/logo-turismo.png","type":"image\/png"}],"twitter_card":"summary_large_image","twitter_misc":{"Est. tempo de leitura":"5 minutos"},"schema":{"@context":"https:\/\/schema.org","@graph":[{"@type":"WebPage","@id":"https:\/\/www.itirapina.sp.gov.br\/portal\/atracoes-turisticas\/","url":"https:\/\/www.itirapina.sp.gov.br\/portal\/atracoes-turisticas\/","name":"Atra\u00e7\u00f5es Tur\u00edsticas - Prefeitura Municipal de Itirapina","isPartOf":{"@id":"https:\/\/www.itirapina.sp.gov.br\/portal\/#website"},"primaryImageOfPage":{"@id":"https:\/\/www.itirapina.sp.gov.br\/portal\/atracoes-turisticas\/#primaryimage"},"image":{"@id":"https:\/\/www.itirapina.sp.gov.br\/portal\/atracoes-turisticas\/#primaryimage"},"thumbnailUrl":"https:\/\/www.itirapina.sp.gov.br\/portal\/wp-content\/uploads\/2024\/04\/logo-turismo.png","datePublished":"2024-05-02T12:38:44+00:00","dateModified":"2024-05-22T13:54:28+00:00","breadcrumb":{"@id":"https:\/\/www.itirapina.sp.gov.br\/portal\/atracoes-turisticas\/#breadcrumb"},"inLanguage":"pt-BR","potentialAction":[{"@type":"ReadAction","target":["https:\/\/www.itirapina.sp.gov.br\/portal\/atracoes-turisticas\/"]}]},{"@type":"ImageObject","inLanguage":"pt-BR","@id":"https:\/\/www.itirapina.sp.gov.br\/portal\/atracoes-turisticas\/#primaryimage","url":"https:\/\/www.itirapina.sp.gov.br\/portal\/wp-content\/uploads\/2024\/04\/logo-turismo.png","contentUrl":"https:\/\/www.itirapina.sp.gov.br\/portal\/wp-content\/uploads\/2024\/04\/logo-turismo.png","width":728,"height":418,"caption":"Itirapina Turismo"},{"@type":"BreadcrumbList","@id":"https:\/\/www.itirapina.sp.gov.br\/portal\/atracoes-turisticas\/#breadcrumb","itemListElement":[{"@type":"ListItem","position":1,"name":"In\u00edcio","item":"https:\/\/www.itirapina.sp.gov.br\/portal\/"},{"@type":"ListItem","position":2,"name":"Atra\u00e7\u00f5es Tur\u00edsticas"}]},{"@type":"WebSite","@id":"https:\/\/www.itirapina.sp.gov.br\/portal\/#website","url":"https:\/\/www.itirapina.sp.gov.br\/portal\/","name":"Prefeitura Municipal de Itirapina","description":"Portal da Prefeitura de Itirapina","publisher":{"@id":"https:\/\/www.itirapina.sp.gov.br\/portal\/#organization"},"alternateName":"Prefeitura de Itirapina","potentialAction":[{"@type":"SearchAction","target":{"@type":"EntryPoint","urlTemplate":"https:\/\/www.itirapina.sp.gov.br\/portal\/?s={search_term_string}"},"query-input":{"@type":"PropertyValueSpecification","valueRequired":true,"valueName":"search_term_string"}}],"inLanguage":"pt-BR"},{"@type":"Organization","@id":"https:\/\/www.itirapina.sp.gov.br\/portal\/#organization","name":"Prefeitura Municipal de Itirapina","alternateName":"Prefeitura de Itirapina","url":"https:\/\/www.itirapina.sp.gov.br\/portal\/","logo":{"@type":"ImageObject","inLanguage":"pt-BR","@id":"https:\/\/www.itirapina.sp.gov.br\/portal\/#\/schema\/logo\/image\/","url":"https:\/\/www.itirapina.sp.gov.br\/portal\/wp-content\/uploads\/2023\/06\/brasao_etiqueta.jpg","contentUrl":"https:\/\/www.itirapina.sp.gov.br\/portal\/wp-content\/uploads\/2023\/06\/brasao_etiqueta.jpg","width":537,"height":587,"caption":"Prefeitura Municipal de Itirapina"},"image":{"@id":"https:\/\/www.itirapina.sp.gov.br\/portal\/#\/schema\/logo\/image\/"},"sameAs":["https:\/\/www.facebook.com\/prefeituramunicipaldeitirapina","https:\/\/www.instagram.com\/itirapinaturismo\/"]}]}},"_links":{"self":[{"href":"https:\/\/www.itirapina.sp.gov.br\/portal\/wp-json\/wp\/v2\/pages\/3068","targetHints":{"allow":["GET"]}}],"collection":[{"href":"https:\/\/www.itirapina.sp.gov.br\/portal\/wp-json\/wp\/v2\/pages"}],"about":[{"href":"https:\/\/www.itirapina.sp.gov.br\/portal\/wp-json\/wp\/v2\/types\/page"}],"author":[{"embeddable":true,"href":"https:\/\/www.itirapina.sp.gov.br\/portal\/wp-json\/wp\/v2\/users\/1"}],"replies":[{"embeddable":true,"href":"https:\/\/www.itirapina.sp.gov.br\/portal\/wp-json\/wp\/v2\/comments?post=3068"}],"version-history":[{"count":82,"href":"https:\/\/www.itirapina.sp.gov.br\/portal\/wp-json\/wp\/v2\/pages\/3068\/revisions"}],"predecessor-version":[{"id":3619,"href":"https:\/\/www.itirapina.sp.gov.br\/portal\/wp-json\/wp\/v2\/pages\/3068\/revisions\/3619"}],"wp:featuredmedia":[{"embeddable":true,"href":"https:\/\/www.itirapina.sp.gov.br\/portal\/wp-json\/wp\/v2\/media\/3053"}],"wp:attachment":[{"href":"https:\/\/www.itirapina.sp.gov.br\/portal\/wp-json\/wp\/v2\/media?parent=3068"}],"curies":[{"name":"wp","href":"https:\/\/api.w.org\/{rel}","templated":true}]}}